{"id":758171,"date":"2025-08-28T07:56:55","date_gmt":"2025-08-28T04:56:55","guid":{"rendered":"https:\/\/roveyayinevi.com.tr\/index.php\/urun\/avrupa-birligi-surecince-turk-dil-politikasi\/"},"modified":"2026-04-16T03:11:18","modified_gmt":"2026-04-16T00:11:18","slug":"avrupa-birligi-surecince-turk-dil-politikasi","status":"publish","type":"product","link":"https:\/\/roveyayinevi.com.tr\/index.php\/urun\/avrupa-birligi-surecince-turk-dil-politikasi\/","title":{"rendered":"Avrupa Birli\u011fi S\u00fcrecince T\u00fcrk Dil Politikas\u0131"},"content":{"rendered":"<p>Tarih boyunca Avrupa k\u0131tas\u0131n\u0131n siyasi ve k\u00fclt\u00fcrel bir par\u00e7as\u0131 olan T\u00fcrkiye ile Avrupa Birli\u011fi ili\u015fkileri, tam \u00fcyelik m\u00fczakerelerinin 3 Ekim 2005 tarihinde resm\u00ee olarak ba\u015flat\u0131lmas\u0131yla yeni bir boyut kazanm\u0131\u015ft\u0131r. Bu a\u015famada T\u00fcrkiye, Avrupa Birli\u011fi\u2019ne \u00fcyelik yolunda siyasi, hukuki, k\u00fclt\u00fcrel ve ekonomik reformlar\u0131n ger\u00e7ekle\u015ftirildi\u011fi bir s\u00fcre\u00e7 i\u00e7erisine girmi\u015ftir. \u201cFarkl\u0131l\u0131k \u0130\u00e7inde Birlik\u201d ilkesini benimseyerek dilsel ve k\u00fclt\u00fcrel \u00e7e\u015fitlili\u011fe \u00e7ok \u00f6nem veren Avrupa Birli\u011fi, farkl\u0131 dilleri ve kimlikleri bir arada ya\u015fatarak ortak bir Avrupa kimli\u011fi yaratmay\u0131 hedeflemi\u015ftir. Avrupa Birli\u011fi\u2019nin bu hedefi ger\u00e7ekle\u015ftirme yolunda hayata ge\u00e7irdi\u011fi en \u00f6nemli politikalar dil ve k\u00fclt\u00fcr politikalar\u0131 olmu\u015ftur. Dil politikas\u0131 olarak \u00e7ok dillilik politikas\u0131n\u0131 belirleyen Avrupa Birli\u011fi\u2019nin bu alanda yapm\u0131\u015f oldu\u011fu \u00e7al\u0131\u015fmalar\u0131 incelemek, T\u00fcrkiye\u2019nin b\u00fct\u00fcnle\u015fme s\u00fcrecinde dil konusunda ger\u00e7ekle\u015ftirmi\u015f ve ger\u00e7ekle\u015ftirmek zorunda oldu\u011fu istekleri belirlemek ve Avrupa Birli\u011fi s\u00fcrecinde uygulanmas\u0131 gereken dil politikas\u0131 konusunda \u00f6neriler sunmak \u00e7al\u0131\u015fman\u0131n temel amac\u0131n\u0131 olu\u015fturmu\u015ftur. \u00c7al\u0131\u015fma sonucunda, konuyla ilgili yap\u0131lan \u00e7al\u0131\u015fmalara bir halka daha eklemek, konu hakk\u0131ndaki s\u0131n\u0131rl\u0131 kaynaklar\u0131 \u00e7o\u011faltmak, konu \u00fczerine dikkati \u00e7ekerek yeni \u00e7al\u0131\u015fmalar\u0131n yap\u0131lmas\u0131n\u0131 te\u015fvik etmek de hedeflenmi\u015ftir.\u00c7al\u0131\u015fman\u0131n giri\u015f b\u00f6l\u00fcm\u00fcnde dilin tan\u0131m\u0131 yap\u0131lm\u0131\u015f, ard\u0131ndan dilin; k\u00fclt\u00fcr, millet ve d\u00fc\u015f\u00fcnceyle ilgili ili\u015fkileri a\u00e7\u0131klanm\u0131\u015ft\u0131r. Giri\u015f b\u00f6l\u00fcm\u00fcnden sonra \u00e7al\u0131\u015fma \u00fc\u00e7 b\u00f6l\u00fcmde ele al\u0131nm\u0131\u015ft\u0131r. Birinci b\u00f6l\u00fcmde tarih\u00ee s\u00fcre\u00e7 i\u00e7erisinde T\u00fcrk dilinde ya\u015fanan geli\u015fmeler Cumhuriyet\u2019ten \u00f6nce ve Cumhuriyet\u2019ten sonra alt ba\u015fl\u0131klar\u0131yla incelenmi\u015ftir. \u0130kinci b\u00f6l\u00fcmde Avrupa Birli\u011fi k\u0131saca tan\u0131t\u0131lm\u0131\u015f, Avrupa Birli\u011finin dil politikas\u0131 ve bu politikayla ger\u00e7ekle\u015ftirmek istedi\u011fi ama\u00e7lar resm\u00ee belgeler \u0131\u015f\u0131\u011f\u0131nda incelenmi\u015ftir. \u00dc\u00e7\u00fcnc\u00fc b\u00f6l\u00fcmde ise d\u00fcnden bug\u00fcne Avrupa Birli\u011fi ile T\u00fcrkiye ili\u015fkileri anlat\u0131lm\u0131\u015f, Avrupa Birli\u011fi\u2019nin T\u00fcrkiye\u2019den dil ve k\u00fclt\u00fcr konular\u0131ndaki istekleri \u0130lerleme Raporlar\u0131 ve Kat\u0131l\u0131m Ortakl\u0131\u011f\u0131 Belgeleri do\u011frultusunda ele al\u0131nm\u0131\u015f ve bu istekler kar\u015f\u0131s\u0131nda T\u00fcrkiye\u2019nin yapt\u0131\u011f\u0131 yasal d\u00fczenlemeler 2008 y\u0131l\u0131 ile s\u0131n\u0131rl\u0131 olmak kayd\u0131yla irdelenmi\u015ftir. Sonu\u00e7 ve \u00f6neriler k\u0131sm\u0131nda ise T\u00fcrkiye\u2019nin Avrupa Birli\u011fi ile b\u00fct\u00fcnle\u015fme s\u00fcrecinde dil politikas\u0131 konusunda yapmas\u0131 gerekenler ile ilgili olarak \u00f6nerilerde bulunulmu\u015ftur.<\/p>\n","protected":false},"excerpt":{"rendered":"<p>Tarih boyunca Avrupa k\u0131tas\u0131n\u0131n siyasi ve k\u00fclt\u00fcrel bir par\u00e7as\u0131 olan T\u00fcrkiye ile Avrupa Birli\u011fi ili\u015fkileri, tam \u00fcyelik m\u00fczakerelerinin 3 Ekim 2005 tarihinde resm\u00ee olarak ba\u015flat\u0131lmas\u0131yla yeni<span class=\"excerpt-hellip\"> [\u2026]<\/span><\/p>\n","protected":false},"featured_media":0,"template":"","meta":{"_monsterinsights_skip_tracking":false,"_monsterinsights_sitenote_active":false,"_monsterinsights_sitenote_note":"","_monsterinsights_sitenote_category":0},"product_brand":[],"product_cat":[12337],"product_tag":[],"class_list":{"0":"post-758171","1":"product","2":"type-product","3":"status-publish","5":"product_cat-politika-siyaset","6":"pa_cilt-ciltsiz","7":"pa_tur-kitap","8":"pa_yayinevi-ihlamur-akademi","9":"pa_yazar-ihlamur-kollektif","11":"first","12":"instock","13":"sale","14":"shipping-taxable","15":"purchasable","16":"product-type-simple"},"_links":{"self":[{"href":"https:\/\/roveyayinevi.com.tr\/index.php\/wp-json\/wp\/v2\/product\/758171","targetHints":{"allow":["GET"]}}],"collection":[{"href":"https:\/\/roveyayinevi.com.tr\/index.php\/wp-json\/wp\/v2\/product"}],"about":[{"href":"https:\/\/roveyayinevi.com.tr\/index.php\/wp-json\/wp\/v2\/types\/product"}],"wp:attachment":[{"href":"https:\/\/roveyayinevi.com.tr\/index.php\/wp-json\/wp\/v2\/media?parent=758171"}],"wp:term":[{"taxonomy":"product_brand","embeddable":true,"href":"https:\/\/roveyayinevi.com.tr\/index.php\/wp-json\/wp\/v2\/product_brand?post=758171"},{"taxonomy":"product_cat","embeddable":true,"href":"https:\/\/roveyayinevi.com.tr\/index.php\/wp-json\/wp\/v2\/product_cat?post=758171"},{"taxonomy":"product_tag","embeddable":true,"href":"https:\/\/roveyayinevi.com.tr\/index.php\/wp-json\/wp\/v2\/product_tag?post=758171"}],"curies":[{"name":"wp","href":"https:\/\/api.w.org\/{rel}","templated":true}]}}