{"id":758144,"date":"2025-08-28T07:56:21","date_gmt":"2025-08-28T04:56:21","guid":{"rendered":"https:\/\/roveyayinevi.com.tr\/index.php\/urun\/osmanli-devlet-idaresinde-surre-i-humayun\/"},"modified":"2026-04-16T03:11:18","modified_gmt":"2026-04-16T00:11:18","slug":"osmanli-devlet-idaresinde-surre-i-humayun","status":"publish","type":"product","link":"https:\/\/roveyayinevi.com.tr\/index.php\/urun\/osmanli-devlet-idaresinde-surre-i-humayun\/","title":{"rendered":"Osmanl\u0131 Devlet \u0130daresinde Surre-i H\u00fcmayun"},"content":{"rendered":"<p>Osmanl\u0131 Devlet \u0130daresinde Surre-i H\u00fcm\u00e2yun isimli bu \u00e7al\u0131\u015fmada Yavuz SultanSelim&#8217;in 1517 y\u0131l\u0131nda M\u0131s\u0131r&#8217;\u0131 fethinden sonra Osmanl\u0131 Devleti idaresine girenHaremeyn b\u00f6lgesindeki g\u00f6revli ve ihtiya\u00e7 sahibi ahaliye da\u011f\u0131t\u0131lmak \u00fczere\u2018surre&#8217; denilen para ve zahirenin devletin kendi olu\u015fturdu\u011fu sistemarac\u0131l\u0131\u011f\u0131yla nas\u0131l temin edildi\u011fi incelenmektedir. Osmanl\u0131 Devleti, Haremeynahalisinin ihtiyac\u0131n\u0131 gidermeyi ba\u015fl\u0131ca bir vazife olarak g\u00f6rd\u00fc\u011f\u00fcnden 16.y\u00fczy\u0131lda kurmu\u015f oldu\u011fu d\u00fczene, yeni kaynak ve stratejiler eklemek suretiyle17. ve 18. y\u00fczy\u0131lda daha i\u015flevsel bir boyut kazand\u0131rm\u0131\u015ft\u0131r.Haremeyn ahalisinin para ve zah\u00eere ihtiya\u00e7lar\u0131n\u0131n giderilmesi, eldekikaynaklar\u0131n kullan\u0131m\u0131n\u0131 ve bu anlamda kurumsal bir yap\u0131n\u0131n olu\u015fmas\u0131n\u0131 daberaberinde getirmi\u015ftir. Bu bak\u0131mdan eser, surre alay\u0131 haz\u0131rl\u0131klar\u0131, surreak\u00e7esinin temini ve hak sahiplerine da\u011f\u0131t\u0131lmas\u0131 ile beraber hac yolundaula\u015f\u0131m, g\u00fcvenlik, bedevi kabilelerle m\u00fccadele, g\u00fczergah \u00fczerindeki imar vetamir \u00e7al\u0131\u015fmalar\u0131n\u0131 da inceleyerek bu kurumsal yap\u0131n\u0131n i\u015fleyi\u015fini b\u00fct\u00fcnc\u00fcl birbak\u0131\u015f a\u00e7\u0131s\u0131yla ele almaktad\u0131r.<\/p>\n","protected":false},"excerpt":{"rendered":"<p>Osmanl\u0131 Devlet \u0130daresinde Surre-i H\u00fcm\u00e2yun isimli bu \u00e7al\u0131\u015fmada Yavuz SultanSelim&#8217;in 1517 y\u0131l\u0131nda M\u0131s\u0131r&#8217;\u0131 fethinden sonra Osmanl\u0131 Devleti idaresine girenHaremeyn b\u00f6lgesindeki g\u00f6revli ve ihtiya\u00e7 sahibi ahaliye da\u011f\u0131t\u0131lmak<span class=\"excerpt-hellip\"> [\u2026]<\/span><\/p>\n","protected":false},"featured_media":0,"template":"","meta":{"_monsterinsights_skip_tracking":false,"_monsterinsights_sitenote_active":false,"_monsterinsights_sitenote_note":"","_monsterinsights_sitenote_category":0},"product_brand":[],"product_cat":[13517,12304],"product_tag":[],"class_list":{"0":"post-758144","1":"product","2":"type-product","3":"status-publish","5":"product_cat-osmanli-tarihi","6":"product_cat-tarih","7":"pa_cilt-ciltsiz","8":"pa_tur-kitap","9":"pa_yayinevi-ideal-kultur-akademik","10":"pa_yazar-tahir-sevinc","12":"first","13":"instock","14":"sale","15":"shipping-taxable","16":"purchasable","17":"product-type-simple"},"_links":{"self":[{"href":"https:\/\/roveyayinevi.com.tr\/index.php\/wp-json\/wp\/v2\/product\/758144","targetHints":{"allow":["GET"]}}],"collection":[{"href":"https:\/\/roveyayinevi.com.tr\/index.php\/wp-json\/wp\/v2\/product"}],"about":[{"href":"https:\/\/roveyayinevi.com.tr\/index.php\/wp-json\/wp\/v2\/types\/product"}],"wp:attachment":[{"href":"https:\/\/roveyayinevi.com.tr\/index.php\/wp-json\/wp\/v2\/media?parent=758144"}],"wp:term":[{"taxonomy":"product_brand","embeddable":true,"href":"https:\/\/roveyayinevi.com.tr\/index.php\/wp-json\/wp\/v2\/product_brand?post=758144"},{"taxonomy":"product_cat","embeddable":true,"href":"https:\/\/roveyayinevi.com.tr\/index.php\/wp-json\/wp\/v2\/product_cat?post=758144"},{"taxonomy":"product_tag","embeddable":true,"href":"https:\/\/roveyayinevi.com.tr\/index.php\/wp-json\/wp\/v2\/product_tag?post=758144"}],"curies":[{"name":"wp","href":"https:\/\/api.w.org\/{rel}","templated":true}]}}