{"id":758129,"date":"2025-08-28T07:56:03","date_gmt":"2025-08-28T04:56:03","guid":{"rendered":"https:\/\/roveyayinevi.com.tr\/index.php\/urun\/bizansin-surgun-yillari\/"},"modified":"2026-04-16T03:11:17","modified_gmt":"2026-04-16T00:11:17","slug":"bizansin-surgun-yillari","status":"publish","type":"product","link":"https:\/\/roveyayinevi.com.tr\/index.php\/urun\/bizansin-surgun-yillari\/","title":{"rendered":"Bizans&#8217;\u0131n S\u00fcrg\u00fcn Y\u0131llar\u0131"},"content":{"rendered":"<p>\u201cBizans ile Ha\u00e7l\u0131lar aras\u0131ndaki s\u00f6zde karde\u015fli\u011fin dramatik bir \u015fekilde sonland\u0131\u011f\u0131 1204 y\u0131l\u0131 facias\u0131n\u0131n akabinde B\u00fcy\u00fck Roma imparatorlu\u011fu\u2019nun geride kalan tek ve ya\u015fl\u0131 varisinin ya\u015fad\u0131\u011f\u0131 \u015fok k\u0131sa s\u00fcrede atlat\u0131lm\u0131\u015ft\u0131. Latin i\u015fgalinden ba\u011f\u0131ms\u0131z bir \u015fekilde kurulan Trabzon Komnenoslar\u0131\u2019n\u0131n d\u0131\u015f\u0131nda s\u00fcrg\u00fcndeki Epiros ve \u0130znik h\u00fck\u00fcmetleri, imparatorluk miras\u0131n\u0131 yeniden b\u00fct\u00fcnlemek i\u00e7in Ha\u00e7l\u0131lar ve Bulgarlarla oldu\u011fu kadar birbirleriyle de k\u0131yas\u0131ya bir m\u00fccadeleye giri\u015fmi\u015flerdi. B\u00fct\u00fcn bu varisler aras\u0131nda iznik\u2019e yerle\u015fen Laskarisler konumlar\u0131, faaliyetleri ve diplomatik maharetleriyle en \u015fansl\u0131 aday olarak g\u00f6ze \u00e7arp\u0131yordu. Bu eserde, ad\u0131 ge\u00e7en hanedan\u0131n, imparatorluk ve patriklik makamlar\u0131n\u0131n restorasyonu ba\u015fta olmak \u00fczere Ha\u00e7l\u0131lar\u0131n eline d\u00fc\u015fen ba\u015fkentlerini yeniden ele ge\u00e7irmek ad\u0131na ortaya koydu\u011fu \u00e7abalar d\u00f6nemin kaynaklar\u0131 \u0131\u015f\u0131\u011f\u0131nda incelenmi\u015ftir. Okuyucular burada Bizans\u2019\u0131n yeniden ihyas\u0131na giden s\u00fcreci ak\u0131c\u0131 ve tafsilatl\u0131 \u015fekilde bulacaklard\u0131r.\u201dProf. Dr. Ayd\u0131n Usta<\/p>\n","protected":false},"excerpt":{"rendered":"<p>\u201cBizans ile Ha\u00e7l\u0131lar aras\u0131ndaki s\u00f6zde karde\u015fli\u011fin dramatik bir \u015fekilde sonland\u0131\u011f\u0131 1204 y\u0131l\u0131 facias\u0131n\u0131n akabinde B\u00fcy\u00fck Roma imparatorlu\u011fu\u2019nun geride kalan tek ve ya\u015fl\u0131 varisinin ya\u015fad\u0131\u011f\u0131 \u015fok k\u0131sa<span class=\"excerpt-hellip\"> [\u2026]<\/span><\/p>\n","protected":false},"featured_media":0,"template":"","meta":{"_monsterinsights_skip_tracking":false,"_monsterinsights_sitenote_active":false,"_monsterinsights_sitenote_note":"","_monsterinsights_sitenote_category":0},"product_brand":[],"product_cat":[12370,12304],"product_tag":[],"class_list":{"0":"post-758129","1":"product","2":"type-product","3":"status-publish","5":"product_cat-arastirma-inceleme","6":"product_cat-tarih","7":"pa_cilt-ciltsiz","8":"pa_tur-kitap","9":"pa_yayinevi-ideal-kultur-akademik","10":"pa_yazar-berkay-yekta-ozer","12":"first","13":"instock","14":"sale","15":"shipping-taxable","16":"purchasable","17":"product-type-simple"},"_links":{"self":[{"href":"https:\/\/roveyayinevi.com.tr\/index.php\/wp-json\/wp\/v2\/product\/758129","targetHints":{"allow":["GET"]}}],"collection":[{"href":"https:\/\/roveyayinevi.com.tr\/index.php\/wp-json\/wp\/v2\/product"}],"about":[{"href":"https:\/\/roveyayinevi.com.tr\/index.php\/wp-json\/wp\/v2\/types\/product"}],"wp:attachment":[{"href":"https:\/\/roveyayinevi.com.tr\/index.php\/wp-json\/wp\/v2\/media?parent=758129"}],"wp:term":[{"taxonomy":"product_brand","embeddable":true,"href":"https:\/\/roveyayinevi.com.tr\/index.php\/wp-json\/wp\/v2\/product_brand?post=758129"},{"taxonomy":"product_cat","embeddable":true,"href":"https:\/\/roveyayinevi.com.tr\/index.php\/wp-json\/wp\/v2\/product_cat?post=758129"},{"taxonomy":"product_tag","embeddable":true,"href":"https:\/\/roveyayinevi.com.tr\/index.php\/wp-json\/wp\/v2\/product_tag?post=758129"}],"curies":[{"name":"wp","href":"https:\/\/api.w.org\/{rel}","templated":true}]}}