{"id":758121,"date":"2025-08-28T07:55:53","date_gmt":"2025-08-28T04:55:53","guid":{"rendered":"https:\/\/roveyayinevi.com.tr\/index.php\/urun\/bir-misak-i-milli-topragi-menbic-ve-tarihi\/"},"modified":"2026-04-16T03:11:17","modified_gmt":"2026-04-16T00:11:17","slug":"bir-misak-i-milli-topragi-menbic-ve-tarihi","status":"publish","type":"product","link":"https:\/\/roveyayinevi.com.tr\/index.php\/urun\/bir-misak-i-milli-topragi-menbic-ve-tarihi\/","title":{"rendered":"Bir Misak-\u0131 Milli Topra\u011f\u0131 Menbic ve Tarihi"},"content":{"rendered":"<p>Co\u011frafi konumu itibariyle stratejik \u00f6neme sahip olan Menbic, Antep-Halep, Urfa-Rakka hatt\u0131n\u0131n tam ortas\u0131nda olup bu \u015fehirlerin bulu\u015fma noktas\u0131d\u0131r. Tarih boyunca bu b\u00f6lgeye h\u00e2kim olmak isteyen g\u00fc\u00e7lerin ilk ele ge\u00e7irmek istedikleri ve \u00fcs olarak kulland\u0131klar\u0131 yerlerin ba\u015f\u0131nda Menbic gelmi\u015ftir. Menbic, T\u00fcrk-\u0130slam medeniyeti ve idaresi ile bin y\u0131l\u0131 a\u015fk\u0131n s\u00fcre y\u00f6netilmi\u015f bir yer olarak T\u00fcrkiye ile ba\u011flar\u0131 tarihin derinliklerinden gelen bir \u015fehirdir. M\u00ees\u00e2k-\u0131 Mill\u00ee topraklar\u0131n\u0131n bir par\u00e7as\u0131 olan Menbic, Milli M\u00fccadele d\u00f6neminde Anadolu&#8217;nun savunulmas\u0131 ve b\u00f6lgenin d\u00fc\u015fman i\u015fgalinden kurtar\u0131lmas\u0131 noktas\u0131nda \u00fcs olarak kullan\u0131lan \u00f6nemli merkezlerden biri olmu\u015ftur. Kuv\u00e2-y\u0131 Mill\u00eeye birliklerinin 1920-1921 y\u0131llar\u0131 aras\u0131nda d\u00fc\u015fman i\u015fgalinden kurtard\u0131\u011f\u0131 ve T\u00fcrk idaresinin yeniden tesis edildi\u011fi bir \u015fehir olarak Menbic, bu y\u00f6n\u00fcyle T\u00fcrk idaresinden ayr\u0131l\u0131p vatan s\u0131n\u0131rlar\u0131 d\u0131\u015f\u0131nda kalm\u0131\u015f bir toprak par\u00e7as\u0131 olarak da b\u00fcy\u00fck \u00f6nem ta\u015f\u0131r. Bu ba\u011flamda g\u00fcn\u00fcm\u00fczde F\u0131rat Kalkan\u0131 Harek\u00e2t\u0131n\u0131n icra edilmesinin stratejik altyap\u0131s\u0131 ve tarihsel arka plan\u0131 da, d\u00f6nemin resmi kaynaklar\u0131 \u0131\u015f\u0131\u011f\u0131nda bilimsel olarak bu eserde ele al\u0131nm\u0131\u015ft\u0131r.F\u0131rat Kalkan\u0131 \u015eehitlerimizin Aziz Hat\u0131ras\u0131na\u2026Kitapta Cevaplar\u0131n\u0131 Bulaca\u011f\u0131n\u0131z Baz\u0131 Sorular;Menbic&#8217;i Kendi \u0130rademizle Neden ve Nas\u0131l Terk ettik?Menbic&#8217;in Tarihi \u00d6nemi Nereden Geliyor?Hangi Devletler Menbic&#8217;i Askeri \u00dcs ve Ba\u015fkent olarak kulland\u0131?Menbic Ne Zaman T\u00fcrkmen Yurdu Olmaya Ba\u015flad\u0131?Sultan II. Abd\u00fclhamid Menbic&#8217;e Neden \u00d6zel \u00d6nem Verdi?Kitapta Yer Alan Baz\u0131 Olaylar;Yavuz Sultan Selim, Menbic&#8217;i Osmanl\u0131 S\u0131n\u0131rlar\u0131na Kat\u0131yor.Menbic Halk\u0131 Osmanl\u0131 Devleti&#8217;ne Ba\u011fl\u0131l\u0131\u011f\u0131n\u0131 \u0130lan Etmi\u015fti.M\u00ees\u00e2k-\u0131 Mill\u00ee Topra\u011f\u0131 Menbic.Menbic Ahalisi, Frans\u0131z \u0130\u015fgaline Kar\u015f\u0131 Kuv\u00e2-y\u0131 Milliye&#8217;nin Emrinde.Milli M\u00fccadele D\u00f6neminde Kuv\u00e2-y\u0131 Milliye, Menbic&#8217;i Al\u0131yor.Menbic&#8217;de Yeniden T\u00fcrk \u0130daresinin Tesisi.<\/p>\n","protected":false},"excerpt":{"rendered":"<p>Co\u011frafi konumu itibariyle stratejik \u00f6neme sahip olan Menbic, Antep-Halep, Urfa-Rakka hatt\u0131n\u0131n tam ortas\u0131nda olup bu \u015fehirlerin bulu\u015fma noktas\u0131d\u0131r. Tarih boyunca bu b\u00f6lgeye h\u00e2kim olmak isteyen g\u00fc\u00e7lerin<span class=\"excerpt-hellip\"> [\u2026]<\/span><\/p>\n","protected":false},"featured_media":0,"template":"","meta":{"_monsterinsights_skip_tracking":false,"_monsterinsights_sitenote_active":false,"_monsterinsights_sitenote_note":"","_monsterinsights_sitenote_category":0},"product_brand":[],"product_cat":[12304,13650],"product_tag":[],"class_list":{"0":"post-758121","1":"product","2":"type-product","3":"status-publish","5":"product_cat-tarih","6":"product_cat-turk-tarihi-arastirmalari","7":"pa_cilt-ciltsiz","8":"pa_tur-kitap","9":"pa_yayinevi-ideal-kultur-yayincilik","10":"pa_yazar-enes-demir","12":"first","13":"instock","14":"sale","15":"shipping-taxable","16":"purchasable","17":"product-type-simple"},"_links":{"self":[{"href":"https:\/\/roveyayinevi.com.tr\/index.php\/wp-json\/wp\/v2\/product\/758121","targetHints":{"allow":["GET"]}}],"collection":[{"href":"https:\/\/roveyayinevi.com.tr\/index.php\/wp-json\/wp\/v2\/product"}],"about":[{"href":"https:\/\/roveyayinevi.com.tr\/index.php\/wp-json\/wp\/v2\/types\/product"}],"wp:attachment":[{"href":"https:\/\/roveyayinevi.com.tr\/index.php\/wp-json\/wp\/v2\/media?parent=758121"}],"wp:term":[{"taxonomy":"product_brand","embeddable":true,"href":"https:\/\/roveyayinevi.com.tr\/index.php\/wp-json\/wp\/v2\/product_brand?post=758121"},{"taxonomy":"product_cat","embeddable":true,"href":"https:\/\/roveyayinevi.com.tr\/index.php\/wp-json\/wp\/v2\/product_cat?post=758121"},{"taxonomy":"product_tag","embeddable":true,"href":"https:\/\/roveyayinevi.com.tr\/index.php\/wp-json\/wp\/v2\/product_tag?post=758121"}],"curies":[{"name":"wp","href":"https:\/\/api.w.org\/{rel}","templated":true}]}}