{"id":758097,"date":"2025-08-28T07:55:23","date_gmt":"2025-08-28T04:55:23","guid":{"rendered":"https:\/\/roveyayinevi.com.tr\/index.php\/urun\/habere-yansiyan-savas\/"},"modified":"2026-04-16T03:11:17","modified_gmt":"2026-04-16T00:11:17","slug":"habere-yansiyan-savas","status":"publish","type":"product","link":"https:\/\/roveyayinevi.com.tr\/index.php\/urun\/habere-yansiyan-savas\/","title":{"rendered":"Habere Yans\u0131yan Sava\u015f"},"content":{"rendered":"<p>Osmanl\u0131 Devleti\u2019nin par\u00e7alanma s\u00fcrecinde kritik bir d\u00f6nemi te\u015fkil eden XIX. y\u00fczy\u0131lda, \u00f6zellikle Yunan isyan\u0131na kar\u015f\u0131 Avrupa\u2019da oldu\u011fu gibi Amerika Birle\u015fik Devletleri kamuoyunda da b\u00fcy\u00fck bir sempati olu\u015fmu\u015f, sonraki d\u00f6nemde Amerika\u2019da \u00f6rg\u00fctl\u00fc bir yap\u0131 olu\u015fturan Ermeni ve Rumlar da bu sempatiden fazlas\u0131yla faydalanm\u0131\u015ft\u0131r. Bu d\u00f6nemde ABD\u2019deki bas\u0131n ve yay\u0131n organlar\u0131nda bu unsurlara y\u00f6nelik \u00e7ok say\u0131da haber ve yoruma yer verilmi\u015f, dolay\u0131s\u0131yla h\u00fck\u00fcmet ve kamuoyu T\u00fcrklerin su\u00e7land\u0131\u011f\u0131 bu tek tarafl\u0131 yay\u0131nlar\u0131n etkisi alt\u0131nda kalm\u0131\u015ft\u0131r.Birinci D\u00fcnya Sava\u015f\u0131 sonras\u0131nda okyanus \u00f6tesinde bas\u0131n \u00fczerinden T\u00fcrklere kar\u015f\u0131 y\u00fcr\u00fct\u00fclen bu \u00f6rg\u00fctl\u00fc propagandan\u0131n yan\u0131nda M\u00fcttefikler ve Amerika Birle\u015fik Devletleri\u2019nin T\u00fcrkiye\u2019ye y\u00f6nelik politikas\u0131n\u0131n ele al\u0131nd\u0131\u011f\u0131 bu \u00e7al\u0131\u015fmada, Amerika\u2019da yay\u0131mlanan \u00e7ok say\u0131da gazete ve dergi ba\u015fta olmak \u00fczere ar\u015fiv kaynaklar\u0131, Meclis Zab\u0131tlar\u0131 ve bu d\u00f6nemi konu alan ara\u015ft\u0131rma eserlerinden yararlan\u0131lm\u0131\u015ft\u0131r.Bu \u00e7al\u0131\u015fman\u0131n amac\u0131 Mondros M\u00fctarekesi\u2019nin ard\u0131ndan 1918 ve 1922 y\u0131llar\u0131 aras\u0131nda T\u00fcrkiye\u2019de cereyan eden geli\u015fmelerin Amerikan bas\u0131n\u0131ndaki yans\u0131malar\u0131n\u0131 ortaya \u00e7\u0131karmakt\u0131r. Bu s\u00fcre\u00e7te ABD\u2019nin b\u00f6lgede \u00fcstlendi\u011fi rolle birlikte, Ermeniler ba\u015fta olmak \u00fczere Osmanl\u0131 co\u011frafyas\u0131ndaki az\u0131nl\u0131k unsurlar\u0131n merkezinde yer ald\u0131\u011f\u0131 olaylar, Amerikal\u0131 misyonerlerin tutumu ve Anadolu\u2019nun i\u015fgaliyle Milli harekete y\u00f6nelik Amerikan bas\u0131n\u0131ndaki yakla\u015f\u0131mlar ele al\u0131nmaya \u00e7al\u0131\u015f\u0131lm\u0131\u015ft\u0131r.<\/p>\n","protected":false},"excerpt":{"rendered":"<p>Osmanl\u0131 Devleti\u2019nin par\u00e7alanma s\u00fcrecinde kritik bir d\u00f6nemi te\u015fkil eden XIX. y\u00fczy\u0131lda, \u00f6zellikle Yunan isyan\u0131na kar\u015f\u0131 Avrupa\u2019da oldu\u011fu gibi Amerika Birle\u015fik Devletleri kamuoyunda da b\u00fcy\u00fck bir sempati<span class=\"excerpt-hellip\"> [\u2026]<\/span><\/p>\n","protected":false},"featured_media":0,"template":"","meta":{"_monsterinsights_skip_tracking":false,"_monsterinsights_sitenote_active":false,"_monsterinsights_sitenote_note":"","_monsterinsights_sitenote_category":0},"product_brand":[],"product_cat":[12337],"product_tag":[],"class_list":{"0":"post-758097","1":"product","2":"type-product","3":"status-publish","5":"product_cat-politika-siyaset","6":"pa_cilt-ciltsiz","7":"pa_tur-kitap","8":"pa_yayinevi-ideal-kultur-akademik","9":"pa_yazar-abdullah-berk","11":"first","12":"instock","13":"sale","14":"shipping-taxable","15":"purchasable","16":"product-type-simple"},"_links":{"self":[{"href":"https:\/\/roveyayinevi.com.tr\/index.php\/wp-json\/wp\/v2\/product\/758097","targetHints":{"allow":["GET"]}}],"collection":[{"href":"https:\/\/roveyayinevi.com.tr\/index.php\/wp-json\/wp\/v2\/product"}],"about":[{"href":"https:\/\/roveyayinevi.com.tr\/index.php\/wp-json\/wp\/v2\/types\/product"}],"wp:attachment":[{"href":"https:\/\/roveyayinevi.com.tr\/index.php\/wp-json\/wp\/v2\/media?parent=758097"}],"wp:term":[{"taxonomy":"product_brand","embeddable":true,"href":"https:\/\/roveyayinevi.com.tr\/index.php\/wp-json\/wp\/v2\/product_brand?post=758097"},{"taxonomy":"product_cat","embeddable":true,"href":"https:\/\/roveyayinevi.com.tr\/index.php\/wp-json\/wp\/v2\/product_cat?post=758097"},{"taxonomy":"product_tag","embeddable":true,"href":"https:\/\/roveyayinevi.com.tr\/index.php\/wp-json\/wp\/v2\/product_tag?post=758097"}],"curies":[{"name":"wp","href":"https:\/\/api.w.org\/{rel}","templated":true}]}}