{"id":758053,"date":"2025-08-28T07:54:22","date_gmt":"2025-08-28T04:54:22","guid":{"rendered":"https:\/\/roveyayinevi.com.tr\/index.php\/urun\/adli\/"},"modified":"2026-04-16T03:11:16","modified_gmt":"2026-04-16T00:11:16","slug":"adli","status":"publish","type":"product","link":"https:\/\/roveyayinevi.com.tr\/index.php\/urun\/adli\/","title":{"rendered":"Adli"},"content":{"rendered":"<p>Osmanl\u0131 padi\u015fah ve \u015fehzadeleri yorucu devlet g\u00f6revlerinin yan\u0131nda \u015fiir ve edebiyatla da me\u015fgul olmu\u015ftur. \u015eiir, onlar\u0131n g\u00f6n\u00fcl d\u00fcnyalar\u0131na a\u00e7\u0131lan gizli kap\u0131lard\u0131r. Bu kitapta 58 y\u0131l devlet idarecili\u011fi yapm\u0131\u015f, pek \u00e7ok karga\u015fan\u0131n \u00fcstesinden gelmi\u015f, 31 y\u0131ll\u0131k saltanat\u0131nda bir\u00e7ok d\u00fczenleme yapm\u0131\u015f dirayetli bir h\u00fck\u00fcmdar\u0131n edeb\u00ee y\u00f6n\u00fcn\u00fc ortaya koymaya, ceddimizin miras\u0131n\u0131 okuyucuyla bulu\u015fturmaya gayret ettik. Kitab\u0131m\u0131z\u0131n pek \u00e7ok kesimden okuyucu taraf\u0131ndan anla\u015f\u0131lmas\u0131na \u00f6zen g\u00f6sterdik.Elinizdeki kitapta Osmanl\u0131n\u0131n 8. h\u00fck\u00fcmdar\u0131 olan II. Bayezit&#8217;in hayat\u0131, edeb\u00ee ki\u015fili\u011fi ve \u015fiirlerine yer verilmi\u015ftir. Divan tertip eden II. Bayezit, \u015fiirlerinde Adl\u00ee mahlas\u0131n\u0131 kullanm\u0131\u015f, halk aras\u0131nda Bayezit-i Vel\u00ee, S\u00fbf\u00ee lakaplar\u0131 ile an\u0131lm\u0131\u015ft\u0131r. Kitapta Adl\u00ee&#8217;nin 45 \u015fiir ve 10 se\u00e7me beytine yer verilmi\u015f, \u015fiirler g\u00fcn\u00fcm\u00fcz T\u00fcrk\u00e7esine aktar\u0131lm\u0131\u015f, \u015fiirlerin genel de\u011ferlendirmesi yap\u0131lm\u0131\u015ft\u0131r. Kitab\u0131n sonunda \u015fiirlerin daha iyi anla\u015f\u0131lmas\u0131 i\u00e7in \u201cMotifler ve Terimler S\u00f6zl\u00fc\u011f\u00fc&#8217;ne yer verilmi\u015ftir.<\/p>\n","protected":false},"excerpt":{"rendered":"<p>Osmanl\u0131 padi\u015fah ve \u015fehzadeleri yorucu devlet g\u00f6revlerinin yan\u0131nda \u015fiir ve edebiyatla da me\u015fgul olmu\u015ftur. \u015eiir, onlar\u0131n g\u00f6n\u00fcl d\u00fcnyalar\u0131na a\u00e7\u0131lan gizli kap\u0131lard\u0131r. Bu kitapta 58 y\u0131l devlet<span class=\"excerpt-hellip\"> [\u2026]<\/span><\/p>\n","protected":false},"featured_media":0,"template":"","meta":{"_monsterinsights_skip_tracking":false,"_monsterinsights_sitenote_active":false,"_monsterinsights_sitenote_note":"","_monsterinsights_sitenote_category":0},"product_brand":[],"product_cat":[12370,12304],"product_tag":[],"class_list":{"0":"post-758053","1":"product","2":"type-product","3":"status-publish","5":"product_cat-arastirma-inceleme","6":"product_cat-tarih","7":"pa_cilt-ciltsiz","8":"pa_tur-kitap","9":"pa_yayinevi-ideal-kultur-yayincilik","10":"pa_yazar-hasan-kaya","12":"first","13":"instock","14":"sale","15":"shipping-taxable","16":"purchasable","17":"product-type-simple"},"_links":{"self":[{"href":"https:\/\/roveyayinevi.com.tr\/index.php\/wp-json\/wp\/v2\/product\/758053","targetHints":{"allow":["GET"]}}],"collection":[{"href":"https:\/\/roveyayinevi.com.tr\/index.php\/wp-json\/wp\/v2\/product"}],"about":[{"href":"https:\/\/roveyayinevi.com.tr\/index.php\/wp-json\/wp\/v2\/types\/product"}],"wp:attachment":[{"href":"https:\/\/roveyayinevi.com.tr\/index.php\/wp-json\/wp\/v2\/media?parent=758053"}],"wp:term":[{"taxonomy":"product_brand","embeddable":true,"href":"https:\/\/roveyayinevi.com.tr\/index.php\/wp-json\/wp\/v2\/product_brand?post=758053"},{"taxonomy":"product_cat","embeddable":true,"href":"https:\/\/roveyayinevi.com.tr\/index.php\/wp-json\/wp\/v2\/product_cat?post=758053"},{"taxonomy":"product_tag","embeddable":true,"href":"https:\/\/roveyayinevi.com.tr\/index.php\/wp-json\/wp\/v2\/product_tag?post=758053"}],"curies":[{"name":"wp","href":"https:\/\/api.w.org\/{rel}","templated":true}]}}