{"id":758046,"date":"2025-08-28T07:54:12","date_gmt":"2025-08-28T04:54:12","guid":{"rendered":"https:\/\/roveyayinevi.com.tr\/index.php\/urun\/osmanli-tarihi-2-1774-1922\/"},"modified":"2026-04-16T03:11:16","modified_gmt":"2026-04-16T00:11:16","slug":"osmanli-tarihi-2-1774-1922","status":"publish","type":"product","link":"https:\/\/roveyayinevi.com.tr\/index.php\/urun\/osmanli-tarihi-2-1774-1922\/","title":{"rendered":"Osmanl\u0131 Tarihi-2 (1774-1922)"},"content":{"rendered":"<p>Osmanl\u0131 Devleti alt\u0131 y\u00fcz y\u0131ldan fazla bir s\u00fcre \u00fc\u00e7 k\u0131tada egemen olan resmi yaz\u0131\u015fmalarda T\u00fcrk\u00e7enin kullan\u0131ld\u0131\u011f\u0131, egemen k\u00fclt\u00fcr\u00fcn T\u00fcrk k\u00fclt\u00fcr\u00fc oldu\u011fu \u00e7ok uluslu, \u00e7ok k\u00fclt\u00fcrl\u00fc, \u00e7ok milletli bir cihan devletiydi. Bunun yan\u0131nda farkl\u0131 anlay\u0131\u015flara, d\u00fc\u015f\u00fcncelere, k\u00fclt\u00fcrlere, dillere olabildi\u011fince ya\u015fam hakk\u0131 sunan bir devletti. Bu \u00e7al\u0131\u015fma Osmanl\u0131 Tarihine toplu bir bak\u0131\u015f olman\u0131n yan\u0131 s\u0131ra Osmanl\u0131 K\u00fclt\u00fcr ve Medeniyeti hakk\u0131nda da bilgi i\u00e7ermektedir. \u0130ki cilt halinde sunulan eserin bu cildinde K\u00fc\u00e7\u00fck Kaynarca&#8217;dan Osmanl\u0131 Devletinin tarih sahnesinden \u00e7ekildi\u011fi d\u00f6neme kadarki siyasi olaylar alt\u0131 b\u00f6l\u00fcmde; \u0130kinci k\u0131s\u0131mda ise K\u00fclt\u00fcr ve Medeniyet a\u011f\u0131rl\u0131kl\u0131 olarak Osmanl\u0131 ta\u015fra yap\u0131s\u0131, Osmanl\u0131&#8217;da d\u00fc\u015f\u00fcnce ve bilim, Osmanl\u0131 d\u00f6nemi k\u00fclt\u00fcrel geli\u015fmeler, mimari, g\u00fcndelik hayat, sanat ve \u0131slahatlar olarak alt\u0131 b\u00f6l\u00fcn de ele al\u0131nm\u0131\u015ft\u0131r. Bu \u00f6zelli\u011fi ile eser sadece muhtasar bir Osmanl\u0131 siyasi Tarihi ile Osmanl\u0131 K\u00fclt\u00fcr ve Medeniyeti Tarihi olma \u00f6zelli\u011fine de sahiptir.<\/p>\n","protected":false},"excerpt":{"rendered":"<p>Osmanl\u0131 Devleti alt\u0131 y\u00fcz y\u0131ldan fazla bir s\u00fcre \u00fc\u00e7 k\u0131tada egemen olan resmi yaz\u0131\u015fmalarda T\u00fcrk\u00e7enin kullan\u0131ld\u0131\u011f\u0131, egemen k\u00fclt\u00fcr\u00fcn T\u00fcrk k\u00fclt\u00fcr\u00fc oldu\u011fu \u00e7ok uluslu, \u00e7ok k\u00fclt\u00fcrl\u00fc, \u00e7ok<span class=\"excerpt-hellip\"> [\u2026]<\/span><\/p>\n","protected":false},"featured_media":0,"template":"","meta":{"_monsterinsights_skip_tracking":false,"_monsterinsights_sitenote_active":false,"_monsterinsights_sitenote_note":"","_monsterinsights_sitenote_category":0},"product_brand":[],"product_cat":[13517,12304],"product_tag":[],"class_list":{"0":"post-758046","1":"product","2":"type-product","3":"status-publish","5":"product_cat-osmanli-tarihi","6":"product_cat-tarih","7":"pa_cilt-ciltsiz","8":"pa_tur-kitap","9":"pa_yayinevi-ideal-kultur-yayincilik","10":"pa_yazar-ahmet-ali-gazel","11":"pa_yazar-gursoy-sahin","12":"pa_yazar-hamza-altin","13":"pa_yazar-ibrahim-caner-turk","14":"pa_yazar-ibrahim-sirin","15":"pa_yazar-ilhan-ozkececi","16":"pa_yazar-ismail-kivrim","17":"pa_yazar-musa-gumus","18":"pa_yazar-oguz-polatel","19":"pa_yazar-selahattin-satilmis","20":"pa_yazar-sikti-uluerler","21":"pa_yazar-suha-oguz-baytimur","22":"pa_yazar-yilmaz-karadeniz","24":"first","25":"instock","26":"sale","27":"shipping-taxable","28":"purchasable","29":"product-type-simple"},"_links":{"self":[{"href":"https:\/\/roveyayinevi.com.tr\/index.php\/wp-json\/wp\/v2\/product\/758046","targetHints":{"allow":["GET"]}}],"collection":[{"href":"https:\/\/roveyayinevi.com.tr\/index.php\/wp-json\/wp\/v2\/product"}],"about":[{"href":"https:\/\/roveyayinevi.com.tr\/index.php\/wp-json\/wp\/v2\/types\/product"}],"wp:attachment":[{"href":"https:\/\/roveyayinevi.com.tr\/index.php\/wp-json\/wp\/v2\/media?parent=758046"}],"wp:term":[{"taxonomy":"product_brand","embeddable":true,"href":"https:\/\/roveyayinevi.com.tr\/index.php\/wp-json\/wp\/v2\/product_brand?post=758046"},{"taxonomy":"product_cat","embeddable":true,"href":"https:\/\/roveyayinevi.com.tr\/index.php\/wp-json\/wp\/v2\/product_cat?post=758046"},{"taxonomy":"product_tag","embeddable":true,"href":"https:\/\/roveyayinevi.com.tr\/index.php\/wp-json\/wp\/v2\/product_tag?post=758046"}],"curies":[{"name":"wp","href":"https:\/\/api.w.org\/{rel}","templated":true}]}}