{"id":758039,"date":"2025-08-28T07:54:02","date_gmt":"2025-08-28T04:54:02","guid":{"rendered":"https:\/\/roveyayinevi.com.tr\/index.php\/urun\/kastamonulu-asik-kemali-ve-divancesi\/"},"modified":"2026-04-16T03:11:15","modified_gmt":"2026-04-16T00:11:15","slug":"kastamonulu-asik-kemali-ve-divancesi","status":"publish","type":"product","link":"https:\/\/roveyayinevi.com.tr\/index.php\/urun\/kastamonulu-asik-kemali-ve-divancesi\/","title":{"rendered":"Kastamonulu A\u015f\u0131k Kemali ve Divan\u00e7esi"},"content":{"rendered":"<p>Yaz\u0131l\u0131 belgelere g\u00f6re 18. ve 19. y\u00fczy\u0131l, Kastamonu \u00e2\u015f\u0131kl\u0131k gelene\u011finin en parlak d\u00f6nemleridir. Kendi y\u00f6resine ait eski usta \u00e2\u015f\u0131klar ve halk \u015fairleriyle \u00c2\u015f\u0131k Dertli ve Erzurumlu Emrah gibi 19. y\u00fczy\u0131l\u0131n ve \u00e2\u015f\u0131kl\u0131k gelene\u011finin \u00f6nemli temsilcilerine ev sahipli\u011fi yapan Kastamonu, bu gelenek i\u00e7erisindeki yerini daha da g\u00fc\u00e7l\u00fc h\u00e2le getirmi\u015ftir. Belirli bir s\u00fcre Kastamonu&#8217;da kalan Erzurumlu Emrah ve \u00c2\u015f\u0131k Dertli, burada kendilerine ba\u011fl\u0131 bir \u00e2\u015f\u0131k kolu olu\u015fturarak kendi geleneklerine g\u00f6re \u00e2\u015f\u0131klar\/\u00e7\u0131raklar (\u00c2\u015f\u0131k Fevzi, \u00c2\u015f\u0131k \u0130hsan Ozano\u011flu, \u00c2\u015f\u0131k Yorgans\u0131z Hakk\u0131 \u00c7avu\u015f, \u00c2\u015f\u0131k Meyd\u00e2n\u0131, \u00c2\u015f\u0131k Cel\u00e2li vb.) yeti\u015ftirmi\u015f ya da yeti\u015ftirilmesine vesile olup Kastamonu&#8217;da \u00e2\u015f\u0131kl\u0131k gelene\u011finin \u00f6nemli \u00f6l\u00e7\u00fcde geli\u015fmesine ve 20. y\u00fczy\u0131l\u0131n ikinci yar\u0131s\u0131na kadar g\u00fc\u00e7l\u00fc bir \u015fekilde devam etmesine hizmet etmi\u015flerdir. 19. as\u0131rda Erzurumlu Emrah&#8217;\u0131n tesirinde kalan Kastamonulu \u00e2\u015f\u0131klar\u0131n ba\u015f\u0131nda \u00c2\u015f\u0131k Kem\u00e2li gelmektedir. Bu eser, 19. y\u00fczy\u0131lda ya\u015fam\u0131\u015f Kastamonulu \u00c2\u015f\u0131k Kem\u00e2l\u00ee&#8217;nin hayat\u0131, sanat\u0131 ve d\u00eev\u00e2n\u00e7esi \u00fczerine yap\u0131lan bir \u00e7al\u0131\u015fmad\u0131r.<\/p>\n","protected":false},"excerpt":{"rendered":"<p>Yaz\u0131l\u0131 belgelere g\u00f6re 18. ve 19. y\u00fczy\u0131l, Kastamonu \u00e2\u015f\u0131kl\u0131k gelene\u011finin en parlak d\u00f6nemleridir. Kendi y\u00f6resine ait eski usta \u00e2\u015f\u0131klar ve halk \u015fairleriyle \u00c2\u015f\u0131k Dertli ve Erzurumlu<span class=\"excerpt-hellip\"> [\u2026]<\/span><\/p>\n","protected":false},"featured_media":0,"template":"","meta":{"_monsterinsights_skip_tracking":false,"_monsterinsights_sitenote_active":false,"_monsterinsights_sitenote_note":"","_monsterinsights_sitenote_category":0},"product_brand":[],"product_cat":[14009,12291],"product_tag":[],"class_list":{"0":"post-758039","1":"product","2":"type-product","3":"status-publish","5":"product_cat-biyografi-otobiyografi-edebiyat","6":"product_cat-edebiyat","7":"pa_cilt-ciltsiz","8":"pa_tur-kitap","9":"pa_yayinevi-ideal-kultur-yayincilik","10":"pa_yazar-ideal-kultur-kolektif","12":"first","13":"instock","14":"sale","15":"shipping-taxable","16":"purchasable","17":"product-type-simple"},"_links":{"self":[{"href":"https:\/\/roveyayinevi.com.tr\/index.php\/wp-json\/wp\/v2\/product\/758039","targetHints":{"allow":["GET"]}}],"collection":[{"href":"https:\/\/roveyayinevi.com.tr\/index.php\/wp-json\/wp\/v2\/product"}],"about":[{"href":"https:\/\/roveyayinevi.com.tr\/index.php\/wp-json\/wp\/v2\/types\/product"}],"wp:attachment":[{"href":"https:\/\/roveyayinevi.com.tr\/index.php\/wp-json\/wp\/v2\/media?parent=758039"}],"wp:term":[{"taxonomy":"product_brand","embeddable":true,"href":"https:\/\/roveyayinevi.com.tr\/index.php\/wp-json\/wp\/v2\/product_brand?post=758039"},{"taxonomy":"product_cat","embeddable":true,"href":"https:\/\/roveyayinevi.com.tr\/index.php\/wp-json\/wp\/v2\/product_cat?post=758039"},{"taxonomy":"product_tag","embeddable":true,"href":"https:\/\/roveyayinevi.com.tr\/index.php\/wp-json\/wp\/v2\/product_tag?post=758039"}],"curies":[{"name":"wp","href":"https:\/\/api.w.org\/{rel}","templated":true}]}}