{"id":758037,"date":"2025-08-28T07:54:00","date_gmt":"2025-08-28T04:54:00","guid":{"rendered":"https:\/\/roveyayinevi.com.tr\/index.php\/urun\/24-nisan-1915te-ne-oldu\/"},"modified":"2026-04-16T03:11:15","modified_gmt":"2026-04-16T00:11:15","slug":"24-nisan-1915te-ne-oldu","status":"publish","type":"product","link":"https:\/\/roveyayinevi.com.tr\/index.php\/urun\/24-nisan-1915te-ne-oldu\/","title":{"rendered":"24 Nisan 1915&#8217;te Ne Oldu?"},"content":{"rendered":"<p>G\u00fcn\u00fcm\u00fczde tarihi olaylar, belli bir sebep sonu\u00e7 ili\u015fkisi i\u00e7inde de\u011ferlendirilmek ve kendi i\u00e7inde tutarl\u0131l\u0131\u011f\u0131 olan bir b\u00fct\u00fcn olarak ele al\u0131nmak yerine, Ermenilerin i\u015flerine gelen arg\u00fcmanlar\u0131 \u00e7ekip \u00e7\u0131kard\u0131klar\u0131 bir bilgi ambar\u0131 olarak kullan\u0131lmaktad\u0131r. Ermeni iddialar\u0131n\u0131n objektif bilgi ve belgeden yoksun olmas\u0131 sebebiyle olay bilimsel ve tarihi temelden siyasi platformlara kayd\u0131r\u0131lm\u0131\u015f, bir\u00e7ok \u00fclke meclislerinde \u201cErmeni Soyk\u0131r\u0131m\u0131\u201dn\u0131 tan\u0131ma karar\u0131 alm\u0131\u015flard\u0131r.Yap\u0131lan propagandalar sonucu bug\u00fcn d\u00fcnyada Ermeniler lehine suni bir tarih r\u00fczg\u00e2r\u0131 estirilmektedir. H\u00e2lbuki tarihi konularda verilecek h\u00fck\u00fcmlerin tarihin sessiz tan\u0131klar\u0131 olan ar\u015fivlere dayan\u0131larak ortaya konulmas\u0131 gerekir. Aksi halde tarihin objektif kaynaklar\u0131 olan ar\u015fivlere dayanmayan subjektif yakla\u015f\u0131mlar milletler aras\u0131nda k\u00fcllenmi\u015f d\u00fc\u015fmanl\u0131klar\u0131 canland\u0131rmaktan ba\u015fka bir i\u015fe yaramamaktad\u0131r. Elinizdeki bu eser, Ermeni meselesinin \u00f6nemli y\u00f6nlerini ayd\u0131nlatan ve ar\u015fiv belgelerine dayan\u0131larak haz\u0131rlanm\u0131\u015f makalelerden olu\u015fmaktad\u0131r.<\/p>\n","protected":false},"excerpt":{"rendered":"<p>G\u00fcn\u00fcm\u00fczde tarihi olaylar, belli bir sebep sonu\u00e7 ili\u015fkisi i\u00e7inde de\u011ferlendirilmek ve kendi i\u00e7inde tutarl\u0131l\u0131\u011f\u0131 olan bir b\u00fct\u00fcn olarak ele al\u0131nmak yerine, Ermenilerin i\u015flerine gelen arg\u00fcmanlar\u0131 \u00e7ekip<span class=\"excerpt-hellip\"> [\u2026]<\/span><\/p>\n","protected":false},"featured_media":0,"template":"","meta":{"_monsterinsights_skip_tracking":false,"_monsterinsights_sitenote_active":false,"_monsterinsights_sitenote_note":"","_monsterinsights_sitenote_category":0},"product_brand":[],"product_cat":[12337],"product_tag":[],"class_list":{"0":"post-758037","1":"product","2":"type-product","3":"status-publish","5":"product_cat-politika-siyaset","6":"pa_cilt-ciltsiz","7":"pa_tur-kitap","8":"pa_yayinevi-ideal-kultur-yayincilik","9":"pa_yazar-yusuf-sarinay","11":"first","12":"instock","13":"sale","14":"shipping-taxable","15":"purchasable","16":"product-type-simple"},"_links":{"self":[{"href":"https:\/\/roveyayinevi.com.tr\/index.php\/wp-json\/wp\/v2\/product\/758037","targetHints":{"allow":["GET"]}}],"collection":[{"href":"https:\/\/roveyayinevi.com.tr\/index.php\/wp-json\/wp\/v2\/product"}],"about":[{"href":"https:\/\/roveyayinevi.com.tr\/index.php\/wp-json\/wp\/v2\/types\/product"}],"wp:attachment":[{"href":"https:\/\/roveyayinevi.com.tr\/index.php\/wp-json\/wp\/v2\/media?parent=758037"}],"wp:term":[{"taxonomy":"product_brand","embeddable":true,"href":"https:\/\/roveyayinevi.com.tr\/index.php\/wp-json\/wp\/v2\/product_brand?post=758037"},{"taxonomy":"product_cat","embeddable":true,"href":"https:\/\/roveyayinevi.com.tr\/index.php\/wp-json\/wp\/v2\/product_cat?post=758037"},{"taxonomy":"product_tag","embeddable":true,"href":"https:\/\/roveyayinevi.com.tr\/index.php\/wp-json\/wp\/v2\/product_tag?post=758037"}],"curies":[{"name":"wp","href":"https:\/\/api.w.org\/{rel}","templated":true}]}}