{"id":757857,"date":"2025-08-28T07:47:37","date_gmt":"2025-08-28T04:47:37","guid":{"rendered":"https:\/\/roveyayinevi.com.tr\/index.php\/urun\/ataturk-donemi-dahiliye-vekaleti-ile-mulki-ve-mahalli-idareler-1923-1938\/"},"modified":"2026-04-16T03:10:50","modified_gmt":"2026-04-16T00:10:50","slug":"ataturk-donemi-dahiliye-vekaleti-ile-mulki-ve-mahalli-idareler-1923-1938","status":"publish","type":"product","link":"https:\/\/roveyayinevi.com.tr\/index.php\/urun\/ataturk-donemi-dahiliye-vekaleti-ile-mulki-ve-mahalli-idareler-1923-1938\/","title":{"rendered":"Atat\u00fcrk D\u00f6nemi Dahiliye Vekaleti ile M\u00fclki ve Mahalli \u0130dareler (1923-1938)"},"content":{"rendered":"<p>\u015eafak BA\u015eA taraf\u0131ndan kaleme al\u0131nm\u0131\u015f olan kitapta, Gazi Mustafa Kemal Atat\u00fcrk&#8217;\u00fcn Reisicumhur olarak devletin ba\u015f\u0131nda oldu\u011fu ve Atat\u00fcrk D\u00f6nemi olarak adland\u0131r\u0131lan 1923-1938 y\u0131llar\u0131 aras\u0131nda, Dahiliye Vekaleti ile m\u00fclki ve mahalli idarelerin geli\u015fim ve kurumsalla\u015fma s\u00fcre\u00e7leri ile uygulanan dahiliye politikalar\u0131 ve yap\u0131lan icraat \u00fczerinde ayr\u0131nt\u0131l\u0131 olarak durulmu\u015ftur. Kitapta ilaveten, kolluk birimlerine y\u00f6nelik geli\u015fmelere de, mevzuat de\u011fi\u015fikliklerinin izi s\u00fcr\u00fclerek de\u011finilmeye \u00e7al\u0131\u015f\u0131lm\u0131\u015ft\u0131r.Kitap, Cumhuriyet D\u00f6nemi \u0130\u00e7i\u015fleri Bakanl\u0131\u011f\u0131 ile m\u00fclki ve mahalli idareler tarihine bir giri\u015f mahiyetindedir ve takip eden d\u00f6nemlere sa\u011flam bir zemin olu\u015fturmay\u0131 ama\u00e7lamaktad\u0131r. Kitap, d\u00f6neme ili\u015fkin kaynak olma iddias\u0131yla yaz\u0131lm\u0131\u015f, \u00e7o\u011funlukla Cumhuriyet Ar\u015fivi belgeleri, Meclis Zab\u0131tlar\u0131 ve Kavanin Mecmualar\u0131 gibi birincil kaynaklara dayan\u0131lm\u0131\u015ft\u0131r.<\/p>\n","protected":false},"excerpt":{"rendered":"<p>\u015eafak BA\u015eA taraf\u0131ndan kaleme al\u0131nm\u0131\u015f olan kitapta, Gazi Mustafa Kemal Atat\u00fcrk&#8217;\u00fcn Reisicumhur olarak devletin ba\u015f\u0131nda oldu\u011fu ve Atat\u00fcrk D\u00f6nemi olarak adland\u0131r\u0131lan 1923-1938 y\u0131llar\u0131 aras\u0131nda, Dahiliye Vekaleti<span class=\"excerpt-hellip\"> [\u2026]<\/span><\/p>\n","protected":false},"featured_media":0,"template":"","meta":{"_monsterinsights_skip_tracking":false,"_monsterinsights_sitenote_active":false,"_monsterinsights_sitenote_note":"","_monsterinsights_sitenote_category":0},"product_brand":[],"product_cat":[12370,12304],"product_tag":[],"class_list":{"0":"post-757857","1":"product","2":"type-product","3":"status-publish","5":"product_cat-arastirma-inceleme","6":"product_cat-tarih","7":"pa_cilt-ciltsiz","8":"pa_tur-kitap","9":"pa_yayinevi-beykoz-universitesi-yayinlari","10":"pa_yazar-safak-basa","12":"first","13":"instock","14":"sale","15":"shipping-taxable","16":"purchasable","17":"product-type-simple"},"_links":{"self":[{"href":"https:\/\/roveyayinevi.com.tr\/index.php\/wp-json\/wp\/v2\/product\/757857","targetHints":{"allow":["GET"]}}],"collection":[{"href":"https:\/\/roveyayinevi.com.tr\/index.php\/wp-json\/wp\/v2\/product"}],"about":[{"href":"https:\/\/roveyayinevi.com.tr\/index.php\/wp-json\/wp\/v2\/types\/product"}],"wp:attachment":[{"href":"https:\/\/roveyayinevi.com.tr\/index.php\/wp-json\/wp\/v2\/media?parent=757857"}],"wp:term":[{"taxonomy":"product_brand","embeddable":true,"href":"https:\/\/roveyayinevi.com.tr\/index.php\/wp-json\/wp\/v2\/product_brand?post=757857"},{"taxonomy":"product_cat","embeddable":true,"href":"https:\/\/roveyayinevi.com.tr\/index.php\/wp-json\/wp\/v2\/product_cat?post=757857"},{"taxonomy":"product_tag","embeddable":true,"href":"https:\/\/roveyayinevi.com.tr\/index.php\/wp-json\/wp\/v2\/product_tag?post=757857"}],"curies":[{"name":"wp","href":"https:\/\/api.w.org\/{rel}","templated":true}]}}