{"id":757812,"date":"2025-08-28T07:46:10","date_gmt":"2025-08-28T04:46:10","guid":{"rendered":"https:\/\/roveyayinevi.com.tr\/index.php\/urun\/osmanli-topraklarinda-kadin-olmak\/"},"modified":"2026-04-16T03:10:49","modified_gmt":"2026-04-16T00:10:49","slug":"osmanli-topraklarinda-kadin-olmak","status":"publish","type":"product","link":"https:\/\/roveyayinevi.com.tr\/index.php\/urun\/osmanli-topraklarinda-kadin-olmak\/","title":{"rendered":"Osmanl\u0131 Topraklar\u0131nda Kad\u0131n Olmak"},"content":{"rendered":"<p>Osmanl\u0131 kad\u0131n\u0131n\u0131n mahrem s\u0131n\u0131rlar \u00f6l\u00e7\u00fcs\u00fcndeki hayat\u0131, as\u0131rlar boyunca geni\u015f bir co\u011frafyada h\u00fck\u00fcm s\u00fcren bir devletin, \u00fczerinde en \u00e7ok tart\u0131\u015f\u0131lan ve fanteziler \u00fcretilen unsuru olmas\u0131na yol a\u00e7m\u0131\u015ft\u0131r. Oryantalist ve ideolojik bak\u0131\u015f a\u00e7\u0131s\u0131yla ele al\u0131nan yerli ve yabanc\u0131 kaynaklarda Osmanl\u0131 kad\u0131n\u0131na dair genel kan\u0131, esaret alt\u0131nda ve \u00e7a\u011fda\u015flar\u0131n\u0131n \u00e7ok gerisinde oldu\u011fu y\u00f6n\u00fcndedir. \u2018Yard\u0131ma muhta\u00e7 bask\u0131 alt\u0131ndaki \u015farkl\u0131 kad\u0131n\u2019 alg\u0131s\u0131, \u00e7o\u011funlukla toplumsal hayat\u0131n perde arkas\u0131nda kalan saray kad\u0131nlar\u0131 \u00fczerinden y\u00fcr\u00fct\u00fclen emperyalist bir misyondur. Oysa bir\u00e7ok ulusu ve s\u0131n\u0131f\u0131 b\u00fcnyesinde bar\u0131nd\u0131ran Osmanl\u0131 Devleti\u2019nde tek tip bir kad\u0131n profili \u00e7izmek olduk\u00e7a y\u00fczeysel ve s\u0131\u011f bir yakla\u015f\u0131md\u0131r.Bu \u00e7al\u0131\u015fmada sarayl\u0131, \u015fehirli, k\u00f6yl\u00fc, M\u00fcsl\u00fcman ve gayrim\u00fcslim ayr\u0131m\u0131 yap\u0131lmaks\u0131z\u0131n Osmanl\u0131 kad\u0131nlar\u0131n\u0131n toplumsal stat\u00fcs\u00fc, haklar\u0131, sosyal hayattaki g\u00f6r\u00fcn\u00fcrl\u00fc\u011f\u00fc ve ekonomik hayata katk\u0131s\u0131 de\u011ferlendirilmi\u015ftir. Bunun yan\u0131 s\u0131ra Osmanl\u0131 kad\u0131n\u0131 ve Avrupa toplumlar\u0131ndaki kad\u0131nlar kar\u015f\u0131la\u015ft\u0131r\u0131larak, kad\u0131nlar\u0131n mevcut hak ve \u00f6zg\u00fcrl\u00fcklerinin, s\u0131n\u0131rl\u0131l\u0131klar\u0131n\u0131n, ahlak ve namus kavramlar\u0131 ile kad\u0131na y\u00fcklenen misyonun Osmanl\u0131 toplumuna has bir durum olmad\u0131\u011f\u0131n\u0131 esas\u0131nda kad\u0131nlar\u0131n hangi dine ve \u0131rka mensup olursa olsun benzer seyirde bir hayat s\u00fcrd\u00fc\u011f\u00fc ortaya \u00e7\u0131kar\u0131lm\u0131\u015ft\u0131r. Dahas\u0131 bilinenin aksine Osmanl\u0131 kad\u0131n\u0131n\u0131n, hukuki ehliyet, miras, evlilik ve bo\u015fanma gibi bir\u00e7ok y\u00f6nden \u00e7a\u011fda\u015f\u0131 Avrupa kad\u0131nlar\u0131ndan daha fazla hakka sahip oldu\u011fu g\u00f6r\u00fclm\u00fc\u015ft\u00fcr. Bu kitap, Osmanl\u0131 tarihine kad\u0131nlar\u0131n penceresinden bakarak, Osmanl\u0131 kad\u0131n\u0131 ile ilgili bilinmeyenleri objektif bir \u015fekilde g\u00f6zler \u00f6n\u00fcne sererek okuyucuyu tarihsel bir yolculu\u011fa \u00e7\u0131karmay\u0131 ama\u00e7lamaktad\u0131r.<\/p>\n","protected":false},"excerpt":{"rendered":"<p>Osmanl\u0131 kad\u0131n\u0131n\u0131n mahrem s\u0131n\u0131rlar \u00f6l\u00e7\u00fcs\u00fcndeki hayat\u0131, as\u0131rlar boyunca geni\u015f bir co\u011frafyada h\u00fck\u00fcm s\u00fcren bir devletin, \u00fczerinde en \u00e7ok tart\u0131\u015f\u0131lan ve fanteziler \u00fcretilen unsuru olmas\u0131na yol a\u00e7m\u0131\u015ft\u0131r.<span class=\"excerpt-hellip\"> [\u2026]<\/span><\/p>\n","protected":false},"featured_media":0,"template":"","meta":{"_monsterinsights_skip_tracking":false,"_monsterinsights_sitenote_active":false,"_monsterinsights_sitenote_note":"","_monsterinsights_sitenote_category":0},"product_brand":[],"product_cat":[13517,12304],"product_tag":[],"class_list":{"0":"post-757812","1":"product","2":"type-product","3":"status-publish","5":"product_cat-osmanli-tarihi","6":"product_cat-tarih","7":"pa_cilt-ciltsiz","8":"pa_tur-kitap","9":"pa_yayinevi-aktif-yayinevi","10":"pa_yazar-hacer-yilmaz","12":"first","13":"instock","14":"sale","15":"shipping-taxable","16":"purchasable","17":"product-type-simple"},"_links":{"self":[{"href":"https:\/\/roveyayinevi.com.tr\/index.php\/wp-json\/wp\/v2\/product\/757812","targetHints":{"allow":["GET"]}}],"collection":[{"href":"https:\/\/roveyayinevi.com.tr\/index.php\/wp-json\/wp\/v2\/product"}],"about":[{"href":"https:\/\/roveyayinevi.com.tr\/index.php\/wp-json\/wp\/v2\/types\/product"}],"wp:attachment":[{"href":"https:\/\/roveyayinevi.com.tr\/index.php\/wp-json\/wp\/v2\/media?parent=757812"}],"wp:term":[{"taxonomy":"product_brand","embeddable":true,"href":"https:\/\/roveyayinevi.com.tr\/index.php\/wp-json\/wp\/v2\/product_brand?post=757812"},{"taxonomy":"product_cat","embeddable":true,"href":"https:\/\/roveyayinevi.com.tr\/index.php\/wp-json\/wp\/v2\/product_cat?post=757812"},{"taxonomy":"product_tag","embeddable":true,"href":"https:\/\/roveyayinevi.com.tr\/index.php\/wp-json\/wp\/v2\/product_tag?post=757812"}],"curies":[{"name":"wp","href":"https:\/\/api.w.org\/{rel}","templated":true}]}}