{"id":757795,"date":"2025-08-28T07:45:49","date_gmt":"2025-08-28T04:45:49","guid":{"rendered":"https:\/\/roveyayinevi.com.tr\/index.php\/urun\/60-yilin-ardindan-turkiye-almanya-iliskileri-ve-almanyadaki-turkler\/"},"modified":"2026-04-16T03:10:48","modified_gmt":"2026-04-16T00:10:48","slug":"60-yilin-ardindan-turkiye-almanya-iliskileri-ve-almanyadaki-turkler","status":"publish","type":"product","link":"https:\/\/roveyayinevi.com.tr\/index.php\/urun\/60-yilin-ardindan-turkiye-almanya-iliskileri-ve-almanyadaki-turkler\/","title":{"rendered":"60 Y\u0131l\u0131n Ard\u0131ndan T\u00fcrkiye-Almanya \u0130li\u015fkileri ve Almanya&#8217;daki T\u00fcrkler"},"content":{"rendered":"<p>13 b\u00f6l\u00fcmden olu\u015fan bu \u00e7al\u0131\u015fma, son 60 y\u0131l\u0131 \u00f6nceleyerek T\u00fcrkiye-Almanya ili\u015fkilerini ve Almanya\u2019daki T\u00fcrklerin g\u00fcncel durumunu kapsaml\u0131 bir de\u011ferlendirmeye tabi tutuyor.Farkl\u0131 disiplinlerden alan\u0131nda uzman 16 ara\u015ft\u0131rmac\u0131n\u0131n katk\u0131s\u0131yla haz\u0131rlanan kitapta \u00f6ncelikle iki \u00fclke aras\u0131ndaki ili\u015fkilerin tarihi boyutu inceleniyor. Daha sonra T\u00fcrkiye ve Almanya aras\u0131nda 1961\u2019de imzalanan \u0130\u015fg\u00fcc\u00fc Antla\u015fmas\u0131 temel al\u0131narak T\u00fcrkiye\u2019den Almanya\u2019ya ya\u015fanan g\u00f6\u00e7\u00fcn 60 y\u0131ll\u0131k hikayesi de\u011ferlendiriliyor.Devam\u0131nda s\u0131ras\u0131yla T\u00fcrkiye-Avrupa Birli\u011fi ili\u015fkilerinde Almanya\u2019n\u0131n oynad\u0131\u011f\u0131 rol, a\u015f\u0131r\u0131 sa\u011f\u0131n T\u00fcrkiye-Almanya ili\u015fkilerine etkisi ile T\u00fcrkiye\u2019de faaliyet g\u00f6steren Alman vak\u0131flar\u0131n\u0131n ikili ili\u015fkileri nas\u0131l y\u00f6nlendirmeye \u00e7al\u0131\u015ft\u0131\u011f\u0131 irdeleniyor. Akabinde ikili ili\u015fkilerde birer f\u0131rsat kap\u0131s\u0131 olarak ekonomi, enerji ve turizmin yeri tart\u0131\u015f\u0131l\u0131yor.Bunlar\u0131n yan\u0131 s\u0131ra Almanya\u2019daki T\u00fcrkiye k\u00f6kenli din g\u00f6revlilerinin e\u011fitimi ve istihdam\u0131 ile Almanya\u2019da koruma alt\u0131na al\u0131nan T\u00fcrkiye k\u00f6kenli \u00e7ocuklar\u0131n durumu gibi iki m\u00fchim konuya temas ediliyor. Son olarak ikili ili\u015fkilerdeki f\u0131rsatlar ve tehditler ile ilgili genel bir perspektif sunuluyor.<\/p>\n","protected":false},"excerpt":{"rendered":"<p>13 b\u00f6l\u00fcmden olu\u015fan bu \u00e7al\u0131\u015fma, son 60 y\u0131l\u0131 \u00f6nceleyerek T\u00fcrkiye-Almanya ili\u015fkilerini ve Almanya\u2019daki T\u00fcrklerin g\u00fcncel durumunu kapsaml\u0131 bir de\u011ferlendirmeye tabi tutuyor.Farkl\u0131 disiplinlerden alan\u0131nda uzman 16 ara\u015ft\u0131rmac\u0131n\u0131n<span class=\"excerpt-hellip\"> [\u2026]<\/span><\/p>\n","protected":false},"featured_media":0,"template":"","meta":{"_monsterinsights_skip_tracking":false,"_monsterinsights_sitenote_active":false,"_monsterinsights_sitenote_note":"","_monsterinsights_sitenote_category":0},"product_brand":[],"product_cat":[12370,12304],"product_tag":[],"class_list":{"0":"post-757795","1":"product","2":"type-product","3":"status-publish","5":"product_cat-arastirma-inceleme","6":"product_cat-tarih","7":"pa_cilt-ciltsiz","8":"pa_tur-kitap","9":"pa_yayinevi-aktif-yayinevi","10":"pa_yazar-aktif-kolektif","12":"first","13":"instock","14":"sale","15":"shipping-taxable","16":"purchasable","17":"product-type-simple"},"_links":{"self":[{"href":"https:\/\/roveyayinevi.com.tr\/index.php\/wp-json\/wp\/v2\/product\/757795","targetHints":{"allow":["GET"]}}],"collection":[{"href":"https:\/\/roveyayinevi.com.tr\/index.php\/wp-json\/wp\/v2\/product"}],"about":[{"href":"https:\/\/roveyayinevi.com.tr\/index.php\/wp-json\/wp\/v2\/types\/product"}],"wp:attachment":[{"href":"https:\/\/roveyayinevi.com.tr\/index.php\/wp-json\/wp\/v2\/media?parent=757795"}],"wp:term":[{"taxonomy":"product_brand","embeddable":true,"href":"https:\/\/roveyayinevi.com.tr\/index.php\/wp-json\/wp\/v2\/product_brand?post=757795"},{"taxonomy":"product_cat","embeddable":true,"href":"https:\/\/roveyayinevi.com.tr\/index.php\/wp-json\/wp\/v2\/product_cat?post=757795"},{"taxonomy":"product_tag","embeddable":true,"href":"https:\/\/roveyayinevi.com.tr\/index.php\/wp-json\/wp\/v2\/product_tag?post=757795"}],"curies":[{"name":"wp","href":"https:\/\/api.w.org\/{rel}","templated":true}]}}