{"id":757780,"date":"2025-08-28T07:45:30","date_gmt":"2025-08-28T04:45:30","guid":{"rendered":"https:\/\/roveyayinevi.com.tr\/index.php\/urun\/27-mayis-darbesine-dogru-tbmm-1957-1960\/"},"modified":"2026-04-16T03:10:48","modified_gmt":"2026-04-16T00:10:48","slug":"27-mayis-darbesine-dogru-tbmm-1957-1960","status":"publish","type":"product","link":"https:\/\/roveyayinevi.com.tr\/index.php\/urun\/27-mayis-darbesine-dogru-tbmm-1957-1960\/","title":{"rendered":"27 May\u0131s Darbesine Do\u011fru TBMM (1957-1960)"},"content":{"rendered":"<p>T\u00fcrk demokrasi tarihinin geli\u015fiminde 27 May\u0131s 1960 Darbesi \u00f6nemli bir yere sahiptir. Bu darbeyle demokrasinin geli\u015fimi olumsuz etkilenmi\u015f ve bir darbe gelene\u011fi ba\u015flat\u0131lm\u0131\u015ft\u0131r. \u0130lerleyen y\u0131llarda askeri vesayet, sivil siyasetin \u00fczerinde Demoklesin k\u0131l\u0131c\u0131 gibi sallanacakt\u0131r. Bu kitapta 11. D\u00f6nem TBMMnin Zab\u0131t Cerideleri \u0131\u015f\u0131\u011f\u0131nda 27 May\u0131s Darbesine giden s\u00fcre\u00e7te ya\u015fanan geli\u015fmeler incelenmi\u015f ve 1957-1960 aras\u0131 d\u00f6nemde meydana gelen olaylar\u0131n mecliste nas\u0131l ve ne \u015fekilde tart\u0131\u015f\u0131ld\u0131\u011f\u0131 ele al\u0131nm\u0131\u015ft\u0131r.<\/p>\n","protected":false},"excerpt":{"rendered":"<p>T\u00fcrk demokrasi tarihinin geli\u015fiminde 27 May\u0131s 1960 Darbesi \u00f6nemli bir yere sahiptir. Bu darbeyle demokrasinin geli\u015fimi olumsuz etkilenmi\u015f ve bir darbe gelene\u011fi ba\u015flat\u0131lm\u0131\u015ft\u0131r. \u0130lerleyen y\u0131llarda askeri<span class=\"excerpt-hellip\"> [\u2026]<\/span><\/p>\n","protected":false},"featured_media":0,"template":"","meta":{"_monsterinsights_skip_tracking":false,"_monsterinsights_sitenote_active":false,"_monsterinsights_sitenote_note":"","_monsterinsights_sitenote_category":0},"product_brand":[],"product_cat":[12304],"product_tag":[],"class_list":{"0":"post-757780","1":"product","2":"type-product","3":"status-publish","5":"product_cat-tarih","6":"pa_cilt-ciltsiz","7":"pa_tur-kitap","8":"pa_yayinevi-aktif-yayinevi","9":"pa_yazar-muharrem-turp","11":"first","12":"instock","13":"sale","14":"shipping-taxable","15":"purchasable","16":"product-type-simple"},"_links":{"self":[{"href":"https:\/\/roveyayinevi.com.tr\/index.php\/wp-json\/wp\/v2\/product\/757780","targetHints":{"allow":["GET"]}}],"collection":[{"href":"https:\/\/roveyayinevi.com.tr\/index.php\/wp-json\/wp\/v2\/product"}],"about":[{"href":"https:\/\/roveyayinevi.com.tr\/index.php\/wp-json\/wp\/v2\/types\/product"}],"wp:attachment":[{"href":"https:\/\/roveyayinevi.com.tr\/index.php\/wp-json\/wp\/v2\/media?parent=757780"}],"wp:term":[{"taxonomy":"product_brand","embeddable":true,"href":"https:\/\/roveyayinevi.com.tr\/index.php\/wp-json\/wp\/v2\/product_brand?post=757780"},{"taxonomy":"product_cat","embeddable":true,"href":"https:\/\/roveyayinevi.com.tr\/index.php\/wp-json\/wp\/v2\/product_cat?post=757780"},{"taxonomy":"product_tag","embeddable":true,"href":"https:\/\/roveyayinevi.com.tr\/index.php\/wp-json\/wp\/v2\/product_tag?post=757780"}],"curies":[{"name":"wp","href":"https:\/\/api.w.org\/{rel}","templated":true}]}}