{"id":757716,"date":"2025-08-28T07:44:06","date_gmt":"2025-08-28T04:44:06","guid":{"rendered":"https:\/\/roveyayinevi.com.tr\/index.php\/urun\/avrupa-cografyasi\/"},"modified":"2026-04-16T03:10:46","modified_gmt":"2026-04-16T00:10:46","slug":"avrupa-cografyasi","status":"publish","type":"product","link":"https:\/\/roveyayinevi.com.tr\/index.php\/urun\/avrupa-cografyasi\/","title":{"rendered":"Avrupa Co\u011frafyas\u0131"},"content":{"rendered":"<p>Avrupa k\u0131tas\u0131nda g\u00f6r\u00fclen reformist hareketler, sosyal hayattan k\u00fclt\u00fcre, tar\u0131mdan sanayiye kadar t\u00fcm faaliyet alanlar\u0131na yans\u0131mas\u0131 olmu\u015ftur. Bu de\u011fi\u015fimin e\u015fli\u011finde ya\u015fanan gerek teknolojik geli\u015fmeler gerek ise h\u0131zl\u0131 n\u00fcfus art\u0131\u015f\u0131 Avrupa insan\u0131n\u0131 ba\u015fka k\u0131talara y\u00f6nelmeye zorlam\u0131\u015ft\u0131r. \u0130\u015fte bu zorlama sonucu, d\u00fcnyam\u0131z; gelecekte de uzun s\u00fcre konu\u015fulacak ve tart\u0131\u015f\u0131lacak olan s\u00f6m\u00fcrgecilik olay\u0131na sahne olmu\u015ftur. Avrupan\u0131n D\u00fcnyaya a\u00e7\u0131lmas\u0131yla ba\u015flayan hareket, bug\u00fcn t\u00fcm d\u00fcnyan\u0131n Avrupal\u0131la\u015ft\u0131r\u0131lmas\u0131 ile sonu\u00e7lanm\u0131\u015ft\u0131r.D\u00fcnya tarihini \u00f6\u011frenebilmek i\u00e7in sadece tarih de\u011fil co\u011frafya bilimine de ba\u015fvurulmal\u0131d\u0131r. Avrupa Co\u011frafyas\u0131 kitab\u0131 iki k\u0131s\u0131mdan olu\u015fmaktad\u0131r. Birinci k\u0131s\u0131mda Avrupa k\u0131tas\u0131n\u0131n genel co\u011frafi \u00f6zellikleri ele al\u0131nm\u0131\u015f, ikinci k\u0131s\u0131mda da Avrupa k\u0131tas\u0131nda yer alan \u00fclkelerin co\u011frafyas\u0131 ayr\u0131 ayr\u0131 incelenmi\u015ftir.<\/p>\n","protected":false},"excerpt":{"rendered":"<p>Avrupa k\u0131tas\u0131nda g\u00f6r\u00fclen reformist hareketler, sosyal hayattan k\u00fclt\u00fcre, tar\u0131mdan sanayiye kadar t\u00fcm faaliyet alanlar\u0131na yans\u0131mas\u0131 olmu\u015ftur. Bu de\u011fi\u015fimin e\u015fli\u011finde ya\u015fanan gerek teknolojik geli\u015fmeler gerek ise h\u0131zl\u0131<span class=\"excerpt-hellip\"> [\u2026]<\/span><\/p>\n","protected":false},"featured_media":0,"template":"","meta":{"_monsterinsights_skip_tracking":false,"_monsterinsights_sitenote_active":false,"_monsterinsights_sitenote_note":"","_monsterinsights_sitenote_category":0},"product_brand":[],"product_cat":[12364],"product_tag":[],"class_list":{"0":"post-757716","1":"product","2":"type-product","3":"status-publish","5":"product_cat-genel-konular","6":"pa_cilt-ciltsiz","7":"pa_tur-kitap","8":"pa_yayinevi-aktif-yayinevi","9":"pa_yazar-ramazan-ozey","11":"first","12":"instock","13":"sale","14":"shipping-taxable","15":"purchasable","16":"product-type-simple"},"_links":{"self":[{"href":"https:\/\/roveyayinevi.com.tr\/index.php\/wp-json\/wp\/v2\/product\/757716","targetHints":{"allow":["GET"]}}],"collection":[{"href":"https:\/\/roveyayinevi.com.tr\/index.php\/wp-json\/wp\/v2\/product"}],"about":[{"href":"https:\/\/roveyayinevi.com.tr\/index.php\/wp-json\/wp\/v2\/types\/product"}],"wp:attachment":[{"href":"https:\/\/roveyayinevi.com.tr\/index.php\/wp-json\/wp\/v2\/media?parent=757716"}],"wp:term":[{"taxonomy":"product_brand","embeddable":true,"href":"https:\/\/roveyayinevi.com.tr\/index.php\/wp-json\/wp\/v2\/product_brand?post=757716"},{"taxonomy":"product_cat","embeddable":true,"href":"https:\/\/roveyayinevi.com.tr\/index.php\/wp-json\/wp\/v2\/product_cat?post=757716"},{"taxonomy":"product_tag","embeddable":true,"href":"https:\/\/roveyayinevi.com.tr\/index.php\/wp-json\/wp\/v2\/product_tag?post=757716"}],"curies":[{"name":"wp","href":"https:\/\/api.w.org\/{rel}","templated":true}]}}