{"id":757538,"date":"2025-08-28T07:38:36","date_gmt":"2025-08-28T04:38:36","guid":{"rendered":"https:\/\/roveyayinevi.com.tr\/index.php\/urun\/iki-damla-gozyasi-ataturku-duygulandiran-anlar\/"},"modified":"2026-04-16T03:10:42","modified_gmt":"2026-04-16T00:10:42","slug":"iki-damla-gozyasi-ataturku-duygulandiran-anlar","status":"publish","type":"product","link":"https:\/\/roveyayinevi.com.tr\/index.php\/urun\/iki-damla-gozyasi-ataturku-duygulandiran-anlar\/","title":{"rendered":"\u0130ki Damla G\u00f6zya\u015f\u0131 &#8211; Atat\u00fcrk\u2019\u00fc Duyguland\u0131ran Anlar"},"content":{"rendered":"<p>\u201cSanat\u00e7\u0131lar \u2018Gel gitme kad\u0131n\u2026\u2019 diye ba\u015flayan \u015fark\u0131y\u0131 s\u00f6ylemeye ba\u015flad\u0131lar. G\u00f6zlerim birden Atat\u00fcrk\u2019\u00fcn y\u00fcz\u00fcne tak\u0131ld\u0131. Ve Atat\u00fcrk a\u011fl\u0131yordu\u2026\u201d Beni Atat\u00fcrk\u2019\u00fcn g\u00f6zya\u015f\u0131 d\u00f6kt\u00fc\u011f\u00fc anlar\u0131 ara\u015ft\u0131rmaya s\u00fcr\u00fckleyen merak, manevi k\u0131zlar\u0131ndan Sabiha G\u00f6k\u00e7en\u2019in an\u0131lar\u0131nda yer verdi\u011fi bu olay\u0131 okumamla ba\u015flad\u0131. Acaba Atat\u00fcrk, ba\u015fka hangi anlarda g\u00f6zya\u015f\u0131 d\u00f6km\u00fc\u015ft\u00fc? \u015eair-yazar \u015eemsi Belli, Atat\u00fcrk\u2019\u00fcn k\u0131z karde\u015fi Makbule Atadan ile yap\u0131lan s\u00f6yle\u015fileri i\u00e7eren 1959 y\u0131l\u0131nda bas\u0131lm\u0131\u015f \u201cA\u011fabeyim Mustafa Kemal\u201d adl\u0131 kitab\u0131nda, Atadan\u2019a Atat\u00fcrk\u2019\u00fcn a\u011flay\u0131p a\u011flamad\u0131\u011f\u0131n\u0131 soruyor; \u201cAtat\u00fcrk kolay kolay a\u011flamazd\u0131. A\u011fabeyimin a\u011flamas\u0131 \u00e7ok a\u011f\u0131rd\u0131. En ac\u0131 hadiseler bile onun g\u00f6z\u00fcn\u00fc ya\u015fartmazd\u0131. Annem \u00f6ld\u00fc\u011f\u00fc zaman a\u011flad\u0131\u011f\u0131n\u0131 hat\u0131rl\u0131yorum. O g\u00fcnden sonra Atat\u00fcrk\u2019\u00fcn a\u011flad\u0131\u011f\u0131n\u0131 bilmiyorum. \u00c7ok hisli bir insand\u0131 ama iradesi de \u00e7ok kuvvetliydi\u2026\u201d cevab\u0131n\u0131 al\u0131yor.      Evet Makbule Atadan\u2019\u0131n tan\u0131kl\u0131\u011f\u0131 ve bildikleri bunlar. Fakat bu kitapta yaz\u0131lanlar\u0131 okudu\u011funuzda g\u00f6receksiniz ki, bu tan\u0131kl\u0131k, h\u00fck\u00fcm vermek i\u00e7in yeterli de\u011fil.      Atatu\u0308rk\u2019\u00fcn farkl\u0131 olaylarda, yan\u0131nda bulunmu\u015f farkl\u0131 ki\u015filerin tan\u0131kl\u0131klar\u0131 da gerekli.                                                                                                                                                              Hayri K\u00d6KL\u00dc <\/p>\n","protected":false},"excerpt":{"rendered":"<p>\u201cSanat\u00e7\u0131lar \u2018Gel gitme kad\u0131n\u2026\u2019 diye ba\u015flayan \u015fark\u0131y\u0131 s\u00f6ylemeye ba\u015flad\u0131lar. G\u00f6zlerim birden Atat\u00fcrk\u2019\u00fcn y\u00fcz\u00fcne tak\u0131ld\u0131. Ve Atat\u00fcrk a\u011fl\u0131yordu\u2026\u201d Beni Atat\u00fcrk\u2019\u00fcn g\u00f6zya\u015f\u0131 d\u00f6kt\u00fc\u011f\u00fc anlar\u0131 ara\u015ft\u0131rmaya s\u00fcr\u00fckleyen merak, manevi<span class=\"excerpt-hellip\"> [\u2026]<\/span><\/p>\n","protected":false},"featured_media":0,"template":"","meta":{"_monsterinsights_skip_tracking":false,"_monsterinsights_sitenote_active":false,"_monsterinsights_sitenote_note":"","_monsterinsights_sitenote_category":0},"product_brand":[],"product_cat":[12530,12304],"product_tag":[],"class_list":{"0":"post-757538","1":"product","2":"type-product","3":"status-publish","5":"product_cat-mustafa-kemal-ataturk","6":"product_cat-tarih","7":"pa_cilt-ciltsiz","8":"pa_tur-kitap","9":"pa_yayinevi-galeati-yayincilik","10":"pa_yazar-hayri-koklu","12":"first","13":"instock","14":"sale","15":"shipping-taxable","16":"purchasable","17":"product-type-simple"},"_links":{"self":[{"href":"https:\/\/roveyayinevi.com.tr\/index.php\/wp-json\/wp\/v2\/product\/757538","targetHints":{"allow":["GET"]}}],"collection":[{"href":"https:\/\/roveyayinevi.com.tr\/index.php\/wp-json\/wp\/v2\/product"}],"about":[{"href":"https:\/\/roveyayinevi.com.tr\/index.php\/wp-json\/wp\/v2\/types\/product"}],"wp:attachment":[{"href":"https:\/\/roveyayinevi.com.tr\/index.php\/wp-json\/wp\/v2\/media?parent=757538"}],"wp:term":[{"taxonomy":"product_brand","embeddable":true,"href":"https:\/\/roveyayinevi.com.tr\/index.php\/wp-json\/wp\/v2\/product_brand?post=757538"},{"taxonomy":"product_cat","embeddable":true,"href":"https:\/\/roveyayinevi.com.tr\/index.php\/wp-json\/wp\/v2\/product_cat?post=757538"},{"taxonomy":"product_tag","embeddable":true,"href":"https:\/\/roveyayinevi.com.tr\/index.php\/wp-json\/wp\/v2\/product_tag?post=757538"}],"curies":[{"name":"wp","href":"https:\/\/api.w.org\/{rel}","templated":true}]}}