{"id":757502,"date":"2025-08-28T07:37:38","date_gmt":"2025-08-28T04:37:38","guid":{"rendered":"https:\/\/roveyayinevi.com.tr\/index.php\/urun\/buyuk-fetih\/"},"modified":"2026-04-16T03:10:42","modified_gmt":"2026-04-16T00:10:42","slug":"buyuk-fetih","status":"publish","type":"product","link":"https:\/\/roveyayinevi.com.tr\/index.php\/urun\/buyuk-fetih\/","title":{"rendered":"B\u00fcy\u00fck Fetih"},"content":{"rendered":"<p>Osmano\u011fullar\u0131n\u0131n ele ald\u0131\u011f\u0131, Fatih\u2019le, Yavuz gibi d\u00e2hi devlet adamlar\u0131n\u0131n siyas\u00ee tarihe insan zek\u00e2s\u0131n\u0131n h\u00e2rikalar\u0131ndan biri halinde tevdi ettikleri devlet anlay\u0131\u015f\u0131, merkeziyet\u00e7i ve otoriteli devletti. Ayn\u0131 zamanda hukuk-i ibaddan h\u00fck\u00fcmdar\u0131 \u015fiddetle mesul edici totaliter esasa dayan\u0131yordu. \u00d6nce merkeziyet\u00e7i idi. \u00dc\u00e7 k\u0131taya yak\u0131n devlet \u00fclkesini bir merkeze s\u0131ms\u0131k\u0131 ba\u011fl\u0131yordu. Eski Roma \u0130mparatorlu\u011fu\u2019nun koyu merkeziyet\u00e7ili\u011fi bizde adalet ve mesuliyet prensiplerine ba\u011fl\u0131 olarak akla hayret veren bir hukuk ve ahl\u00e2k niz\u00e2m\u0131 i\u00e7inde ya\u015fat\u0131lmakta idi. Bu devletin di\u011fer karakteri otoriteli olu\u015fudur. L\u00e2kin onda otorite y\u00e2ni am iktidar, orta\u00e7a\u011f\u0131n \u0130ngiltere Krall\u0131\u011f\u0131\u2019yla, Papal\u0131k devletinde oldu\u011fu gibi h\u00fck\u00fcmdar\u0131n keyf ve iradesinden do\u011fma de\u011fildir. Halk\u0131n dima\u011f\u0131n\u0131 te\u015fkil eden ilmiye s\u0131n\u0131f\u0131na y\u00e2ni m\u00fcnevverlere dayan\u0131r ve her hareketinden Allah\u2019a hesap verme\u011fe mecburdur. Ancak bu hesap verme mecburiyeti, bu sorumluluk sadece \u00e2hirete b\u0131rak\u0131lmak suretiyle h\u00fck\u00fcmdar\u0131n ferd\u00ee iradesine terk edilmemi\u015ftir. Bu devletin \u00fc\u00e7\u00fcnc\u00fc bir karakteri h\u00fcr bir totalitarizme dayanm\u0131\u015f olmas\u0131d\u0131r. Y\u00e2ni bu devlet, halk\u0131n b\u00fct\u00fcn ihtiya\u00e7lar\u0131na uzan\u0131r ve onlar\u0131 kar\u015f\u0131lamaya \u00e7al\u0131\u015f\u0131r. Hukuk-i ibaddan \u015fiddetle mesuld\u00fcr.<\/p>\n","protected":false},"excerpt":{"rendered":"<p>Osmano\u011fullar\u0131n\u0131n ele ald\u0131\u011f\u0131, Fatih\u2019le, Yavuz gibi d\u00e2hi devlet adamlar\u0131n\u0131n siyas\u00ee tarihe insan zek\u00e2s\u0131n\u0131n h\u00e2rikalar\u0131ndan biri halinde tevdi ettikleri devlet anlay\u0131\u015f\u0131, merkeziyet\u00e7i ve otoriteli devletti. Ayn\u0131 zamanda<span class=\"excerpt-hellip\"> [\u2026]<\/span><\/p>\n","protected":false},"featured_media":0,"template":"","meta":{"_monsterinsights_skip_tracking":false,"_monsterinsights_sitenote_active":false,"_monsterinsights_sitenote_note":"","_monsterinsights_sitenote_category":0},"product_brand":[],"product_cat":[12370,12304],"product_tag":[],"class_list":{"0":"post-757502","1":"product","2":"type-product","3":"status-publish","5":"product_cat-arastirma-inceleme","6":"product_cat-tarih","7":"pa_cilt-ciltsiz","8":"pa_tur-kitap","9":"pa_yayinevi-dergah-yayinlari","10":"pa_yazar-nurettin-topcu","12":"first","13":"instock","14":"sale","15":"shipping-taxable","16":"purchasable","17":"product-type-simple"},"_links":{"self":[{"href":"https:\/\/roveyayinevi.com.tr\/index.php\/wp-json\/wp\/v2\/product\/757502","targetHints":{"allow":["GET"]}}],"collection":[{"href":"https:\/\/roveyayinevi.com.tr\/index.php\/wp-json\/wp\/v2\/product"}],"about":[{"href":"https:\/\/roveyayinevi.com.tr\/index.php\/wp-json\/wp\/v2\/types\/product"}],"wp:attachment":[{"href":"https:\/\/roveyayinevi.com.tr\/index.php\/wp-json\/wp\/v2\/media?parent=757502"}],"wp:term":[{"taxonomy":"product_brand","embeddable":true,"href":"https:\/\/roveyayinevi.com.tr\/index.php\/wp-json\/wp\/v2\/product_brand?post=757502"},{"taxonomy":"product_cat","embeddable":true,"href":"https:\/\/roveyayinevi.com.tr\/index.php\/wp-json\/wp\/v2\/product_cat?post=757502"},{"taxonomy":"product_tag","embeddable":true,"href":"https:\/\/roveyayinevi.com.tr\/index.php\/wp-json\/wp\/v2\/product_tag?post=757502"}],"curies":[{"name":"wp","href":"https:\/\/api.w.org\/{rel}","templated":true}]}}