{"id":757484,"date":"2025-08-28T07:37:09","date_gmt":"2025-08-28T04:37:09","guid":{"rendered":"https:\/\/roveyayinevi.com.tr\/index.php\/urun\/bizim-de-gunumuz-gelecek-2\/"},"modified":"2026-04-16T03:10:41","modified_gmt":"2026-04-16T00:10:41","slug":"bizim-de-gunumuz-gelecek-2","status":"publish","type":"product","link":"https:\/\/roveyayinevi.com.tr\/index.php\/urun\/bizim-de-gunumuz-gelecek-2\/","title":{"rendered":"Bizim De G\u00fcn\u00fcm\u00fcz Gelecek"},"content":{"rendered":"<p>Oktay Duman, sosyalist hareketin farkl\u0131 ku\u015faklar\u0131nda yer alan devrimcilerin ya\u015fam\u00f6yk\u00fclerinin izini s\u00fcrmeye devam ediyor. Bu sefer Manisa G\u00f6lmarmara\u2019da 1960\u2019l\u0131 y\u0131llar\u0131n ba\u015f\u0131nda sosyalizmle tan\u0131\u015fan, \u00f6mr\u00fcn\u00fcn 60 y\u0131l\u0131n\u0131 sosyalist m\u00fccadeleye adam\u0131\u015f, Ege\u2019de T\u0130P\u2019in sembollerinden, bir\u00e7ok devrimci ve sosyalist \u00e7evrenin ad\u0131n\u0131 sayg\u0131yla and\u0131\u011f\u0131 Sava\u015f Al\u2019\u0131n ya\u015fam\u0131n\u0131 anlat\u0131yor. Bu kitapla, 1960\u2019l\u0131 y\u0131llar\u0131n ba\u015f\u0131ndan itibaren k\u00f6y k\u00f6y, kasaba kasaba sosyalist m\u00fccadelenin hangi \u00e7ileli yollardan ge\u00e7erek bug\u00fcnlere geldi\u011fini \u00e7arp\u0131c\u0131 bir ya\u015fam\u00f6yk\u00fcs\u00fcyle okuyucuya aktar\u0131yor. Bu yolcululukta ise ona, 1960\u2019l\u0131 y\u0131llar\u0131n ba\u015f\u0131ndan \u00f6ld\u00fc\u011f\u00fc g\u00fcne kadar inat\u00e7\u0131 ve inan\u00e7l\u0131 bir Marksist olarak ya\u015fam\u0131\u015f, heyecan\u0131n\u0131 ve idealizmini hi\u00e7bir zaman yitirmemi\u015f bir kom\u00fcnist olan Sava\u015f Al e\u015flik ediyor. Bu \u00e7al\u0131\u015fmas\u0131yla Sava\u015f Al\u2019\u0131 yak\u0131ndan tan\u0131mak, onun uzun y\u0131llara dayanan m\u00fccadele deneyiminden dam\u0131tt\u0131\u011f\u0131 sonu\u00e7lardan yararlanmak isteyenlere verimli bir kaynak sunuyor. Okuyucu, Sava\u015f Al\u2019\u0131n m\u00fccadele hayat\u0131n\u0131 kendi a\u011fz\u0131ndan soluksuz dinlerken, bu topraklarda sosyalist m\u00fccadelenin hangi zorluklar ve bedellerle bug\u00fcnlere geldi\u011fine bir kez daha tan\u0131kl\u0131k ediyor. Sava\u015f Al\u2019\u0131n m\u00fccadele hayat\u0131 bizlere; yarat\u0131c\u0131l\u0131ktan uzak, bilimsel ve ele\u015ftirel olmayan bir akl\u0131n, Marksist bir e\u011fitimle ta\u00e7lanmam\u0131\u015f bilginin, co\u015fkudan yoksun, militanl\u0131ktan uzak, kendini g\u00fcn\u00fcn de\u011fi\u015fen ko\u015fullar\u0131na g\u00f6re uyarlayamam\u0131\u015f bir devrimcili\u011fin, \u0131srarl\u0131 olmaktan yoksun bir \u00f6rg\u00fct\u00e7\u00fcl\u00fc\u011f\u00fcn, s\u00fcreklili\u011fi sa\u011flanamam\u0131\u015f hi\u00e7bir politik kitle \u00e7al\u0131\u015fmas\u0131n\u0131n \u00f6denen bedellere ra\u011fmen bu topraklarda neden ba\u015far\u0131l\u0131 olamayaca\u011f\u0131n\u0131 bir kez daha g\u00f6steriyor. Sava\u015f Al, kitap boyunca ald\u0131\u011f\u0131 b\u00fct\u00fcn yenilgilere ra\u011fmen sosyalizm kavgas\u0131n\u0131n s\u00fcrd\u00fc\u011f\u00fcn\u00fc dile getirirken \u201cBizim de G\u00fcn\u00fcm\u00fcz Gelecek\u201d diyerek uzaklardan bizlere seslenmeye devam ediyor. <\/p>\n","protected":false},"excerpt":{"rendered":"<p>Oktay Duman, sosyalist hareketin farkl\u0131 ku\u015faklar\u0131nda yer alan devrimcilerin ya\u015fam\u00f6yk\u00fclerinin izini s\u00fcrmeye devam ediyor. Bu sefer Manisa G\u00f6lmarmara\u2019da 1960\u2019l\u0131 y\u0131llar\u0131n ba\u015f\u0131nda sosyalizmle tan\u0131\u015fan, \u00f6mr\u00fcn\u00fcn 60 y\u0131l\u0131n\u0131<span class=\"excerpt-hellip\"> [\u2026]<\/span><\/p>\n","protected":false},"featured_media":0,"template":"","meta":{"_monsterinsights_skip_tracking":false,"_monsterinsights_sitenote_active":false,"_monsterinsights_sitenote_note":"","_monsterinsights_sitenote_category":0},"product_brand":[],"product_cat":[12304,14128],"product_tag":[],"class_list":{"0":"post-757484","1":"product","2":"type-product","3":"status-publish","5":"product_cat-tarih","6":"product_cat-yakin-tarih","7":"pa_cilt-ciltsiz","8":"pa_tur-kitap","9":"pa_yayinevi-ayrinti-yayinlari","10":"pa_yazar-oktay-duman","12":"first","13":"instock","14":"sale","15":"shipping-taxable","16":"purchasable","17":"product-type-simple"},"_links":{"self":[{"href":"https:\/\/roveyayinevi.com.tr\/index.php\/wp-json\/wp\/v2\/product\/757484","targetHints":{"allow":["GET"]}}],"collection":[{"href":"https:\/\/roveyayinevi.com.tr\/index.php\/wp-json\/wp\/v2\/product"}],"about":[{"href":"https:\/\/roveyayinevi.com.tr\/index.php\/wp-json\/wp\/v2\/types\/product"}],"wp:attachment":[{"href":"https:\/\/roveyayinevi.com.tr\/index.php\/wp-json\/wp\/v2\/media?parent=757484"}],"wp:term":[{"taxonomy":"product_brand","embeddable":true,"href":"https:\/\/roveyayinevi.com.tr\/index.php\/wp-json\/wp\/v2\/product_brand?post=757484"},{"taxonomy":"product_cat","embeddable":true,"href":"https:\/\/roveyayinevi.com.tr\/index.php\/wp-json\/wp\/v2\/product_cat?post=757484"},{"taxonomy":"product_tag","embeddable":true,"href":"https:\/\/roveyayinevi.com.tr\/index.php\/wp-json\/wp\/v2\/product_tag?post=757484"}],"curies":[{"name":"wp","href":"https:\/\/api.w.org\/{rel}","templated":true}]}}