{"id":757288,"date":"2025-08-28T07:31:46","date_gmt":"2025-08-28T04:31:46","guid":{"rendered":"https:\/\/roveyayinevi.com.tr\/index.php\/urun\/annemi-oldurdugum-hikayeler\/"},"modified":"2026-04-16T03:10:08","modified_gmt":"2026-04-16T00:10:08","slug":"annemi-oldurdugum-hikayeler","status":"publish","type":"product","link":"https:\/\/roveyayinevi.com.tr\/index.php\/urun\/annemi-oldurdugum-hikayeler\/","title":{"rendered":"Annemi \u00d6ld\u00fcrd\u00fc\u011f\u00fcm Hikayeler"},"content":{"rendered":"<p>Annemi \u00d6ld\u00fcrd\u00fc\u011f\u00fcm Hik\u00e2yeler ger\u00e7ekli\u011fin s\u0131n\u0131rlar\u0131nda dola\u015fan ve u\u00e7uruma g\u00f6zlerini dikenlerin \u00fcrk\u00fct\u00fcc\u00fc anlar\u0131na odaklanan sert bir \u00f6yk\u00fc kitab\u0131. Yurtd\u0131\u015f\u0131 festivallerinde ses getiren Bask\u0131n filmi ile \u00c7\u0131plak dizisinin \u00f6d\u00fcll\u00fc y\u00f6netmeni ve yazar\u0131 Can Evrenol doksanlar T\u00fcrkiye\u2019sini arka plan\u0131na alarak tekinsiz k\u00f6pr\u00fc altlar\u0131nda, bo\u015f sahil kasabalar\u0131nda hatta insan beyninin i\u00e7inde bile en beklenmedik durumlarla y\u00fczle\u015ftiriyor okurunu. <\/p>\n","protected":false},"excerpt":{"rendered":"<p>Annemi \u00d6ld\u00fcrd\u00fc\u011f\u00fcm Hik\u00e2yeler ger\u00e7ekli\u011fin s\u0131n\u0131rlar\u0131nda dola\u015fan ve u\u00e7uruma g\u00f6zlerini dikenlerin \u00fcrk\u00fct\u00fcc\u00fc anlar\u0131na odaklanan sert bir \u00f6yk\u00fc kitab\u0131. Yurtd\u0131\u015f\u0131 festivallerinde ses getiren Bask\u0131n filmi ile \u00c7\u0131plak dizisinin<span class=\"excerpt-hellip\"> [\u2026]<\/span><\/p>\n","protected":false},"featured_media":0,"template":"","meta":{"_monsterinsights_skip_tracking":false,"_monsterinsights_sitenote_active":false,"_monsterinsights_sitenote_note":"","_monsterinsights_sitenote_category":0},"product_brand":[],"product_cat":[12291,17033],"product_tag":[],"class_list":{"0":"post-757288","1":"product","2":"type-product","3":"status-publish","5":"product_cat-edebiyat","6":"product_cat-korku-gerilim","7":"pa_cilt-ciltsiz","8":"pa_tur-kitap","9":"pa_yayinevi-ithaki-yayinlari","10":"pa_yazar-can-evrenol","12":"first","13":"instock","14":"sale","15":"shipping-taxable","16":"purchasable","17":"product-type-simple"},"_links":{"self":[{"href":"https:\/\/roveyayinevi.com.tr\/index.php\/wp-json\/wp\/v2\/product\/757288","targetHints":{"allow":["GET"]}}],"collection":[{"href":"https:\/\/roveyayinevi.com.tr\/index.php\/wp-json\/wp\/v2\/product"}],"about":[{"href":"https:\/\/roveyayinevi.com.tr\/index.php\/wp-json\/wp\/v2\/types\/product"}],"wp:attachment":[{"href":"https:\/\/roveyayinevi.com.tr\/index.php\/wp-json\/wp\/v2\/media?parent=757288"}],"wp:term":[{"taxonomy":"product_brand","embeddable":true,"href":"https:\/\/roveyayinevi.com.tr\/index.php\/wp-json\/wp\/v2\/product_brand?post=757288"},{"taxonomy":"product_cat","embeddable":true,"href":"https:\/\/roveyayinevi.com.tr\/index.php\/wp-json\/wp\/v2\/product_cat?post=757288"},{"taxonomy":"product_tag","embeddable":true,"href":"https:\/\/roveyayinevi.com.tr\/index.php\/wp-json\/wp\/v2\/product_tag?post=757288"}],"curies":[{"name":"wp","href":"https:\/\/api.w.org\/{rel}","templated":true}]}}