{"id":757222,"date":"2025-08-28T07:30:06","date_gmt":"2025-08-28T04:30:06","guid":{"rendered":"https:\/\/roveyayinevi.com.tr\/index.php\/urun\/antroposende-marx\/"},"modified":"2026-01-29T03:47:38","modified_gmt":"2026-01-29T00:47:38","slug":"antroposende-marx","status":"publish","type":"product","link":"https:\/\/roveyayinevi.com.tr\/index.php\/urun\/antroposende-marx\/","title":{"rendered":"Antroposen&#8217;de Marx"},"content":{"rendered":"<p>Marx\u2019\u0131n kapitalizme y\u00f6nelik ekolojik ele\u015ftirisi, k\u00fcresel iklim kriziyle kar\u015f\u0131 kar\u015f\u0131ya oldu\u011fumuz bug\u00fcnlerde \u00f6nemini her zamankinden \u00e7ok daha a\u00e7\u0131k bir bi\u00e7imde g\u00f6steriyor. Antroposen\u2019de Marx, Marx\u2019\u0131n ekolojisinin onun \u00f6l\u00fcm\u00fcnden sonra Marksistler taraf\u0131ndan 20. y\u00fczy\u0131l boyunca neden marjinalle\u015ftirilip bast\u0131r\u0131ld\u0131\u011f\u0131n\u0131 a\u00e7\u0131kl\u0131yor. Fakat Marx\u2019\u0131n ekolojik ele\u015ftirisi, egemen \u00fcretimcilik ve tek\u00e7ilik kar\u015f\u0131s\u0131nda Antroposen\u2019de canlan\u0131yor. Kohei Saito, Marx\u2019\u0131n ve Engels\u2019in b\u00fct\u00fcn eserlerinde yay\u0131mlanm\u0131\u015f olan yeni malzemeleri inceleyerek Marx\u2019\u0131n b\u00fcy\u00fcmeme kom\u00fcnizmi olarak nitelendirilebilecek kapitalizme y\u00f6nelik alternatif ve b\u00fct\u00fcn\u00fcyle \u00f6zg\u00fcn fikrini sunuyor. Ge\u00e7 Marx\u2019\u0131n bu k\u0131\u015fk\u0131rt\u0131c\u0131 yorumu, toplum ve do\u011fa aras\u0131ndaki ili\u015fkiye y\u00f6nelik yak\u0131n tarihli tart\u0131\u015fmalara \u0131\u015f\u0131k tutuyor ve okuru 20. y\u00fczy\u0131l\u0131n reel sosyalizminin hatas\u0131n\u0131 tekrar etmeyen post-kapitalist bir toplumu zihninde canland\u0131rmaya davet ediyor. * * * * * * \u201cKohei Saito, Marx\u2019\u0131n ekolojisi \u00fczerine yazd\u0131\u011f\u0131 g\u00f6z al\u0131c\u0131 maka-leden sonra, bu yeni \u00e7\u0131\u011f\u0131r a\u00e7\u0131c\u0131 kitab\u0131nda farkl\u0131 Marksistlerin anti-kapitalist bir perspektiften nas\u0131l \u00e7evresel zorluklarla ba\u015fa \u00e7\u0131kmaya \u00e7al\u0131\u015ft\u0131klar\u0131n\u0131 g\u00f6steriyor. Saito, makalesinin \u00e7ok \u00f6tesine ge\u00e7en bu yap\u0131t\u0131nda Marksizm\u2019i kapal\u0131 bir sistem olarak de\u011fil hareket halinde bir d\u00fc\u015f\u00fcnce olarak kavramay\u0131 ba\u015far\u0131yor. Saito\u2019nun \u201cb\u00fcy\u00fcmeme kom\u00fcnizmi\u201dne y\u00f6nelik y\u00fcrekli ba\u015fvurusu, zaman\u0131m\u0131z\u0131n ekolojik Marksizm\u2019ine ve Antroposen\u2019deki kom\u00fcnizme kesin bir katk\u0131d\u0131r.\u201d Michael L\u00f6wy, Ekososyalizm: Kapitalist Felakette Radikal Bir Alternatif\u2019in yazar\u0131 \u201cTam anlam\u0131yla bir \u015faheser. Bekledi\u011fimiz kitap tam da buydu. Saito, b\u00fcy\u00fcmemenin ve ekososyalizmin nefes kesici bir sentezi-ni sunmak i\u00e7in Marx\u2019tan yararlan\u0131yor. Burada, post-kapitalist ge\u00e7i\u015fin s\u0131rr\u0131 yat\u0131yor. Her bir sosyalist ve her bir \u00e7evreci i\u00e7in zorunlu okuma: Her ikisini de sonsuza dek de\u011fi\u015ftirecektir!\u201d Jason Hickel, Az\u0131 Karar \u00c7o\u011fu Zarar: B\u00fcy\u00fcmeme D\u00fcnyay\u0131 Kurtaracak\u2019\u0131n yazar\u0131 <\/p>\n","protected":false},"excerpt":{"rendered":"<p>Marx\u2019\u0131n kapitalizme y\u00f6nelik ekolojik ele\u015ftirisi, k\u00fcresel iklim kriziyle kar\u015f\u0131 kar\u015f\u0131ya oldu\u011fumuz bug\u00fcnlerde \u00f6nemini her zamankinden \u00e7ok daha a\u00e7\u0131k bir bi\u00e7imde g\u00f6steriyor. Antroposen\u2019de Marx, Marx\u2019\u0131n ekolojisinin onun<span class=\"excerpt-hellip\"> [\u2026]<\/span><\/p>\n","protected":false},"featured_media":0,"template":"","meta":{"_monsterinsights_skip_tracking":false,"_monsterinsights_sitenote_active":false,"_monsterinsights_sitenote_note":"","_monsterinsights_sitenote_category":0},"product_brand":[],"product_cat":[16038,12388],"product_tag":[],"class_list":{"0":"post-757222","1":"product","2":"type-product","3":"status-publish","5":"product_cat-arastirma-inceleme-referans-felsefe","6":"product_cat-felsefe","7":"pa_cilt-ciltsiz","8":"pa_tur-kitap","9":"pa_yayinevi-utopya-yayinevi","10":"pa_yazar-kohei-saito","12":"first","13":"instock","14":"sale","15":"shipping-taxable","16":"purchasable","17":"product-type-simple"},"_links":{"self":[{"href":"https:\/\/roveyayinevi.com.tr\/index.php\/wp-json\/wp\/v2\/product\/757222","targetHints":{"allow":["GET"]}}],"collection":[{"href":"https:\/\/roveyayinevi.com.tr\/index.php\/wp-json\/wp\/v2\/product"}],"about":[{"href":"https:\/\/roveyayinevi.com.tr\/index.php\/wp-json\/wp\/v2\/types\/product"}],"wp:attachment":[{"href":"https:\/\/roveyayinevi.com.tr\/index.php\/wp-json\/wp\/v2\/media?parent=757222"}],"wp:term":[{"taxonomy":"product_brand","embeddable":true,"href":"https:\/\/roveyayinevi.com.tr\/index.php\/wp-json\/wp\/v2\/product_brand?post=757222"},{"taxonomy":"product_cat","embeddable":true,"href":"https:\/\/roveyayinevi.com.tr\/index.php\/wp-json\/wp\/v2\/product_cat?post=757222"},{"taxonomy":"product_tag","embeddable":true,"href":"https:\/\/roveyayinevi.com.tr\/index.php\/wp-json\/wp\/v2\/product_tag?post=757222"}],"curies":[{"name":"wp","href":"https:\/\/api.w.org\/{rel}","templated":true}]}}