{"id":757159,"date":"2025-08-28T07:28:26","date_gmt":"2025-08-28T04:28:26","guid":{"rendered":"https:\/\/roveyayinevi.com.tr\/index.php\/urun\/cumhuriyet-ve-degerler-sorunu-felsefi-bakisla\/"},"modified":"2026-04-16T03:10:05","modified_gmt":"2026-04-16T00:10:05","slug":"cumhuriyet-ve-degerler-sorunu-felsefi-bakisla","status":"publish","type":"product","link":"https:\/\/roveyayinevi.com.tr\/index.php\/urun\/cumhuriyet-ve-degerler-sorunu-felsefi-bakisla\/","title":{"rendered":"Cumhuriyet ve De\u011ferler Sorunu Felsefi Bak\u0131\u015fla"},"content":{"rendered":"<p>Cumhuriyet, erdemdir; fazlas\u0131 olan\u0131 fazlas\u0131n\u0131 g\u00f6sterme, isteme ve \u00e7abalama f\u0131rsat\u0131n\u0131n ve umudunun ad\u0131d\u0131r. Erdem onun hem var edicisi hem koruyucusu hem de y\u00fcksek uygarl\u0131k d\u00fczeyine ta\u015f\u0131y\u0131c\u0131s\u0131d\u0131r. Erdem, Cumhuriyet\u2019in felsefesinin bir anlamda tek kelimeyle ifadesidir. \u00c7\u00fcnk\u00fc erdem konu\u015fulacak de\u011fil yap\u0131lacak bir \u015feyi betimler. O teoriden hareketle prati\u011fe d\u00f6k\u00fcleni ifade eder. Cumhuriyet\u2019in teorisini olu\u015fturmak ise felsefenin g\u00f6revidir. Bunun \u00f6nemini bilen ve bunun bilincine sahip felsefe alan\u0131ndaki T\u00fcrk d\u00fc\u015f\u00fcnce insanlar\u0131 olarak T\u00fcrkiye Cumhuriyeti\u2019nin Y\u00fcz\u00fcnc\u00fc y\u0131l\u0131nda \u201cCumhuriyet ve De\u011ferler Sorunu\u201d konusunu felsefecilerin g\u00f6z\u00fcnden ele al\u0131yoruz. Cumhuriyet ve De\u011ferler Sorunu ba\u015fl\u0131\u011f\u0131 \u00e7er\u00e7evesinde in\u015fa edilen bu \u00e7al\u0131\u015fma, felsefe alan\u0131nda d\u00fc\u015f\u00fcnce edimini ger\u00e7ekle\u015ftiren insanlar taraf\u0131ndan T\u00fcrkiye Cumhuriyeti\u2019nin Y\u00fcz\u00fcnc\u00fc y\u0131l\u0131na arma\u011fan olarak haz\u0131rlanm\u0131\u015ft\u0131r. Y\u00fcz\u00fcnc\u00fc y\u0131l d\u00f6n\u00fcm\u00fc vesilesiyle ele al\u0131nan bu \u00e7al\u0131\u015fmada bir d\u00fcnya tarz\u0131 olarak ideal ve y\u00fcce de\u011ferleri kendinde somutla\u015ft\u0131ran Cumhuriyet\u2019in felsefesi, de\u011ferler sorunu ba\u011flam\u0131nda farkl\u0131 perspektiflerden i\u015flenmi\u015ftir. <\/p>\n","protected":false},"excerpt":{"rendered":"<p>Cumhuriyet, erdemdir; fazlas\u0131 olan\u0131 fazlas\u0131n\u0131 g\u00f6sterme, isteme ve \u00e7abalama f\u0131rsat\u0131n\u0131n ve umudunun ad\u0131d\u0131r. Erdem onun hem var edicisi hem koruyucusu hem de y\u00fcksek uygarl\u0131k d\u00fczeyine ta\u015f\u0131y\u0131c\u0131s\u0131d\u0131r.<span class=\"excerpt-hellip\"> [\u2026]<\/span><\/p>\n","protected":false},"featured_media":0,"template":"","meta":{"_monsterinsights_skip_tracking":false,"_monsterinsights_sitenote_active":false,"_monsterinsights_sitenote_note":"","_monsterinsights_sitenote_category":0},"product_brand":[],"product_cat":[12388],"product_tag":[],"class_list":{"0":"post-757159","1":"product","2":"type-product","3":"status-publish","5":"product_cat-felsefe","6":"pa_cilt-ciltsiz","7":"pa_tur-kitap","8":"pa_yayinevi-altinordu-yayinlari","9":"pa_yazar-kolektif","11":"first","12":"instock","13":"sale","14":"shipping-taxable","15":"purchasable","16":"product-type-simple"},"_links":{"self":[{"href":"https:\/\/roveyayinevi.com.tr\/index.php\/wp-json\/wp\/v2\/product\/757159","targetHints":{"allow":["GET"]}}],"collection":[{"href":"https:\/\/roveyayinevi.com.tr\/index.php\/wp-json\/wp\/v2\/product"}],"about":[{"href":"https:\/\/roveyayinevi.com.tr\/index.php\/wp-json\/wp\/v2\/types\/product"}],"wp:attachment":[{"href":"https:\/\/roveyayinevi.com.tr\/index.php\/wp-json\/wp\/v2\/media?parent=757159"}],"wp:term":[{"taxonomy":"product_brand","embeddable":true,"href":"https:\/\/roveyayinevi.com.tr\/index.php\/wp-json\/wp\/v2\/product_brand?post=757159"},{"taxonomy":"product_cat","embeddable":true,"href":"https:\/\/roveyayinevi.com.tr\/index.php\/wp-json\/wp\/v2\/product_cat?post=757159"},{"taxonomy":"product_tag","embeddable":true,"href":"https:\/\/roveyayinevi.com.tr\/index.php\/wp-json\/wp\/v2\/product_tag?post=757159"}],"curies":[{"name":"wp","href":"https:\/\/api.w.org\/{rel}","templated":true}]}}