{"id":757094,"date":"2025-08-28T07:26:39","date_gmt":"2025-08-28T04:26:39","guid":{"rendered":"https:\/\/roveyayinevi.com.tr\/index.php\/urun\/yillik-2023-ciltli\/"},"modified":"2026-04-16T03:10:04","modified_gmt":"2026-04-16T00:10:04","slug":"yillik-2023-ciltli","status":"publish","type":"product","link":"https:\/\/roveyayinevi.com.tr\/index.php\/urun\/yillik-2023-ciltli\/","title":{"rendered":"Y\u0131ll\u0131k 2023 (Ciltli)"},"content":{"rendered":"<p>Kurtulu\u015f Sava\u015f\u0131\u2019n\u0131n en zorlu g\u00fcnlerinde T\u00fcrk milletinin var olma m\u00fccadelesini d\u00fcnyaya duyurmak ve y\u00fcr\u00fct\u00fclen kara propagandaya kar\u015f\u0131 koymak amac\u0131yla 6 Nisan 1920\u2019de Gazi Mustafa Kemal Atat\u00fcrk\u2019\u00fcn talimat\u0131yla kurulan Anadolu Ajans\u0131 (AA), bug\u00fcn de ayn\u0131 misyon do\u011frultusunda ve ayn\u0131 sorumluluk bilinciyle habercilik faaliyetlerine devam etmektedir. Bir asr\u0131 a\u015fan tarihiyle T\u00fcrk medyas\u0131 i\u00e7in \u00f6nc\u00fc, h\u0131zl\u0131 ve g\u00fcvenilir haber kayna\u011f\u0131 olma vasf\u0131n\u0131 s\u00fcrd\u00fcren Anadolu Ajans\u0131, son y\u0131llardaki at\u0131l\u0131mlar\u0131yla yay\u0131n platformlar\u0131n\u0131 ve i\u00e7eriklerini b\u00fcy\u00fck \u00f6l\u00e7\u00fcde geli\u015ftirip \u00e7e\u015fitlendirerek bu alandaki k\u00fcresel akt\u00f6rler aras\u0131ndaki \u00f6nc\u00fc konumunu peki\u015ftirmi\u015ftir. Elinizdeki y\u0131ll\u0131k, AA penceresinden 2023 y\u0131l\u0131na damgas\u0131n\u0131 vurmu\u015f olaylar\u0131n yaz\u0131l\u0131 ve g\u00f6rsel bir tan\u0131\u011f\u0131 ve \u00f6zeti mahiyetindedir. Y\u0131l\u0131n ilk aylar\u0131nda \u00fclkemizi derin yasa bo\u011fan ve \u201casr\u0131n felaketi\u201d olarak nitelendirilen 6 \u015eubat Kahramanmara\u015f depremleri; sonu\u00e7lar\u0131 sadece T\u00fcrkiye\u2019de de\u011fil uluslararas\u0131 \u00e7evrelerde de merakla beklenen Cumhurba\u015fkan\u0131 Se\u00e7imi ve 28. D\u00f6nem Milletvekili Genel Se\u00e7imi; yurt genelinde b\u00fcy\u00fck bir co\u015fkuya sahne olan Cumhuriyet\u2019in 100\u2019\u00fcnc\u00fc y\u0131l kutlamalar\u0131 T\u00fcrkiye\u2019de geride b\u0131rakt\u0131\u011f\u0131m\u0131z y\u0131l\u0131n g\u00fcndemini belirleyen ba\u015fl\u0131ca olaylar olarak kayda ge\u00e7mi\u015ftir. Y\u0131l\u0131n son aylar\u0131nda \u0130srail y\u00f6netiminin Gazze \u015eeridi\u2019ne y\u00f6nelik sald\u0131r\u0131lar\u0131n\u0131n d\u00fcnya genelinde yol a\u00e7t\u0131\u011f\u0131 infial ise uluslararas\u0131 g\u00fcndemin ba\u015fl\u0131ca konusu olmu\u015ftur. Kurumsal birikimi do\u011frudan yans\u0131tmas\u0131 ve tarihe d\u00fc\u015f\u00fclen tan\u0131kl\u0131klar olmas\u0131 y\u00f6n\u00fcyle Anadolu Ajans\u0131 Yay\u0131nlar\u0131 aras\u0131nda merkez\u00ee bir \u00f6nem ta\u015f\u0131yan y\u0131ll\u0131klar, bu sene \u00e7ok daha zengin bir i\u00e7erikle haz\u0131rlanm\u0131\u015ft\u0131r. Y\u0131ll\u0131k; g\u00fc\u00e7l\u00fc ve g\u00fcvenilir haber metinleri, ayd\u0131nlat\u0131c\u0131 analizleri, \u00f6d\u00fcll\u00fc foto\u011fraflar\u0131 ve g\u00fcndem maddelerine dair titizlikle haz\u0131rlanan infografikleri ile her bak\u0131mdan doyurucu bir i\u00e7erikle okurlar\u0131na sunulmu\u015ftur. Bu y\u0131ll\u0131ktaki ilklerden biri olarak \u00f6nemli haberlere eklenen barkodlar okuyucular\u0131n kaynak metinlere ve g\u00f6rsellere ula\u015fmas\u0131na da imk\u00e2n vermektedir <\/p>\n","protected":false},"excerpt":{"rendered":"<p>Kurtulu\u015f Sava\u015f\u0131\u2019n\u0131n en zorlu g\u00fcnlerinde T\u00fcrk milletinin var olma m\u00fccadelesini d\u00fcnyaya duyurmak ve y\u00fcr\u00fct\u00fclen kara propagandaya kar\u015f\u0131 koymak amac\u0131yla 6 Nisan 1920\u2019de Gazi Mustafa Kemal Atat\u00fcrk\u2019\u00fcn<span class=\"excerpt-hellip\"> [\u2026]<\/span><\/p>\n","protected":false},"featured_media":0,"template":"","meta":{"_monsterinsights_skip_tracking":false,"_monsterinsights_sitenote_active":false,"_monsterinsights_sitenote_note":"","_monsterinsights_sitenote_category":0},"product_brand":[],"product_cat":[12304,13650],"product_tag":[],"class_list":{"0":"post-757094","1":"product","2":"type-product","3":"status-publish","5":"product_cat-tarih","6":"product_cat-turk-tarihi-arastirmalari","7":"pa_cilt-ciltli","8":"pa_tur-kitap","9":"pa_yayinevi-anadolu-ajansi-yayinevi","10":"pa_yazar-kolektif","12":"first","13":"instock","14":"sale","15":"shipping-taxable","16":"purchasable","17":"product-type-simple"},"_links":{"self":[{"href":"https:\/\/roveyayinevi.com.tr\/index.php\/wp-json\/wp\/v2\/product\/757094","targetHints":{"allow":["GET"]}}],"collection":[{"href":"https:\/\/roveyayinevi.com.tr\/index.php\/wp-json\/wp\/v2\/product"}],"about":[{"href":"https:\/\/roveyayinevi.com.tr\/index.php\/wp-json\/wp\/v2\/types\/product"}],"wp:attachment":[{"href":"https:\/\/roveyayinevi.com.tr\/index.php\/wp-json\/wp\/v2\/media?parent=757094"}],"wp:term":[{"taxonomy":"product_brand","embeddable":true,"href":"https:\/\/roveyayinevi.com.tr\/index.php\/wp-json\/wp\/v2\/product_brand?post=757094"},{"taxonomy":"product_cat","embeddable":true,"href":"https:\/\/roveyayinevi.com.tr\/index.php\/wp-json\/wp\/v2\/product_cat?post=757094"},{"taxonomy":"product_tag","embeddable":true,"href":"https:\/\/roveyayinevi.com.tr\/index.php\/wp-json\/wp\/v2\/product_tag?post=757094"}],"curies":[{"name":"wp","href":"https:\/\/api.w.org\/{rel}","templated":true}]}}