{"id":757056,"date":"2025-08-28T07:25:37","date_gmt":"2025-08-28T04:25:37","guid":{"rendered":"https:\/\/roveyayinevi.com.tr\/index.php\/urun\/nisyan-2\/"},"modified":"2026-03-11T03:32:39","modified_gmt":"2026-03-11T00:32:39","slug":"nisyan-2","status":"publish","type":"product","link":"https:\/\/roveyayinevi.com.tr\/index.php\/urun\/nisyan-2\/","title":{"rendered":"Nisyan"},"content":{"rendered":"<p>Nisyan\u2019\u0131 ona ihanet etmeden \u00f6zetlemek \u00e7ok zor, \u00e7\u00fcnk\u00fc t\u00fcm b\u00fcy\u00fck eserler gibi ayn\u0131 anda bir\u00e7ok \u015fey. Yazar\u0131n ailesine ve kiral\u0131k bir katil taraf\u0131ndan \u00f6ld\u00fcr\u00fclen babas\u0131na dair y\u00fcrek par\u00e7alay\u0131c\u0131 bir an\u0131 kitab\u0131 oldu\u011fu s\u00f6ylenebilir, ancak bu ifade yetersiz kal\u0131r, \u00e7\u00fcnk\u00fc Kolombiya&#8217;daki siyasi \u015fiddet cehenneminin ve Medellin\u2019deki ya\u015fam\u0131n dokunakl\u0131 bir anlat\u0131s\u0131 olman\u0131n yan\u0131 s\u0131ra ayn\u0131 zamanda bir ailenin \u00f6zel hayat\u0131na ve kamusal alanda g\u00f6sterdikleri cesarete dair ger\u00e7ek bir hik\u00e2ye. \u00dcslup ve kurgu a\u00e7\u0131s\u0131ndan kusursuz bir kitap ve bir siyasi eylem arac\u0131 olarak ter\u00f6re kar\u015f\u0131 zaman\u0131m\u0131zda ya da herhangi bir zamanda yaz\u0131lm\u0131\u015f en etkili metinlerden biri. Mario Vargas Llosa Hector Abad Faciolince, yay\u0131nevimizden \u00e7\u0131kan ikinci kitab\u0131 Nisyan\u2019da, bask\u0131c\u0131 bir rejimin ortas\u0131nda yoksullar\u0131n davas\u0131n\u0131 savunan bir doktor, profes\u00f6r ve insan haklar\u0131 aktivisti olan babas\u0131n\u0131n hik\u00e2yesini mercek alt\u0131na al\u0131yor. Ki\u015fisel an\u0131lar\u0131n\u0131 1970&#8217;ler ve 80&#8217;lerde Kolombiya&#8217;n\u0131n geni\u015f sosyopolitik ba\u011flam\u0131yla i\u00e7 i\u00e7e ge\u00e7irerek, \u00e7at\u0131\u015fma d\u00f6neminde bar\u0131\u015f ve insan haklar\u0131n\u0131 savunman\u0131n zorluklar\u0131na dair i\u00e7g\u00f6r\u00fcler sunuyor. Babas\u0131 sadece ahlaki b\u00fct\u00fcnl\u00fc\u011f\u00fcn bir fig\u00fcr\u00fc olarak de\u011fil, ayn\u0131 zamanda umutsuzluk kar\u015f\u0131s\u0131nda bizi ayakta tutan diren\u00e7 ve umudun bir sembol\u00fc olarak ortaya \u00e7\u0131k\u0131yor. Nisyan haf\u0131zan\u0131n kal\u0131c\u0131 g\u00fcc\u00fcyle bir baba ile o\u011ful aras\u0131ndaki ba\u011fa dair sars\u0131c\u0131 bir tan\u0131kl\u0131k. Hector Abad Faciolince bu roman\u0131yla t\u00fcm okurlara tutku, inan\u00e7 ve insan onuruna sars\u0131lmaz bir ba\u011fl\u0131l\u0131kla dolu bir hayata uzanan bir pencere a\u00e7\u0131yor. Ezici g\u00fc\u00e7l\u00fckler kar\u015f\u0131s\u0131nda adalet i\u00e7in sava\u015fanlara bir sayg\u0131 duru\u015fu olarak da nitelendirilebilecek Nisyan, tarihin \u00e7alkant\u0131l\u0131 d\u00f6nemlerinin ard\u0131ndaki ki\u015fisel hik\u00e2yelerle ilgilenen herkes i\u00e7in vazge\u00e7ilmez bir okuma \u015f\u00f6leni. Oscar \u00f6d\u00fcll\u00fc y\u00f6netmen Fernando Trueba, 2020 y\u0131l\u0131nda Faciolince&#8217;nin hik\u00e2yesine yeni bir boyut katarak yazar\u0131n \u00e7ocuklu\u011fuyla babas\u0131n\u0131n canl\u0131 ve karma\u015f\u0131k d\u00fcnyas\u0131n\u0131 beyazperdeye ta\u015f\u0131d\u0131. Roman\u0131n duygusal derinli\u011finin yan\u0131 s\u0131ra aile ba\u011flar\u0131n\u0131n g\u00fcc\u00fcn\u00fc ve Kolombiya tarihinin \u00e7alkant\u0131l\u0131 y\u0131llar\u0131n\u0131 ba\u015far\u0131l\u0131 bir \u015fekilde yans\u0131tan Memories of My Father adl\u0131 film 2021 Goya \u00d6d\u00fclleri\u2019nde En \u0130yi Ibero-Amerikan Film \u00d6d\u00fcl\u00fc\u2019ne lay\u0131k g\u00f6r\u00fcld\u00fc. \u201cLatin Amerika&#8217;da demokrasi ve ho\u015fg\u00f6r\u00fc i\u00e7in verilen m\u00fccadeleye dair yeri doldurulamaz bir tan\u0131kl\u0131k.&#8221;  El Pa\u00eds <\/p>\n","protected":false},"excerpt":{"rendered":"<p>Nisyan\u2019\u0131 ona ihanet etmeden \u00f6zetlemek \u00e7ok zor, \u00e7\u00fcnk\u00fc t\u00fcm b\u00fcy\u00fck eserler gibi ayn\u0131 anda bir\u00e7ok \u015fey. Yazar\u0131n ailesine ve kiral\u0131k bir katil taraf\u0131ndan \u00f6ld\u00fcr\u00fclen babas\u0131na dair<span class=\"excerpt-hellip\"> [\u2026]<\/span><\/p>\n","protected":false},"featured_media":0,"template":"","meta":{"_monsterinsights_skip_tracking":false,"_monsterinsights_sitenote_active":false,"_monsterinsights_sitenote_note":"","_monsterinsights_sitenote_category":0},"product_brand":[],"product_cat":[12291,13113],"product_tag":[],"class_list":{"0":"post-757056","1":"product","2":"type-product","3":"status-publish","5":"product_cat-edebiyat","6":"product_cat-ispanyol-edebiyati","7":"pa_cilt-ciltsiz","8":"pa_tur-kitap","9":"pa_yayinevi-livera-yayinevi","10":"pa_yazar-hector-abad-faciolince","12":"first","13":"instock","14":"sale","15":"shipping-taxable","16":"purchasable","17":"product-type-simple"},"_links":{"self":[{"href":"https:\/\/roveyayinevi.com.tr\/index.php\/wp-json\/wp\/v2\/product\/757056","targetHints":{"allow":["GET"]}}],"collection":[{"href":"https:\/\/roveyayinevi.com.tr\/index.php\/wp-json\/wp\/v2\/product"}],"about":[{"href":"https:\/\/roveyayinevi.com.tr\/index.php\/wp-json\/wp\/v2\/types\/product"}],"wp:attachment":[{"href":"https:\/\/roveyayinevi.com.tr\/index.php\/wp-json\/wp\/v2\/media?parent=757056"}],"wp:term":[{"taxonomy":"product_brand","embeddable":true,"href":"https:\/\/roveyayinevi.com.tr\/index.php\/wp-json\/wp\/v2\/product_brand?post=757056"},{"taxonomy":"product_cat","embeddable":true,"href":"https:\/\/roveyayinevi.com.tr\/index.php\/wp-json\/wp\/v2\/product_cat?post=757056"},{"taxonomy":"product_tag","embeddable":true,"href":"https:\/\/roveyayinevi.com.tr\/index.php\/wp-json\/wp\/v2\/product_tag?post=757056"}],"curies":[{"name":"wp","href":"https:\/\/api.w.org\/{rel}","templated":true}]}}