{"id":757033,"date":"2025-08-28T07:25:02","date_gmt":"2025-08-28T04:25:02","guid":{"rendered":"https:\/\/roveyayinevi.com.tr\/index.php\/urun\/asiler-devri\/"},"modified":"2026-04-16T03:10:02","modified_gmt":"2026-04-16T00:10:02","slug":"asiler-devri","status":"publish","type":"product","link":"https:\/\/roveyayinevi.com.tr\/index.php\/urun\/asiler-devri\/","title":{"rendered":"Asiler Devri"},"content":{"rendered":"<p>\u0130mparatorluklar\u0131n y\u0131k\u0131l\u0131p ulus-devletlerin kuruldu\u011fu 20. y\u00fczy\u0131la varan s\u00fcre\u00e7te Osmanl\u0131, Habsburg, Romanov ve Ka\u00e7ar imparatorluklar\u0131n\u0131n s\u0131n\u0131rlar\u0131na b\u00fcy\u00fck bir hareketlilik h\u00e2kimdi. Kal\u0131pla\u015fm\u0131\u015f siyasi hayat ba\u015ftan a\u015fa\u011f\u0131ya de\u011fi\u015fiyordu. Asiler Devri, bu s\u00fcre\u00e7te Balkanlar\u2019dan Kafkasya ve Ortado\u011fu\u2019ya uzanan geni\u015f bir co\u011frafyay\u0131 \u015fiddet yoluyla \u015fekillendiren e\u015fk\u0131yalar\u0131n, isyanc\u0131lar\u0131n, \u00e7etecilerin ve eylemcilerin izini s\u00fcr\u00fcyor. Ramazan Hakk\u0131 \u00d6ztan ve Alp Yenen\u2019in derledi\u011fi bu \u00e7al\u0131\u015fma, Kafkas e\u015fk\u0131yalar ile Balkan devrimcilerin, \u0130ranl\u0131 \u00e7eteciler ile \u0130ttihat\u00e7\u0131lar\u0131n kurulu d\u00fczeni ihlal etmelerine yol a\u00e7an ko\u015fullar\u0131 ve eylemlerinin sonu\u00e7lar\u0131n\u0131, \u00e7e\u015fitli vakalar \u00fczerinden tarihsel ve biyografik yakla\u015f\u0131mlarla ele al\u0131yor. \u201cKapsay\u0131c\u0131 ve kullan\u0131\u015fl\u0131 bir kategori olarak \u2018asiler\u2019 s\u00f6z konusu mudur? Ve \u00f6zellikle yayg\u0131n olduklar\u0131 veya \u00f6zellikle \u00f6nemli bir rol oynad\u0131klar\u0131 bir d\u00f6nemi anlaml\u0131 bir \u015fekilde tan\u0131mlayabilecek bir \u015fey \u2013bir \u2018asiler devri\u2019\u2013 mevcut mudur? [\u2026] Bir anlamda, imparatorluklar\u0131n cephelerinde ihlalci siyaset yapan marjinal fig\u00fcrler olabilirlerdi, fakat tarihsel anlamda hi\u00e7 de marjinal de\u011fillerdi. Tam tersine, imparatorlu\u011fun sona ermesinde ve bir dizi ard\u0131l devletin ortaya \u00e7\u0131kmas\u0131nda \u00e7ok \u00f6nemli bir rol oynad\u0131lar.\u201d ERIK JAN Z\u00dcRCHER\u0130mparatorluklar\u0131n y\u0131k\u0131l\u0131p ulus-devletlerin kuruldu\u011fu 20. y\u00fczy\u0131la varan s\u00fcre\u00e7te Osmanl\u0131, Habsburg, Romanov ve Ka\u00e7ar imparatorluklar\u0131n\u0131n s\u0131n\u0131rlar\u0131na b\u00fcy\u00fck bir hareketlilik h\u00e2kimdi. Kal\u0131pla\u015fm\u0131\u015f siyasi hayat ba\u015ftan a\u015fa\u011f\u0131ya de\u011fi\u015fiyordu. Asiler Devri, bu s\u00fcre\u00e7te Balkanlar\u2019dan Kafkasya ve Ortado\u011fu\u2019ya uzanan geni\u015f bir co\u011frafyay\u0131 \u015fiddet yoluyla \u015fekillendiren e\u015fk\u0131yalar\u0131n, isyanc\u0131lar\u0131n, \u00e7etecilerin ve eylemcilerin izini s\u00fcr\u00fcyor. Ramazan Hakk\u0131 \u00d6ztan ve Alp Yenen\u2019in derledi\u011fi bu \u00e7al\u0131\u015fma, Kafkas e\u015fk\u0131yalar ile Balkan devrimcilerin, \u0130ranl\u0131 \u00e7eteciler ile \u0130ttihat\u00e7\u0131lar\u0131n kurulu d\u00fczeni ihlal etmelerine yol a\u00e7an ko\u015fullar\u0131 ve eylemlerinin sonu\u00e7lar\u0131n\u0131, \u00e7e\u015fitli vakalar \u00fczerinden tarihsel ve biyografik yakla\u015f\u0131mlarla ele al\u0131yor. \u201cKapsay\u0131c\u0131 ve kullan\u0131\u015fl\u0131 bir kategori olarak \u2018asiler\u2019 s\u00f6z konusu mudur? Ve \u00f6zellikle yayg\u0131n olduklar\u0131 veya \u00f6zellikle \u00f6nemli bir rol oynad\u0131klar\u0131 bir d\u00f6nemi anlaml\u0131 bir \u015fekilde tan\u0131mlayabilecek bir \u015fey \u2013bir \u2018asiler devri\u2019\u2013 mevcut mudur? [\u2026] Bir anlamda, imparatorluklar\u0131n cephelerinde ihlalci siyaset yapan marjinal fig\u00fcrler olabilirlerdi, fakat tarihsel anlamda hi\u00e7 de marjinal de\u011fillerdi. Tam tersine, imparatorlu\u011fun sona ermesinde ve bir dizi ard\u0131l devletin ortaya \u00e7\u0131kmas\u0131nda \u00e7ok \u00f6nemli bir rol oynad\u0131lar.\u201d ERIK JAN Z\u00dcRCHER<\/p>\n","protected":false},"excerpt":{"rendered":"<p>\u0130mparatorluklar\u0131n y\u0131k\u0131l\u0131p ulus-devletlerin kuruldu\u011fu 20. y\u00fczy\u0131la varan s\u00fcre\u00e7te Osmanl\u0131, Habsburg, Romanov ve Ka\u00e7ar imparatorluklar\u0131n\u0131n s\u0131n\u0131rlar\u0131na b\u00fcy\u00fck bir hareketlilik h\u00e2kimdi. Kal\u0131pla\u015fm\u0131\u015f siyasi hayat ba\u015ftan a\u015fa\u011f\u0131ya de\u011fi\u015fiyordu. Asiler<span class=\"excerpt-hellip\"> [\u2026]<\/span><\/p>\n","protected":false},"featured_media":0,"template":"","meta":{"_monsterinsights_skip_tracking":false,"_monsterinsights_sitenote_active":false,"_monsterinsights_sitenote_note":"","_monsterinsights_sitenote_category":0},"product_brand":[],"product_cat":[12305,12304],"product_tag":[],"class_list":{"0":"post-757033","1":"product","2":"type-product","3":"status-publish","5":"product_cat-dunya-tarihi","6":"product_cat-tarih","7":"pa_cilt-ciltsiz","8":"pa_tur-kitap","9":"pa_yayinevi-iletisim-yayinlari","10":"pa_yazar-ramazan-hakki-oztan-alp-yenen","12":"first","13":"instock","14":"sale","15":"shipping-taxable","16":"purchasable","17":"product-type-simple"},"_links":{"self":[{"href":"https:\/\/roveyayinevi.com.tr\/index.php\/wp-json\/wp\/v2\/product\/757033","targetHints":{"allow":["GET"]}}],"collection":[{"href":"https:\/\/roveyayinevi.com.tr\/index.php\/wp-json\/wp\/v2\/product"}],"about":[{"href":"https:\/\/roveyayinevi.com.tr\/index.php\/wp-json\/wp\/v2\/types\/product"}],"wp:attachment":[{"href":"https:\/\/roveyayinevi.com.tr\/index.php\/wp-json\/wp\/v2\/media?parent=757033"}],"wp:term":[{"taxonomy":"product_brand","embeddable":true,"href":"https:\/\/roveyayinevi.com.tr\/index.php\/wp-json\/wp\/v2\/product_brand?post=757033"},{"taxonomy":"product_cat","embeddable":true,"href":"https:\/\/roveyayinevi.com.tr\/index.php\/wp-json\/wp\/v2\/product_cat?post=757033"},{"taxonomy":"product_tag","embeddable":true,"href":"https:\/\/roveyayinevi.com.tr\/index.php\/wp-json\/wp\/v2\/product_tag?post=757033"}],"curies":[{"name":"wp","href":"https:\/\/api.w.org\/{rel}","templated":true}]}}