{"id":756965,"date":"2025-08-28T07:22:28","date_gmt":"2025-08-28T04:22:28","guid":{"rendered":"https:\/\/roveyayinevi.com.tr\/index.php\/urun\/19-yuzyil-avrupa-iktisat-tarihi\/"},"modified":"2026-04-16T03:10:02","modified_gmt":"2026-04-16T00:10:02","slug":"19-yuzyil-avrupa-iktisat-tarihi","status":"publish","type":"product","link":"https:\/\/roveyayinevi.com.tr\/index.php\/urun\/19-yuzyil-avrupa-iktisat-tarihi\/","title":{"rendered":"19. Y\u00fczy\u0131l Avrupa \u0130ktisat Tarihi"},"content":{"rendered":"<p>19. y\u00fczy\u0131l d\u00fcnyan\u0131n \u00e7ehresini de\u011fi\u015ftiren uzun bir y\u00fczy\u0131ld\u0131. G\u00fcn\u00fcm\u00fcz\u00fcn \u00f6nemli iktisat tarih\u00e7ilerinden Ivan T. Berend, 19. Y\u00fczy\u0131l Avrupa \u0130ktisat Tarihi \u2019nde \u015fu \u00f6nemli sorunun yan\u0131t\u0131n\u0131 ar\u0131yor: Ni\u00e7in Avrupa\u2019n\u0131n baz\u0131 \u00fclkeleri ve b\u00f6lgeleri 19. y\u00fczy\u0131l\u0131n daha erken d\u00f6nemlerinde ileri bir geli\u015fme seviyesi yakalarken, di\u011ferleri geride kald\u0131? Avrupa\u2019daki ekonomik kalk\u0131nmay\u0131 uluslar \u00f6tesi bir \u00f6l\u00e7ekte ele alan bu kar\u015f\u0131la\u015ft\u0131rmal\u0131 \u00e7al\u0131\u015fma, b\u00f6lgesel farkl\u0131l\u0131klar\u0131n \u00fclkelerin ekonomik g\u00fczerg\u00e2h\u0131nda nas\u0131l belirleyici bir etki yapabilece\u011fini g\u00f6sterirken, ilerlemenin ve geri kalman\u0131n tarihsel nedenlerini de tart\u0131\u015fmaya a\u00e7\u0131yor. Akademik ya\u015fam\u0131 boyunca iktisadi geri kalm\u0131\u015fl\u0131k ve periferi ekonomileri \u00fczerine \u00e7al\u0131\u015fan Berend, bu kitapta sosyal, politik, kurumsal ve k\u00fclt\u00fcrel etkenleri bir arada ele al\u0131rken, bilgi, devlet ve kurumlar\u0131n iktisadi kalk\u0131nmadaki rollerini de inceliyor. 19. Y\u00fczy\u0131l Avrupa \u0130ktisat Tarihi, o uzun y\u00fczy\u0131l\u0131n makroekonomik e\u011filimlerini ve \u00e7e\u015fitli iktisat teorilerini masaya yat\u0131r\u0131rken, ayr\u0131ca g\u00fcn\u00fcm\u00fcze de \u0131\u015f\u0131k tutuyor. <\/p>\n","protected":false},"excerpt":{"rendered":"<p>19. y\u00fczy\u0131l d\u00fcnyan\u0131n \u00e7ehresini de\u011fi\u015ftiren uzun bir y\u00fczy\u0131ld\u0131. G\u00fcn\u00fcm\u00fcz\u00fcn \u00f6nemli iktisat tarih\u00e7ilerinden Ivan T. Berend, 19. Y\u00fczy\u0131l Avrupa \u0130ktisat Tarihi \u2019nde \u015fu \u00f6nemli sorunun yan\u0131t\u0131n\u0131 ar\u0131yor:<span class=\"excerpt-hellip\"> [\u2026]<\/span><\/p>\n","protected":false},"featured_media":0,"template":"","meta":{"_monsterinsights_skip_tracking":false,"_monsterinsights_sitenote_active":false,"_monsterinsights_sitenote_note":"","_monsterinsights_sitenote_category":0},"product_brand":[],"product_cat":[12370,12304],"product_tag":[],"class_list":{"0":"post-756965","1":"product","2":"type-product","3":"status-publish","5":"product_cat-arastirma-inceleme","6":"product_cat-tarih","7":"pa_cilt-ciltsiz","8":"pa_tur-kitap","9":"pa_yayinevi-is-bankasi-kultur-yayinlari","10":"pa_yazar-ivan-t-berend","12":"first","13":"instock","14":"sale","15":"shipping-taxable","16":"purchasable","17":"product-type-simple"},"_links":{"self":[{"href":"https:\/\/roveyayinevi.com.tr\/index.php\/wp-json\/wp\/v2\/product\/756965","targetHints":{"allow":["GET"]}}],"collection":[{"href":"https:\/\/roveyayinevi.com.tr\/index.php\/wp-json\/wp\/v2\/product"}],"about":[{"href":"https:\/\/roveyayinevi.com.tr\/index.php\/wp-json\/wp\/v2\/types\/product"}],"wp:attachment":[{"href":"https:\/\/roveyayinevi.com.tr\/index.php\/wp-json\/wp\/v2\/media?parent=756965"}],"wp:term":[{"taxonomy":"product_brand","embeddable":true,"href":"https:\/\/roveyayinevi.com.tr\/index.php\/wp-json\/wp\/v2\/product_brand?post=756965"},{"taxonomy":"product_cat","embeddable":true,"href":"https:\/\/roveyayinevi.com.tr\/index.php\/wp-json\/wp\/v2\/product_cat?post=756965"},{"taxonomy":"product_tag","embeddable":true,"href":"https:\/\/roveyayinevi.com.tr\/index.php\/wp-json\/wp\/v2\/product_tag?post=756965"}],"curies":[{"name":"wp","href":"https:\/\/api.w.org\/{rel}","templated":true}]}}