{"id":756949,"date":"2025-08-28T07:22:03","date_gmt":"2025-08-28T04:22:03","guid":{"rendered":"https:\/\/roveyayinevi.com.tr\/index.php\/urun\/bu-hayatta-ben-de-varim\/"},"modified":"2026-04-16T03:10:01","modified_gmt":"2026-04-16T00:10:01","slug":"bu-hayatta-ben-de-varim","status":"publish","type":"product","link":"https:\/\/roveyayinevi.com.tr\/index.php\/urun\/bu-hayatta-ben-de-varim\/","title":{"rendered":"Bu Hayatta Ben de Var\u0131m"},"content":{"rendered":"<p>\u00d6nce hayal kurmay\u0131 \u00f6\u011frendim. Sonra kurdu\u011fum hayalleri ger\u00e7ekle\u015ftirebilme ihtimalim oldu\u011funu fark ettim. Hedefe giden yolda y\u0131lmadan, azimle m\u00fccadele edersem yapabilece\u011fime inand\u0131m. Damarlar\u0131mda dola\u015fan asil kan\u0131n verdi\u011fi g\u00fc\u00e7 ve \u00f6zg\u00fcvenle kar\u015f\u0131ma \u00e7\u0131kan engellerin \u00fcstesinden bir bir gelmeyi ba\u015fard\u0131m ve hayallerime kavu\u015ftum. Benim bu ba\u015far\u0131m\u0131n arkas\u0131ndaki esas g\u00fc\u00e7 Gazi Mustafa Kemal ATAT\u00dcRK ve onun kurdu\u011fu Cumhuriyet&#8217;in fazilet ve nimetleridir. Bir Anadolu \u00e7ocu\u011fu olarak hayal kurabilme \u00f6zg\u00fcrl\u00fc\u011f\u00fcm olmasayd\u0131 her \u015fey daha ba\u015flamadan biterdi. <\/p>\n","protected":false},"excerpt":{"rendered":"<p>\u00d6nce hayal kurmay\u0131 \u00f6\u011frendim. Sonra kurdu\u011fum hayalleri ger\u00e7ekle\u015ftirebilme ihtimalim oldu\u011funu fark ettim. Hedefe giden yolda y\u0131lmadan, azimle m\u00fccadele edersem yapabilece\u011fime inand\u0131m. Damarlar\u0131mda dola\u015fan asil kan\u0131n verdi\u011fi<span class=\"excerpt-hellip\"> [\u2026]<\/span><\/p>\n","protected":false},"featured_media":0,"template":"","meta":{"_monsterinsights_skip_tracking":false,"_monsterinsights_sitenote_active":false,"_monsterinsights_sitenote_note":"","_monsterinsights_sitenote_category":0},"product_brand":[],"product_cat":[14009,12291],"product_tag":[],"class_list":{"0":"post-756949","1":"product","2":"type-product","3":"status-publish","5":"product_cat-biyografi-otobiyografi-edebiyat","6":"product_cat-edebiyat","7":"pa_cilt-ciltsiz","8":"pa_tur-kitap","9":"pa_yayinevi-phoenix-yayinevi","10":"pa_yazar-gurel-ozusta","12":"first","13":"instock","14":"sale","15":"shipping-taxable","16":"purchasable","17":"product-type-simple"},"_links":{"self":[{"href":"https:\/\/roveyayinevi.com.tr\/index.php\/wp-json\/wp\/v2\/product\/756949","targetHints":{"allow":["GET"]}}],"collection":[{"href":"https:\/\/roveyayinevi.com.tr\/index.php\/wp-json\/wp\/v2\/product"}],"about":[{"href":"https:\/\/roveyayinevi.com.tr\/index.php\/wp-json\/wp\/v2\/types\/product"}],"wp:attachment":[{"href":"https:\/\/roveyayinevi.com.tr\/index.php\/wp-json\/wp\/v2\/media?parent=756949"}],"wp:term":[{"taxonomy":"product_brand","embeddable":true,"href":"https:\/\/roveyayinevi.com.tr\/index.php\/wp-json\/wp\/v2\/product_brand?post=756949"},{"taxonomy":"product_cat","embeddable":true,"href":"https:\/\/roveyayinevi.com.tr\/index.php\/wp-json\/wp\/v2\/product_cat?post=756949"},{"taxonomy":"product_tag","embeddable":true,"href":"https:\/\/roveyayinevi.com.tr\/index.php\/wp-json\/wp\/v2\/product_tag?post=756949"}],"curies":[{"name":"wp","href":"https:\/\/api.w.org\/{rel}","templated":true}]}}