{"id":756835,"date":"2025-08-28T07:19:03","date_gmt":"2025-08-28T04:19:03","guid":{"rendered":"https:\/\/roveyayinevi.com.tr\/index.php\/urun\/tas-devrinden-gunumuze-siddet-ve-esitsizligin-tarihi\/"},"modified":"2026-04-16T03:09:58","modified_gmt":"2026-04-16T00:09:58","slug":"tas-devrinden-gunumuze-siddet-ve-esitsizligin-tarihi","status":"publish","type":"product","link":"https:\/\/roveyayinevi.com.tr\/index.php\/urun\/tas-devrinden-gunumuze-siddet-ve-esitsizligin-tarihi\/","title":{"rendered":"Ta\u015f Devri\u2019nden G\u00fcn\u00fcm\u00fcze \u015eiddet ve E\u015fitsizli\u011fin Tarihi"},"content":{"rendered":"<p>\u201cEkonomik e\u015fitsizlik hakk\u0131nda her \u015feyi \u00f6\u011frendi\u011finizi san\u0131yorsan\u0131z tekrar d\u00fc\u015f\u00fcn\u00fcn.\u201d \u2013 Steven Pinker\u201cEzeli \u00e7at\u0131\u015fmalar\u0131m\u0131z\u0131n ard\u0131ndaki itici g\u00fc\u00e7lere son derece kasvetli ama ayn\u0131 \u00f6l\u00e7\u00fcde ayd\u0131nlat\u0131c\u0131 bir bak\u0131\u015f\u201d \u2013 Kirkus \u201cKu\u015fat\u0131c\u0131, k\u0131\u015fk\u0131rt\u0131c\u0131 ve ezber bozucu.\u201d \u2013 New Yorker \u201cGelir ve servet e\u015fitsizli\u011finin tarihsel dinamiklerine ili\u015fkin anlay\u0131\u015f\u0131m\u0131zda bir k\u0131r\u0131lma noktas\u0131.\u201d \u2013 Peter Turchin \u201cCesur, \u015fa\u015f\u0131rt\u0131c\u0131 ve \u00e7ok \u00f6nemli bir kitap bu. Scheidel\u2019in kabiliyetinden ve verilerinin sa\u011flaml\u0131\u011f\u0131ndan etkilenmemek m\u00fcmk\u00fcn de\u011fil.\u201d  \u2013 Michael Mann \u201cUmut k\u0131r\u0131c\u0131 ama ikna edici.\u201d \u2013 The Economist \u0130nsanlar\u0131n yerle\u015fik hayata ge\u00e7ti\u011fi g\u00fcnden beri maddi e\u015fitsizlik uygarl\u0131klar\u0131n en temel ve belirgin \u00f6zelliklerinden biri olageldi. \u00c7ok b\u00fcy\u00fck bir zenginlik \u00e7ok k\u00fc\u00e7\u00fck bir z\u00fcmrenin elinde toplan\u0131rken di\u011ferleri kitleler h\u00e2linde a\u00e7l\u0131k ve sefalet i\u00e7inde hayatta kalma m\u00fccadelesi verdiler. Bu durum o kadar yayg\u0131n bi\u00e7imde kan\u0131ksand\u0131 ve d\u00fcnyan\u0131n ola\u011fan h\u00e2li olarak g\u00f6r\u00fcld\u00fc ki herkesin kap\u0131s\u0131n\u0131 er ya da ge\u00e7 \u00e7alacak olan \u00f6l\u00fcm, bir\u00e7ok k\u00fclt\u00fcrde her t\u00fcrl\u00fc e\u015fitsizli\u011fi en sonunda ortadan kald\u0131ran tek ger\u00e7ek e\u015fitleyici olarak alg\u0131land\u0131. Hatta insan\u0131n \u00f6l\u00fcml\u00fc olu\u015fu e\u015fitsizli\u011fin ma\u011fdurlar\u0131na zaman zaman huzur bile verdi. Peki, tarihte maddi e\u015fitsizliklerin ortadan kalkt\u0131\u011f\u0131 zamanlar olmad\u0131 m\u0131? Bundan sonra olamaz m\u0131? Olursa bunun bedeli ne olacak ve biz buna haz\u0131rl\u0131kl\u0131 m\u0131y\u0131z?   Walter Scheidel, bir\u00e7ok \u00f6d\u00fcl kazanan, maddi e\u015fitsizlik sorununa sars\u0131c\u0131 bir bak\u0131\u015f getirdi\u011fi bu abidevi \u00e7al\u0131\u015fmas\u0131nda, i\u015fte bu temel sorulara bir yan\u0131t ar\u0131yor. Tarih boyunca e\u015fitsizli\u011fi ortadan kald\u0131ran, zengin ile yoksulu ay\u0131ran servet da\u011flar\u0131n\u0131 d\u00fcmd\u00fcz eden, y\u00fcz y\u00fcze gelenlere k\u0131yamet saatinin geldi\u011fini d\u00fc\u015f\u00fcnd\u00fcren mah\u015ferin ger\u00e7ek d\u00f6rt atl\u0131s\u0131yla bizi tan\u0131\u015ft\u0131r\u0131yor: b\u00fcy\u00fck sava\u015flar, devrimler, salg\u0131nlar ve devletlerin y\u0131k\u0131l\u0131\u015f\u0131. Primat atalar\u0131m\u0131z\u0131n ya\u015fad\u0131\u011f\u0131 Afrika\u2019n\u0131n savanlar\u0131ndan, Amerika\u2019n\u0131n en eski yerli uygarl\u0131klar\u0131na, Uzakdo\u011fu ve Mezopotamya\u2019n\u0131n k\u00fclt\u00fcrlerinden Avrupa\u2019n\u0131n Orta\u00e7a\u011f\u0131na ve bug\u00fcn\u00fcn modern d\u00fcnyas\u0131na kadar, bu y\u0131k\u0131c\u0131 g\u00fc\u00e7lerin bireylerin ve uluslar\u0131n kaderini nas\u0131l durmaks\u0131z\u0131n yeniden \u015fekillendirdi\u011fini ve oyun alan\u0131n\u0131 nas\u0131l e\u015fitledi\u011fini g\u00f6zler \u00f6n\u00fcne seriyor.   Bir anlat\u0131dan ziyade manifesto niteli\u011fi ta\u015f\u0131yan bu kitap, herkesin bildi\u011fi s\u0131rlar\u0131 if\u015fa etmenin ne denli zahmetli bir i\u015f oldu\u011funu da g\u00f6steriyor. <\/p>\n","protected":false},"excerpt":{"rendered":"<p>\u201cEkonomik e\u015fitsizlik hakk\u0131nda her \u015feyi \u00f6\u011frendi\u011finizi san\u0131yorsan\u0131z tekrar d\u00fc\u015f\u00fcn\u00fcn.\u201d \u2013 Steven Pinker\u201cEzeli \u00e7at\u0131\u015fmalar\u0131m\u0131z\u0131n ard\u0131ndaki itici g\u00fc\u00e7lere son derece kasvetli ama ayn\u0131 \u00f6l\u00e7\u00fcde ayd\u0131nlat\u0131c\u0131 bir bak\u0131\u015f\u201d \u2013<span class=\"excerpt-hellip\"> [\u2026]<\/span><\/p>\n","protected":false},"featured_media":0,"template":"","meta":{"_monsterinsights_skip_tracking":false,"_monsterinsights_sitenote_active":false,"_monsterinsights_sitenote_note":"","_monsterinsights_sitenote_category":0},"product_brand":[],"product_cat":[12337,14706],"product_tag":[],"class_list":{"0":"post-756835","1":"product","2":"type-product","3":"status-publish","5":"product_cat-politika-siyaset","6":"product_cat-siyaset-bilimi","7":"pa_cilt-ciltsiz","8":"pa_tur-kitap","9":"pa_yayinevi-fol-kitap","10":"pa_yazar-walter-scheidel","12":"first","13":"instock","14":"sale","15":"shipping-taxable","16":"purchasable","17":"product-type-simple"},"_links":{"self":[{"href":"https:\/\/roveyayinevi.com.tr\/index.php\/wp-json\/wp\/v2\/product\/756835","targetHints":{"allow":["GET"]}}],"collection":[{"href":"https:\/\/roveyayinevi.com.tr\/index.php\/wp-json\/wp\/v2\/product"}],"about":[{"href":"https:\/\/roveyayinevi.com.tr\/index.php\/wp-json\/wp\/v2\/types\/product"}],"wp:attachment":[{"href":"https:\/\/roveyayinevi.com.tr\/index.php\/wp-json\/wp\/v2\/media?parent=756835"}],"wp:term":[{"taxonomy":"product_brand","embeddable":true,"href":"https:\/\/roveyayinevi.com.tr\/index.php\/wp-json\/wp\/v2\/product_brand?post=756835"},{"taxonomy":"product_cat","embeddable":true,"href":"https:\/\/roveyayinevi.com.tr\/index.php\/wp-json\/wp\/v2\/product_cat?post=756835"},{"taxonomy":"product_tag","embeddable":true,"href":"https:\/\/roveyayinevi.com.tr\/index.php\/wp-json\/wp\/v2\/product_tag?post=756835"}],"curies":[{"name":"wp","href":"https:\/\/api.w.org\/{rel}","templated":true}]}}