{"id":756768,"date":"2025-08-28T07:16:33","date_gmt":"2025-08-28T04:16:33","guid":{"rendered":"https:\/\/roveyayinevi.com.tr\/index.php\/urun\/kuslarin-sarkisi-2\/"},"modified":"2026-04-16T03:09:57","modified_gmt":"2026-04-16T00:09:57","slug":"kuslarin-sarkisi-2","status":"publish","type":"product","link":"https:\/\/roveyayinevi.com.tr\/index.php\/urun\/kuslarin-sarkisi-2\/","title":{"rendered":"Ku\u015flar\u0131n \u015eark\u0131s\u0131"},"content":{"rendered":"<p>Ku\u015flar, zaman\u0131n ba\u015flang\u0131c\u0131ndan beri insanlara ilham kayna\u011f\u0131 olmu\u015ftur. Mozart\u2019\u0131n dehas\u0131n\u0131n notalar\u0131, Audubon\u2019un resminin renkleri balenin ku\u011fu \u015fark\u0131s\u0131d\u0131rlar. Stanis\u0142aw \u0141ubie\u0144ski Ku\u015flar\u0131n \u015eark\u0131s\u0131\u2019nda Alman esir kamplar\u0131ndaki efsanevi ku\u015f g\u00f6zlemcilerinden Kerkenez\u2019deki Billy ve Kes\u2019e kadar tarihin en etkileyici ku\u015f ve insan ili\u015fkilerine \u0131\u015f\u0131k tutuyor. Hitchcock\u2019un ku\u015flar\u0131n\u0131n akl\u0131ndan ne ge\u00e7ti\u011fini anlamaya \u00e7al\u0131\u015f\u0131yor ve ger\u00e7ek James Bond\u2019un arkas\u0131ndaki hik\u00e2yeyi ortaya \u00e7\u0131kar\u0131yor. Nemli hava, konforsuz ortamlar ve batakl\u0131k kiraz ku\u015funun laneti kar\u015f\u0131s\u0131nda cesaretini yitirmeyen \u0141ubie\u0144ski, insanlar\u0131n h\u0131zla de\u011fi\u015fen zamanlarda onlara uyum sa\u011flayamamas\u0131 nedeniyle ku\u015flar\u0131n g\u00fcn\u00fcm\u00fczde kar\u015f\u0131la\u015ft\u0131klar\u0131 g\u00fc\u00e7l\u00fcklere tan\u0131kl\u0131k ediyor. Ku\u015flara duydu\u011fumuz hayranl\u0131\u011f\u0131n g\u00f6rkemli bir ke\u015ffi olan Ku\u015flar\u0131n \u015eark\u0131s\u0131, \u2013biz insanlar\u0131n asla yaln\u0131z olmad\u0131\u011f\u0131 koca bir d\u00fcnyada- b\u00fcy\u00fcleyici sesler, renkler ve anlamlarla dolu u\u00e7suz bucaks\u0131z bir diyar\u0131n kap\u0131lar\u0131n\u0131 a\u00e7\u0131yor. <\/p>\n","protected":false},"excerpt":{"rendered":"<p>Ku\u015flar, zaman\u0131n ba\u015flang\u0131c\u0131ndan beri insanlara ilham kayna\u011f\u0131 olmu\u015ftur. Mozart\u2019\u0131n dehas\u0131n\u0131n notalar\u0131, Audubon\u2019un resminin renkleri balenin ku\u011fu \u015fark\u0131s\u0131d\u0131rlar. Stanis\u0142aw \u0141ubie\u0144ski Ku\u015flar\u0131n \u015eark\u0131s\u0131\u2019nda Alman esir kamplar\u0131ndaki efsanevi ku\u015f<span class=\"excerpt-hellip\"> [\u2026]<\/span><\/p>\n","protected":false},"featured_media":0,"template":"","meta":{"_monsterinsights_skip_tracking":false,"_monsterinsights_sitenote_active":false,"_monsterinsights_sitenote_note":"","_monsterinsights_sitenote_category":0},"product_brand":[],"product_cat":[13489,13488],"product_tag":[],"class_list":{"0":"post-756768","1":"product","2":"type-product","3":"status-publish","5":"product_cat-populer-kultur","6":"product_cat-toplum-ve-insan","7":"pa_cilt-ciltsiz","8":"pa_tur-kitap","9":"pa_yayinevi-orenda","10":"pa_yazar-stanislaw-lubienski","12":"first","13":"instock","14":"sale","15":"shipping-taxable","16":"purchasable","17":"product-type-simple"},"_links":{"self":[{"href":"https:\/\/roveyayinevi.com.tr\/index.php\/wp-json\/wp\/v2\/product\/756768","targetHints":{"allow":["GET"]}}],"collection":[{"href":"https:\/\/roveyayinevi.com.tr\/index.php\/wp-json\/wp\/v2\/product"}],"about":[{"href":"https:\/\/roveyayinevi.com.tr\/index.php\/wp-json\/wp\/v2\/types\/product"}],"wp:attachment":[{"href":"https:\/\/roveyayinevi.com.tr\/index.php\/wp-json\/wp\/v2\/media?parent=756768"}],"wp:term":[{"taxonomy":"product_brand","embeddable":true,"href":"https:\/\/roveyayinevi.com.tr\/index.php\/wp-json\/wp\/v2\/product_brand?post=756768"},{"taxonomy":"product_cat","embeddable":true,"href":"https:\/\/roveyayinevi.com.tr\/index.php\/wp-json\/wp\/v2\/product_cat?post=756768"},{"taxonomy":"product_tag","embeddable":true,"href":"https:\/\/roveyayinevi.com.tr\/index.php\/wp-json\/wp\/v2\/product_tag?post=756768"}],"curies":[{"name":"wp","href":"https:\/\/api.w.org\/{rel}","templated":true}]}}