{"id":756587,"date":"2025-08-28T07:12:23","date_gmt":"2025-08-28T04:12:23","guid":{"rendered":"https:\/\/roveyayinevi.com.tr\/index.php\/urun\/sanat-dunyamiz-198-ocak-subat-2024\/"},"modified":"2026-04-16T03:09:38","modified_gmt":"2026-04-16T00:09:38","slug":"sanat-dunyamiz-198-ocak-subat-2024","status":"publish","type":"product","link":"https:\/\/roveyayinevi.com.tr\/index.php\/urun\/sanat-dunyamiz-198-ocak-subat-2024\/","title":{"rendered":"Sanat D\u00fcnyam\u0131z 198 Ocak-\u015eubat 2024"},"content":{"rendered":"<p>Sanat D\u00fcnyam\u0131z ELL\u0130 YA\u015eINDA   Sanat D\u00fcnyam\u0131z dergisi 1974\u2019ten bu yana s\u00fcrd\u00fcrd\u00fc\u011f\u00fc yay\u0131n hayat\u0131nda bu y\u0131l 50. ya\u015f\u0131n\u0131 kutluyor. Yap\u0131 Kredi K\u00fclt\u00fcr Sanat\u2019ta bu vesileyle film g\u00fcnleri, at\u00f6lyeler ve bulu\u015fmalar d\u00fczenlenecek. Sanat D\u00fcnyam\u0131z\u2019\u0131n 50. ya\u015f\u0131n\u0131n ilk say\u0131s\u0131 da dolu dolu. Taner Ceylan\u2019\u0131n Duvar ba\u015fl\u0131kl\u0131 eseri ge\u00e7mi\u015f ve gelecek konusunu yeniden d\u00fc\u015f\u00fcnmemizi sa\u011flayan \u201cGelecek Hat\u0131ralar\u0131\u201d sergisi vesilesiyle kapakta. Sergiye dair kapsaml\u0131 bir yaz\u0131y\u0131 ise Seda Ni\u011fbolu kaleme al\u0131yor. Bengisu \u00c7a\u011flayan, Sarkis\u2019in Baden Baden\u2019de a\u00e7\u0131lan \u201c7 G\u00fcn, 7 Gece\u201d sergisi hakk\u0131nda bir yaz\u0131yla umut kavram\u0131 \u00fczerinden sanat\u00e7\u0131n\u0131n prati\u011fini inceliyor. \u0130sve\u00e7 Sanat Konseyi, \u0130KSV ve SAHA taraf\u0131ndan d\u00fczenlenen \u201cDe\u011fi\u015fken \u0130nisiyatifler\u201d ba\u015fl\u0131kl\u0131 sempozyumdan notlar derginin konular\u0131 aras\u0131nda. Ay\u015fe H. K\u00f6ksal T\u00fcrkiye\u2019de m\u00fczecilik \u00fczerine makalesiyle, \u0130shak Reyna T\u00fcrkiye \u0130\u015f Bankas\u0131 Resim Heykel M\u00fczesi \u00fczerine yaz\u0131s\u0131yla, S\u00fcreyyya Evren sava\u015f g\u00fcndeminde g\u00fcncel sanat\u0131n tavr\u0131 hakk\u0131nda Anlam \u00c7er\u00e7evesi dizisinin d\u00f6rd\u00fcnc\u00fcs\u00fcyle dergide. Ki\u015fisel sergilere odaklanan Sanat D\u00fcnyam\u0131z S\u00f6yle\u015fileri\u2019nde ise Merve \u00dcnsal ve Berk K\u0131r var. Dergide Kaya Gen\u00e7, Cevdet Erek\u2019in \u201c\u00e7epe\u00e7er\u00e7eve\u201d sergisi \u00fczerine, \u00c7elenk Bafra 35. S\u00e3o Paulo  Bienali \u00fczerine, Furkan \u00d6ztekin, Ezgi Yak\u0131n\u2019\u0131n \u201cBeklenen ve Artakalan Di\u011fer \u015eeyler\u201d sergisi \u00fczerine, Zeynep Nur Ayano\u011flu ise \u201cKaybolan Hazlar Bah\u00e7esi\u201d sergisi \u00fczerine birer yaz\u0131yla de\u011ferlendirmelerini payla\u015f\u0131yorlar. Sezen \u00dcnl\u00fc\u00f6nen Killing Eve \u00fczerine, Ba\u015fak \u015eenova ise Viennale 2023 \u00fczerine yaz\u0131lar\u0131yla yer al\u0131yorlar. Her say\u0131 bir sanat\u00e7\u0131n\u0131n okuduklar\u0131na, izlediklerine, dinlediklerine yer verilen Ajanda b\u00f6l\u00fcm\u00fc bu say\u0131 SANATORIUM\u2019da bir sergiyle a\u011f\u0131rlanan Merve \u015eendil\u2019e emanet. G\u00f6rsel Notlar b\u00f6l\u00fcm\u00fcnde ise sanat\u00e7\u0131 Sabo Akda\u011f ta\u015f\u0131nma ve g\u00f6\u00e7 hik\u00e2yesini anlat\u0131yor. Sanat D\u00fcnyam\u0131z Film G\u00fcnleri ad\u0131yla d\u00f6rt g\u00fcn boyunca Yap\u0131 Kredi K\u00fclt\u00fcr Sanat\u2019ta yer alacak Engin Ertan\u2019\u0131n k\u00fcrat\u00f6rl\u00fc\u011f\u00fcn\u00fc yapt\u0131\u011f\u0131 film program\u0131 da dergide duyuruluyor. <\/p>\n","protected":false},"excerpt":{"rendered":"<p>Sanat D\u00fcnyam\u0131z ELL\u0130 YA\u015eINDA Sanat D\u00fcnyam\u0131z dergisi 1974\u2019ten bu yana s\u00fcrd\u00fcrd\u00fc\u011f\u00fc yay\u0131n hayat\u0131nda bu y\u0131l 50. ya\u015f\u0131n\u0131 kutluyor. Yap\u0131 Kredi K\u00fclt\u00fcr Sanat\u2019ta bu vesileyle film g\u00fcnleri,<span class=\"excerpt-hellip\"> [\u2026]<\/span><\/p>\n","protected":false},"featured_media":0,"template":"","meta":{"_monsterinsights_skip_tracking":false,"_monsterinsights_sitenote_active":false,"_monsterinsights_sitenote_note":"","_monsterinsights_sitenote_category":0},"product_brand":[],"product_cat":[13527],"product_tag":[],"class_list":{"0":"post-756587","1":"product","2":"type-product","3":"status-publish","5":"product_cat-sureli-yayinlar","6":"pa_cilt-ciltsiz","7":"pa_tur-dergi","8":"pa_yayinevi-yapi-kredi-yayinlari-dergi","9":"pa_yazar-kolektif","11":"first","12":"instock","13":"sale","14":"shipping-taxable","15":"purchasable","16":"product-type-simple"},"_links":{"self":[{"href":"https:\/\/roveyayinevi.com.tr\/index.php\/wp-json\/wp\/v2\/product\/756587","targetHints":{"allow":["GET"]}}],"collection":[{"href":"https:\/\/roveyayinevi.com.tr\/index.php\/wp-json\/wp\/v2\/product"}],"about":[{"href":"https:\/\/roveyayinevi.com.tr\/index.php\/wp-json\/wp\/v2\/types\/product"}],"wp:attachment":[{"href":"https:\/\/roveyayinevi.com.tr\/index.php\/wp-json\/wp\/v2\/media?parent=756587"}],"wp:term":[{"taxonomy":"product_brand","embeddable":true,"href":"https:\/\/roveyayinevi.com.tr\/index.php\/wp-json\/wp\/v2\/product_brand?post=756587"},{"taxonomy":"product_cat","embeddable":true,"href":"https:\/\/roveyayinevi.com.tr\/index.php\/wp-json\/wp\/v2\/product_cat?post=756587"},{"taxonomy":"product_tag","embeddable":true,"href":"https:\/\/roveyayinevi.com.tr\/index.php\/wp-json\/wp\/v2\/product_tag?post=756587"}],"curies":[{"name":"wp","href":"https:\/\/api.w.org\/{rel}","templated":true}]}}