{"id":756431,"date":"2025-08-28T07:07:50","date_gmt":"2025-08-28T04:07:50","guid":{"rendered":"https:\/\/roveyayinevi.com.tr\/index.php\/urun\/az-kullanilan-makamlarda-kanun-alistirmalari\/"},"modified":"2026-04-16T03:09:35","modified_gmt":"2026-04-16T00:09:35","slug":"az-kullanilan-makamlarda-kanun-alistirmalari","status":"publish","type":"product","link":"https:\/\/roveyayinevi.com.tr\/index.php\/urun\/az-kullanilan-makamlarda-kanun-alistirmalari\/","title":{"rendered":"Az Kullan\u0131lan Makamlarda Kanun Al\u0131\u015ft\u0131rmalar\u0131"},"content":{"rendered":"<p>\u00d6\u011fr. G\u00f6r. Funda KEKL\u0130K KAL 1987 y\u0131l\u0131nda Tokat\u2019\u0131n Niksar il\u00e7esinde do\u011fdu. Orta\u00f6\u011frenimini lise ikinci s\u0131n\u0131fa kadar Niksar Dani\u015fmend Gazi Lisesi\u2019nde geri kalan k\u0131sm\u0131n\u0131 ise Tokat Gaziosmanpa\u015fa Lisesi\u2019nde tamamlad\u0131. Lisans \u00f6\u011frenimine Afyon Kocatepe \u00dcniversitesi Devlet Konservatuvar\u0131 Ses E\u011fitimi B\u00f6l\u00fcm\u00fcn\u00fc kazanarak ba\u015flad\u0131. Burada \u00e7ocuk ya\u015flardan beri amat\u00f6r olarak ilgilendi\u011fi m\u00fczik e\u011fitimini mesleki anlamda s\u00fcrd\u00fcrmeye ba\u015flad\u0131. K\u0131r\u0131kkale \u00dcniversitesi\u2019nden formasyon belgesini alarak \u00f6\u011fretmenlik hakk\u0131n\u0131 kazand\u0131. 2020 y\u0131l\u0131nda Tokat Gaziosmanpa\u015fa \u00dcniversitesi Devlet Konservatuvar\u0131 T\u00fcrk M\u00fczi\u011fi B\u00f6l\u00fcm\u00fc\u2019nde Y\u00fcksek Lisans\u0131n\u0131 tamamlad\u0131. Ayn\u0131 sene i\u00e7erisinde Tokat Gaziosmanpa\u015fa \u00dcniversitesi Devlet Konservatuvar\u0131 T\u00fcrk M\u00fczi\u011fi B\u00f6l\u00fcm\u00fc\u2019nde \u00f6\u011fretim g\u00f6revlisi olarak g\u00f6reve ba\u015flad\u0131. Ard\u0131ndan 2020 y\u0131l\u0131 i\u00e7erisinde Sivas Cumhuriyet \u00dcniversitesi M\u00fczik E\u011fitimi Ana Sanat Dal\u0131\u2019nda doktora e\u011fitimine ba\u015flad\u0131. Halen Tokat Gaziosmanpa\u015fa \u00dcniversitesi Devlet Konservatuvar\u0131\u2019nda g\u00f6rev yapmaktad\u0131r. <\/p>\n","protected":false},"excerpt":{"rendered":"<p>\u00d6\u011fr. G\u00f6r. Funda KEKL\u0130K KAL 1987 y\u0131l\u0131nda Tokat\u2019\u0131n Niksar il\u00e7esinde do\u011fdu. Orta\u00f6\u011frenimini lise ikinci s\u0131n\u0131fa kadar Niksar Dani\u015fmend Gazi Lisesi\u2019nde geri kalan k\u0131sm\u0131n\u0131 ise Tokat Gaziosmanpa\u015fa<span class=\"excerpt-hellip\"> [\u2026]<\/span><\/p>\n","protected":false},"featured_media":0,"template":"","meta":{"_monsterinsights_skip_tracking":false,"_monsterinsights_sitenote_active":false,"_monsterinsights_sitenote_note":"","_monsterinsights_sitenote_category":0},"product_brand":[],"product_cat":[12573,12566],"product_tag":[],"class_list":{"0":"post-756431","1":"product","2":"type-product","3":"status-publish","5":"product_cat-akademik-kitaplar","6":"product_cat-egitim","7":"pa_cilt-ciltsiz","8":"pa_tur-kitap","9":"pa_yayinevi-soncag-akademik-kitaplar","10":"pa_yazar-funda-keklik-kal","12":"first","13":"instock","14":"sale","15":"shipping-taxable","16":"purchasable","17":"product-type-simple"},"_links":{"self":[{"href":"https:\/\/roveyayinevi.com.tr\/index.php\/wp-json\/wp\/v2\/product\/756431","targetHints":{"allow":["GET"]}}],"collection":[{"href":"https:\/\/roveyayinevi.com.tr\/index.php\/wp-json\/wp\/v2\/product"}],"about":[{"href":"https:\/\/roveyayinevi.com.tr\/index.php\/wp-json\/wp\/v2\/types\/product"}],"wp:attachment":[{"href":"https:\/\/roveyayinevi.com.tr\/index.php\/wp-json\/wp\/v2\/media?parent=756431"}],"wp:term":[{"taxonomy":"product_brand","embeddable":true,"href":"https:\/\/roveyayinevi.com.tr\/index.php\/wp-json\/wp\/v2\/product_brand?post=756431"},{"taxonomy":"product_cat","embeddable":true,"href":"https:\/\/roveyayinevi.com.tr\/index.php\/wp-json\/wp\/v2\/product_cat?post=756431"},{"taxonomy":"product_tag","embeddable":true,"href":"https:\/\/roveyayinevi.com.tr\/index.php\/wp-json\/wp\/v2\/product_tag?post=756431"}],"curies":[{"name":"wp","href":"https:\/\/api.w.org\/{rel}","templated":true}]}}