{"id":756388,"date":"2025-08-28T07:06:29","date_gmt":"2025-08-28T04:06:29","guid":{"rendered":"https:\/\/roveyayinevi.com.tr\/index.php\/urun\/1-dunya-savasi-dogu-cephesinde-muhacirler\/"},"modified":"2026-04-16T03:09:34","modified_gmt":"2026-04-16T00:09:34","slug":"1-dunya-savasi-dogu-cephesinde-muhacirler","status":"publish","type":"product","link":"https:\/\/roveyayinevi.com.tr\/index.php\/urun\/1-dunya-savasi-dogu-cephesinde-muhacirler\/","title":{"rendered":"1.D\u00fcnya Sava\u015f\u0131 \/ Do\u011fu Cephesinde Muhacirler"},"content":{"rendered":"<p>1877-1878 Osmanl\u0131-Rus Sava\u015f\u0131, Balkan Sava\u015f\u0131 (1909-1911) ve 1. D\u00fcnya Sava\u015f\u0131 (1914-1918) s\u0131ras\u0131nda, Makedonya, Kafkasya ve Yunanistan g\u00f6\u00e7leri ile eski imparatorluk topraklar\u0131ndan Anadolu\u2019ya milyonlarca g\u00f6\u00e7men (muhacir) geldi. Bu g\u00f6\u00e7ler iyi bilindi\u011fi halde, 1. D\u00fcnya Sava\u015f\u0131nda do\u011fudaki Osmanl\u0131-Rus Cephesinden ka\u00e7an muhacirler \u00fczerine yaz\u0131l\u0131 kaynak ve eser \u00e7ok azd\u0131r. Osmanl\u0131-Rus Sava\u015f\u0131 s\u0131ras\u0131nda, i\u015fgale u\u011frayan Do\u011fu Anadolu topraklar\u0131ndan, a\u011f\u0131r k\u0131\u015f ko\u015fullar\u0131nda yayan yap\u0131ldak Anadolu\u2019nun orta ve g\u00fcney illerine g\u00f6\u00e7 eden muhacirlerin say\u0131s\u0131 bir milyona yak\u0131nd\u0131. Bunlar\u0131n bir b\u00f6l\u00fcm\u00fc yolda \u00f6lm\u00fc\u015f, bir b\u00f6l\u00fcm\u00fc sava\u015f sonras\u0131 geriye d\u00f6nebilmi\u015f, k\u00fc\u00e7\u00fck bir b\u00f6l\u00fcm\u00fc ise gittikleri yerde yerle\u015fip kalm\u0131\u015ft\u0131. Bu kitapta; Do\u011fu Anadolu illerinden, G\u00fcneydo\u011fu Anadolu\u2019ya g\u00f6\u00e7 eden bir grup muhacir anlat\u0131lmaktad\u0131r. Bu insanlar\u0131n tan\u0131k oldu\u011fu Ermeni Tehciri, Rus i\u015fgali ve a\u011f\u0131r k\u0131\u015f ko\u015fullar\u0131nda aylarca s\u00fcren g\u00f6\u00e7 ve bu s\u0131rada g\u00f6r\u00fclen \u00f6l\u00fcm, yokluk, a\u00e7l\u0131k ve hastal\u0131k gibi felaketler sergilenmektedir. Bir yerlerde ayn\u0131 kaderi payla\u015fan ve yollar\u0131 kesi\u015fen insanlar\u0131n yeniden hayata tutunma sava\u015f\u0131n\u0131n \u00f6yk\u00fcs\u00fc verilmektedir. Bu felaket, o d\u00f6nemde ya\u015fayan ku\u015fa\u011f\u0131 inan\u0131lmaz derecede etkilemi\u015f, sonraki hayatlar\u0131nda onulmaz izler b\u0131rakm\u0131\u015ft\u0131r. Hayat\u0131, sava, \u00f6l\u00fcm, \u00fcz\u00fcnt\u00fc, yokluk ve sonsuz \u00f6zveri i\u00e7inde ge\u00e7en bu ku\u015fa\u011f\u0131n de\u011feri yeteri kadar bilinmeden, ya\u015fad\u0131klar\u0131n\u0131 yeni ku\u015faklara yeteri kadar iletmeden ve yazamadan kaybolup gitmesi \u00e7ok hazindir. Bu romanda ad\u0131 ge\u00e7en b\u00fct\u00fcn ki\u015filer ve olaylar ger\u00e7ektir. Kitap, konu ile ilgili an\u0131lar ve belgelere dayan\u0131larak yaz\u0131lm\u0131\u015ft\u0131r. Kitapta o d\u00f6nemde ya\u015fayan olaylar, \u00f6nyarg\u0131s\u0131z, etnik ve dinsel yorumlara yer verilmeden oldu\u011fu \u015fekilde, o insanlar\u0131n g\u00f6z\u00fcnden yans\u0131t\u0131lm\u0131\u015ft\u0131r. Bu kitab\u0131n amac\u0131, y\u00fczy\u0131l \u00f6nce \u00fclkemiz tarihini etkileyen bir sava\u015f\u0131 en a\u011f\u0131r \u015fekilde ya\u015fam\u0131\u015f bir ku\u015fa\u011f\u0131n \u00f6yk\u00fcs\u00fcn\u00fc kayda ge\u00e7irmektir. <\/p>\n","protected":false},"excerpt":{"rendered":"<p>1877-1878 Osmanl\u0131-Rus Sava\u015f\u0131, Balkan Sava\u015f\u0131 (1909-1911) ve 1. D\u00fcnya Sava\u015f\u0131 (1914-1918) s\u0131ras\u0131nda, Makedonya, Kafkasya ve Yunanistan g\u00f6\u00e7leri ile eski imparatorluk topraklar\u0131ndan Anadolu\u2019ya milyonlarca g\u00f6\u00e7men (muhacir) geldi.<span class=\"excerpt-hellip\"> [\u2026]<\/span><\/p>\n","protected":false},"featured_media":0,"template":"","meta":{"_monsterinsights_skip_tracking":false,"_monsterinsights_sitenote_active":false,"_monsterinsights_sitenote_note":"","_monsterinsights_sitenote_category":0},"product_brand":[],"product_cat":[12305,12304],"product_tag":[],"class_list":{"0":"post-756388","1":"product","2":"type-product","3":"status-publish","5":"product_cat-dunya-tarihi","6":"product_cat-tarih","7":"pa_cilt-ciltsiz","8":"pa_tur-kitap","9":"pa_yayinevi-cumhuriyet-kitaplari","10":"pa_yazar-halil-degertekin","12":"first","13":"instock","14":"sale","15":"shipping-taxable","16":"purchasable","17":"product-type-simple"},"_links":{"self":[{"href":"https:\/\/roveyayinevi.com.tr\/index.php\/wp-json\/wp\/v2\/product\/756388","targetHints":{"allow":["GET"]}}],"collection":[{"href":"https:\/\/roveyayinevi.com.tr\/index.php\/wp-json\/wp\/v2\/product"}],"about":[{"href":"https:\/\/roveyayinevi.com.tr\/index.php\/wp-json\/wp\/v2\/types\/product"}],"wp:attachment":[{"href":"https:\/\/roveyayinevi.com.tr\/index.php\/wp-json\/wp\/v2\/media?parent=756388"}],"wp:term":[{"taxonomy":"product_brand","embeddable":true,"href":"https:\/\/roveyayinevi.com.tr\/index.php\/wp-json\/wp\/v2\/product_brand?post=756388"},{"taxonomy":"product_cat","embeddable":true,"href":"https:\/\/roveyayinevi.com.tr\/index.php\/wp-json\/wp\/v2\/product_cat?post=756388"},{"taxonomy":"product_tag","embeddable":true,"href":"https:\/\/roveyayinevi.com.tr\/index.php\/wp-json\/wp\/v2\/product_tag?post=756388"}],"curies":[{"name":"wp","href":"https:\/\/api.w.org\/{rel}","templated":true}]}}