{"id":756374,"date":"2025-08-28T07:06:03","date_gmt":"2025-08-28T04:06:03","guid":{"rendered":"https:\/\/roveyayinevi.com.tr\/index.php\/urun\/davanin-davasi-ciltli\/"},"modified":"2026-04-16T03:09:34","modified_gmt":"2026-04-16T00:09:34","slug":"davanin-davasi-ciltli","status":"publish","type":"product","link":"https:\/\/roveyayinevi.com.tr\/index.php\/urun\/davanin-davasi-ciltli\/","title":{"rendered":"Dava&#8217;n\u0131n Davas\u0131 (Ciltli)"},"content":{"rendered":"<p>Bu davan\u0131n san\u0131klar\u0131 sadece devletlerinin ya\u015famas\u0131 ve milletlerinin bekas\u0131 i\u00e7in \u00e7\u0131rp\u0131nan milliyet\u00e7ilerdir. \u00c7\u00fcnk\u00fc bu davada yarg\u0131lanan sadece \u015fah\u0131slar de\u011fil T\u00fcrk Milleti\u2019nin mukaddesleridir, T\u00fcrk Milliyet\u00e7ili\u011fidir\u2026 Davan\u0131n esas hatas\u0131 buradad\u0131r. Bu dava a\u00e7\u0131lmakla Kuva-y\u0131 Milliye Ruhu baltalanm\u0131\u015ft\u0131r. O ruh ki bug\u00fcn de yar\u0131n da milletimize laz\u0131m olacakt\u0131r.MHP ve \u00dclk\u00fcc\u00fc Kurulu\u015flar Davas\u0131 M\u00fc\u015fterek Savunmas\u0131ndan<\/p>\n","protected":false},"excerpt":{"rendered":"<p>Bu davan\u0131n san\u0131klar\u0131 sadece devletlerinin ya\u015famas\u0131 ve milletlerinin bekas\u0131 i\u00e7in \u00e7\u0131rp\u0131nan milliyet\u00e7ilerdir. \u00c7\u00fcnk\u00fc bu davada yarg\u0131lanan sadece \u015fah\u0131slar de\u011fil T\u00fcrk Milleti\u2019nin mukaddesleridir, T\u00fcrk Milliyet\u00e7ili\u011fidir\u2026 Davan\u0131n esas<span class=\"excerpt-hellip\"> [\u2026]<\/span><\/p>\n","protected":false},"featured_media":0,"template":"","meta":{"_monsterinsights_skip_tracking":false,"_monsterinsights_sitenote_active":false,"_monsterinsights_sitenote_note":"","_monsterinsights_sitenote_category":0},"product_brand":[],"product_cat":[14009,12291],"product_tag":[],"class_list":{"0":"post-756374","1":"product","2":"type-product","3":"status-publish","5":"product_cat-biyografi-otobiyografi-edebiyat","6":"product_cat-edebiyat","7":"pa_cilt-ciltli","8":"pa_tur-kitap","9":"pa_yayinevi-otuken-nesriyat","10":"pa_yazar-rasit-demirtas-mahir-durakoglu","12":"first","13":"instock","14":"sale","15":"shipping-taxable","16":"purchasable","17":"product-type-simple"},"_links":{"self":[{"href":"https:\/\/roveyayinevi.com.tr\/index.php\/wp-json\/wp\/v2\/product\/756374","targetHints":{"allow":["GET"]}}],"collection":[{"href":"https:\/\/roveyayinevi.com.tr\/index.php\/wp-json\/wp\/v2\/product"}],"about":[{"href":"https:\/\/roveyayinevi.com.tr\/index.php\/wp-json\/wp\/v2\/types\/product"}],"wp:attachment":[{"href":"https:\/\/roveyayinevi.com.tr\/index.php\/wp-json\/wp\/v2\/media?parent=756374"}],"wp:term":[{"taxonomy":"product_brand","embeddable":true,"href":"https:\/\/roveyayinevi.com.tr\/index.php\/wp-json\/wp\/v2\/product_brand?post=756374"},{"taxonomy":"product_cat","embeddable":true,"href":"https:\/\/roveyayinevi.com.tr\/index.php\/wp-json\/wp\/v2\/product_cat?post=756374"},{"taxonomy":"product_tag","embeddable":true,"href":"https:\/\/roveyayinevi.com.tr\/index.php\/wp-json\/wp\/v2\/product_tag?post=756374"}],"curies":[{"name":"wp","href":"https:\/\/api.w.org\/{rel}","templated":true}]}}