{"id":756242,"date":"2025-08-28T07:02:32","date_gmt":"2025-08-28T04:02:32","guid":{"rendered":"https:\/\/roveyayinevi.com.tr\/index.php\/urun\/cagdas-kentlerin-kurumsuzlastirilmasi-ya-da-yeniden-kurumsallastirilmasi\/"},"modified":"2026-04-16T03:09:31","modified_gmt":"2026-04-16T00:09:31","slug":"cagdas-kentlerin-kurumsuzlastirilmasi-ya-da-yeniden-kurumsallastirilmasi","status":"publish","type":"product","link":"https:\/\/roveyayinevi.com.tr\/index.php\/urun\/cagdas-kentlerin-kurumsuzlastirilmasi-ya-da-yeniden-kurumsallastirilmasi\/","title":{"rendered":"\u00c7a\u011fda\u015f Kentlerin Kurumsuzla\u015ft\u0131r\u0131lmas\u0131 ya da Yeniden Kurumsalla\u015ft\u0131r\u0131lmas\u0131"},"content":{"rendered":"<p>\u00c7a\u011fda\u015f kentlerdeki kurumlar h\u0131zla de\u011fi\u015fip, yeni gereksinimlere yan\u0131t ararken, ya ortadan kald\u0131r\u0131l\u0131yorlar ya da yeniden bi\u00e7imlendiriliyorlar. Kimi ele\u015ftirel kent kuramc\u0131lar\u0131 kent ya\u015fam\u0131n\u0131n a\u015f\u0131r\u0131 derecede kurumsalla\u015ft\u0131\u011f\u0131n\u0131 ve buna ba\u011fl\u0131 olarak, b\u00fcrokratikle\u015fti\u011fini ileri s\u00fcrerler ki bu da onlara g\u00f6re, esnekli\u011fin ve kentin gereksinimlerine duyarl\u0131l\u0131\u011f\u0131n yitirilmesine yol a\u00e7ar. Ancak bu \u00e7al\u0131\u015fma \u00e7a\u011fda\u015f kentlerdeki kurumsuzla\u015ft\u0131rman\u0131n yaln\u0131zca, a\u015f\u0131r\u0131 b\u00fcrokratikle\u015fmeye bir tepki olmad\u0131\u011f\u0131n\u0131 ortaya koymaktad\u0131r. Tersine, kurumsuzla\u015ft\u0131rma toplumsal ya\u015fam\u0131n pek \u00e7ok y\u00f6n\u00fcnde yayg\u0131n bir bozulma olarak kendini g\u00f6sterir ve politika, y\u00f6netim, ekonomi, ara\u015ft\u0131rma ve bilgi \u00fcretimi, k\u00fclt\u00fcr, g\u00fcndelik ya\u015fam ve etik gibi kentsel topluma ili\u015fkin bir\u00e7ok alan\u0131 etkiler. Bu ba\u011flamda, bu ortak \u00e7al\u0131\u015fmada kent toplumu i\u00e7in g\u00fcvenilir ve d\u00fczg\u00fcn i\u015fleyen kurumlar\u0131n varl\u0131\u011f\u0131 ve kal\u0131c\u0131l\u0131\u011f\u0131n\u0131n \u00f6nemi vurgulanmaktad\u0131r.      \u00c7a\u011fda\u015f kentlerdeki kurumsuzla\u015ft\u0131rmay\u0131 anlamak amac\u0131yla derlenen bu kitapta konu geni\u015f bir \u00e7er\u00e7evede ele al\u0131nmaktad\u0131r. Bunun i\u00e7in, eser T\u00fcrkiye\u2019deki ve d\u00fcnyan\u0131n ba\u015fka kentlerindeki kurumsuzla\u015ft\u0131rma ve yeniden kurumsalla\u015ft\u0131rma dinamiklerini inceleyen \u00e7e\u015fitli kuramsal ve deneysel katk\u0131lar\u0131 bir araya getirmektedir. Bu sayede kentsel yap\u0131sal de\u011fi\u015fiklikleri ve bunda \u00e7e\u015fitli akt\u00f6rlerin oynad\u0131\u011f\u0131 rolleri ayd\u0131nlatmay\u0131 hedeflemektedir.      Kentlerde kurumsuzla\u015ft\u0131rma karma\u015f\u0131k bir dizi bi\u00e7imde ortaya \u00e7\u0131kabilmektedir. Bu bi\u00e7imler aras\u0131nda \u00f6rne\u011fin, insanlar\u0131n ve kurumlar\u0131n kentte yer de\u011fi\u015ftirdikleri banliy\u00f6le\u015fme, \u00fcretimden t\u00fcketime ge\u00e7i\u015f, tarihsel kurum ve mek\u00e2nlar\u0131n yok edilmesi, kamu arsalar\u0131n\u0131n \u00f6zelle\u015ftirilmesi, k\u00fcresel kentler kar\u015f\u0131s\u0131nda ba\u015fka kentlerin g\u00f6z ard\u0131 edilmesi ve kentlerin kaynaklar\u0131 ve mek\u00e2nlar\u0131 \u00fczerindeki ayr\u0131 y\u00f6netim d\u00fczeyleri aras\u0131ndaki g\u00fc\u00e7 \u00e7at\u0131\u015fmalar\u0131 yer almaktad\u0131r. Bu bi\u00e7imler, ayn\u0131 zamanda, kentsel \u00e7al\u0131\u015fmalarda a\u011f\u0131rl\u0131kl\u0131 olarak, mek\u00e2nsal de\u011fi\u015fim \u00e7evresinde d\u00f6nen bir \u00e7\u00f6z\u00fcmleme \u00e7er\u00e7evesiyle ele al\u0131nsa da, kentlerin dayand\u0131\u011f\u0131 kurumlarla olan etkile\u015fimlerinin daha \u00e7ok ara\u015ft\u0131r\u0131lmas\u0131 gereklili\u011fine, bu kitapta dikkat \u00e7ekilmektedir.      \u00c7al\u0131\u015fman\u0131n \u00e7ok y\u00f6nl\u00fc yakla\u015f\u0131m\u0131 hem kentlerin ya\u015fayanlar\u0131 hem de politikac\u0131lar\u0131 ve ara\u015ft\u0131rmac\u0131lar\u0131 i\u00e7in, kent ve kurum ili\u015fkisini anlamaya y\u00f6nelik bilimsel ipu\u00e7lar\u0131 bar\u0131nd\u0131rmaktad\u0131r. <\/p>\n","protected":false},"excerpt":{"rendered":"<p>\u00c7a\u011fda\u015f kentlerdeki kurumlar h\u0131zla de\u011fi\u015fip, yeni gereksinimlere yan\u0131t ararken, ya ortadan kald\u0131r\u0131l\u0131yorlar ya da yeniden bi\u00e7imlendiriliyorlar. Kimi ele\u015ftirel kent kuramc\u0131lar\u0131 kent ya\u015fam\u0131n\u0131n a\u015f\u0131r\u0131 derecede kurumsalla\u015ft\u0131\u011f\u0131n\u0131 ve<span class=\"excerpt-hellip\"> [\u2026]<\/span><\/p>\n","protected":false},"featured_media":0,"template":"","meta":{"_monsterinsights_skip_tracking":false,"_monsterinsights_sitenote_active":false,"_monsterinsights_sitenote_note":"","_monsterinsights_sitenote_category":0},"product_brand":[],"product_cat":[13059,12337],"product_tag":[],"class_list":{"0":"post-756242","1":"product","2":"type-product","3":"status-publish","5":"product_cat-diger-politika-siyaset","6":"product_cat-politika-siyaset","7":"pa_cilt-ciltsiz","8":"pa_tur-kitap","9":"pa_yayinevi-idealkent-yayincilik","10":"pa_yazar-kolektif","12":"first","13":"instock","14":"sale","15":"shipping-taxable","16":"purchasable","17":"product-type-simple"},"_links":{"self":[{"href":"https:\/\/roveyayinevi.com.tr\/index.php\/wp-json\/wp\/v2\/product\/756242","targetHints":{"allow":["GET"]}}],"collection":[{"href":"https:\/\/roveyayinevi.com.tr\/index.php\/wp-json\/wp\/v2\/product"}],"about":[{"href":"https:\/\/roveyayinevi.com.tr\/index.php\/wp-json\/wp\/v2\/types\/product"}],"wp:attachment":[{"href":"https:\/\/roveyayinevi.com.tr\/index.php\/wp-json\/wp\/v2\/media?parent=756242"}],"wp:term":[{"taxonomy":"product_brand","embeddable":true,"href":"https:\/\/roveyayinevi.com.tr\/index.php\/wp-json\/wp\/v2\/product_brand?post=756242"},{"taxonomy":"product_cat","embeddable":true,"href":"https:\/\/roveyayinevi.com.tr\/index.php\/wp-json\/wp\/v2\/product_cat?post=756242"},{"taxonomy":"product_tag","embeddable":true,"href":"https:\/\/roveyayinevi.com.tr\/index.php\/wp-json\/wp\/v2\/product_tag?post=756242"}],"curies":[{"name":"wp","href":"https:\/\/api.w.org\/{rel}","templated":true}]}}