{"id":756212,"date":"2025-08-28T07:01:36","date_gmt":"2025-08-28T04:01:36","guid":{"rendered":"https:\/\/roveyayinevi.com.tr\/index.php\/urun\/sarsilan-saray\/"},"modified":"2026-04-16T03:09:30","modified_gmt":"2026-04-16T00:09:30","slug":"sarsilan-saray","status":"publish","type":"product","link":"https:\/\/roveyayinevi.com.tr\/index.php\/urun\/sarsilan-saray\/","title":{"rendered":"Sars\u0131lan Saray"},"content":{"rendered":"<p>SARSILAN SARAY     Tek bir hanedan\u0131n alt\u0131 y\u00fczy\u0131l h\u00fck\u00fcm s\u00fcrd\u00fc\u011f\u00fc Osmanl\u0131 \u0130mparatorlu\u011fu, bu \u00f6zelli\u011fiyle hem d\u00fcnya hem de \u0130slam tarihinde \u00f6nemli bir yere sahiptir. Hanedan\u0131n tekli\u011fi ve s\u00fcreklili\u011finin as\u0131rlar boyunca nas\u0131l korundu\u011fu ve b\u00f6ylesine uzun bir zincirin pek \u00e7ok halkas\u0131n\u0131n birbirine nas\u0131l ba\u011fland\u0131\u011f\u0131 \u015f\u00fcphesiz olduk\u00e7a ilgi \u00e7ekici bir konudur. Osmanl\u0131 hanedan\u0131n\u0131 ara\u015ft\u0131rmak isteyenlerin \u00fczerinde duraca\u011f\u0131 ba\u015fl\u0131ca hususlar sultanlar\u0131n tahttan indirilmesi, \u00f6l\u00fcm\u00fc ve haleflerinin tahta \u00e7\u0131k\u0131\u015f\u0131 olacakt\u0131r. Osmanl\u0131\u2019n\u0131n bu istisnai \u00f6zelli\u011fi, saltanat de\u011fi\u015fiminde pek \u00e7ok farkl\u0131 gelene\u011fin olu\u015fmas\u0131na yol a\u00e7m\u0131\u015ft\u0131r.   Fransa\u2019n\u0131n \u00f6nde gelen Osmanl\u0131 tarih\u00e7ileri Nicolas Vatin ve Gilles Veinstein, Osmanl\u0131 sultanlar\u0131n\u0131n \u00f6l\u00fcmleri, tahttan indirilmeleri ve tahta \u00e7\u0131k\u0131\u015flar\u0131na dair olu\u015fan gelenekleri titizlikle inceliyor ve okurlara imparatorlu\u011fun pek de bilinmeyen taraflar\u0131n\u0131 g\u00f6steriyor.   &#8211;          Fatih Sultan Mehmed zehirlendi mi? &#8211;          Fatih\u2019in \u00f6l\u00fcm haberi Cem Sultan\u2019a neden ula\u015fmad\u0131? &#8211;          Cem Sultan Napoli\u2019de \u00f6ld\u00fc\u011f\u00fcnde cenazesi nas\u0131l haz\u0131rland\u0131? &#8211;          Kanuni Sultan S\u00fcleyman \u00f6lece\u011fini bile bile Zigetvar\u2019a neden gitti? &#8211;          \u015eehzade Selim en k\u00fc\u00e7\u00fck o\u011ful olmas\u0131na ra\u011fmen babas\u0131 II. Bayezid\u2019i tahttan \u00e7ekilmeye nas\u0131l zorlad\u0131? &#8211;          Gen\u00e7 Osman\u2019\u0131n \u00f6ld\u00fcr\u00fclmesi hanedan\u0131 nas\u0131l etkiledi? Bu ve pek \u00e7ok sorunun ustal\u0131kla yan\u0131tland\u0131\u011f\u0131 Sars\u0131lan Saray, Topkap\u0131 Saray\u0131\u2019n\u0131n karanl\u0131kta kalan k\u0131s\u0131mlar\u0131na \u0131\u015f\u0131k tutuyor. Ya\u015fanan siyasi krizlerle pek \u00e7ok kez i\u00e7 sava\u015f\u0131n e\u015fi\u011fine gelen Osmanl\u0131 \u0130mparatorlu\u011fu\u2019nda hanedan me\u015fruiyeti ilk kez siyasi ve dini boyutlar\u0131n yan\u0131 s\u0131ra tarihsel ve antropolojik y\u00f6nleriyle de ele al\u0131n\u0131yor. Sars\u0131lan Saray, Osmanl\u0131\u2019n\u0131n \u015fa\u015f\u0131rt\u0131c\u0131 ve b\u00fcy\u00fcleyici d\u00fcnyas\u0131na ad\u0131m atmak isteyenler i\u00e7in bi\u00e7ilmi\u015f kaftan. <\/p>\n","protected":false},"excerpt":{"rendered":"<p>SARSILAN SARAY Tek bir hanedan\u0131n alt\u0131 y\u00fczy\u0131l h\u00fck\u00fcm s\u00fcrd\u00fc\u011f\u00fc Osmanl\u0131 \u0130mparatorlu\u011fu, bu \u00f6zelli\u011fiyle hem d\u00fcnya hem de \u0130slam tarihinde \u00f6nemli bir yere sahiptir. Hanedan\u0131n tekli\u011fi ve<span class=\"excerpt-hellip\"> [\u2026]<\/span><\/p>\n","protected":false},"featured_media":0,"template":"","meta":{"_monsterinsights_skip_tracking":false,"_monsterinsights_sitenote_active":false,"_monsterinsights_sitenote_note":"","_monsterinsights_sitenote_category":0},"product_brand":[],"product_cat":[13517,12304],"product_tag":[],"class_list":{"0":"post-756212","1":"product","2":"type-product","3":"status-publish","5":"product_cat-osmanli-tarihi","6":"product_cat-tarih","7":"pa_cilt-ciltsiz","8":"pa_tur-kitap","9":"pa_yayinevi-kronik-kitap","10":"pa_yazar-nicolas-vatin-gilles-veinstein","12":"first","13":"instock","14":"sale","15":"shipping-taxable","16":"purchasable","17":"product-type-simple"},"_links":{"self":[{"href":"https:\/\/roveyayinevi.com.tr\/index.php\/wp-json\/wp\/v2\/product\/756212","targetHints":{"allow":["GET"]}}],"collection":[{"href":"https:\/\/roveyayinevi.com.tr\/index.php\/wp-json\/wp\/v2\/product"}],"about":[{"href":"https:\/\/roveyayinevi.com.tr\/index.php\/wp-json\/wp\/v2\/types\/product"}],"wp:attachment":[{"href":"https:\/\/roveyayinevi.com.tr\/index.php\/wp-json\/wp\/v2\/media?parent=756212"}],"wp:term":[{"taxonomy":"product_brand","embeddable":true,"href":"https:\/\/roveyayinevi.com.tr\/index.php\/wp-json\/wp\/v2\/product_brand?post=756212"},{"taxonomy":"product_cat","embeddable":true,"href":"https:\/\/roveyayinevi.com.tr\/index.php\/wp-json\/wp\/v2\/product_cat?post=756212"},{"taxonomy":"product_tag","embeddable":true,"href":"https:\/\/roveyayinevi.com.tr\/index.php\/wp-json\/wp\/v2\/product_tag?post=756212"}],"curies":[{"name":"wp","href":"https:\/\/api.w.org\/{rel}","templated":true}]}}