{"id":755766,"date":"2025-08-28T06:48:24","date_gmt":"2025-08-28T03:48:24","guid":{"rendered":"https:\/\/roveyayinevi.com.tr\/index.php\/urun\/cumhuriyetin-100-yilinda-turk-kulturu-ve-medeniyeti-uzerine-dusunceler\/"},"modified":"2026-04-16T03:08:52","modified_gmt":"2026-04-16T00:08:52","slug":"cumhuriyetin-100-yilinda-turk-kulturu-ve-medeniyeti-uzerine-dusunceler","status":"publish","type":"product","link":"https:\/\/roveyayinevi.com.tr\/index.php\/urun\/cumhuriyetin-100-yilinda-turk-kulturu-ve-medeniyeti-uzerine-dusunceler\/","title":{"rendered":"Cumhuriyet&#8217;in 100. Y\u0131l\u0131nda T\u00fcrk K\u00fclt\u00fcr\u00fc ve Medeniyeti \u00dczerine D\u00fc\u015f\u00fcnceler"},"content":{"rendered":"<p>Bat\u0131&#8217;da, ula\u015f\u0131m ve ileti\u015fim teknolojilerinin geli\u015fmesi, medya ara\u00e7 ve ortamlar\u0131n\u0131n da d\u00fcnya g\u00fcndemine h\u0131zla girmesini beraberinde getirmi\u015ftir. 20 ve 21. y\u00fczy\u0131lda bu medya ara\u00e7lar\u0131n\u0131n internet teknolojileri ile birle\u015fmesi ise genel anlamda \u201cdijitalle\u015fme\u201d kavram\u0131yla ifade etti\u011fimiz tekno-k\u00fclt\u00fcr \u00e7a\u011f\u0131n\u0131 ba\u015flatm\u0131\u015ft\u0131r. End\u00fcstri 4.0 ve Toplum 5.0&#8217;\u0131n konu\u015fuldu\u011fu g\u00fcn\u00fcm\u00fcz d\u00fcnyas\u0131nda T\u00fcrk k\u00fclt\u00fcr\u00fc ve medeniyeti T\u00fcrkiye merkezli bak\u0131\u015f a\u00e7\u0131s\u0131yla kendini konumland\u0131rmaya \u00e7al\u0131\u015f\u0131rken, ayn\u0131 zamanda T\u00fcrk d\u00fcnyas\u0131 co\u011frafyas\u0131yla b\u00fct\u00fcnle\u015fme \u00e7abas\u0131 i\u00e7erisindedir. T\u00fcrk k\u00fclt\u00fcr ve medeniyetinin pozitif de\u011ferler sistemi, Bat\u0131&#8217;n\u0131n ortaya \u00e7\u0131karm\u0131\u015f oldu\u011fu medeniyet krizi kar\u015f\u0131s\u0131nda T\u00fcrk Devletleri Te\u015fkilat\u0131 arac\u0131l\u0131\u011f\u0131yla b\u00fct\u00fcn insanl\u0131\u011fa umut \u0131\u015f\u0131\u011f\u0131 olmaktad\u0131r.\u00c7al\u0131\u015fma, bu \u00e7er\u00e7eve ve kavram haritas\u0131yla okunabilecek olan T\u00fcrkiye ve T\u00fcrk d\u00fcnyas\u0131ndaki \u00f6rnek \u015fahsiyetleri, olaylar\u0131, fikirleri ve k\u00fclt\u00fcrel de\u011fi\u015fim s\u00fcre\u00e7lerini ele alan makalelerden olu\u015fmaktad\u0131r. \u201cK\u00f6kl\u00fc Gelenekten G\u00fc\u00e7l\u00fc Gelece\u011fe: \u0130nsan-K\u00fclt\u00fcr-Mek\u00e2n\u201d ba\u015fl\u0131\u011f\u0131n\u0131 ta\u015f\u0131yan ilk b\u00f6l\u00fcmde, T\u00fcrk k\u00fclt\u00fcr\u00fcn\u00fcn temel metinlerinden bug\u00fcne yans\u0131yan de\u011fer ve tutumlar, devlet adam\u0131 tipolojisi, h\u00e2f\u0131za mek\u00e2n\u0131 \u00f6rnekleri, yak\u0131n tarihte \u00f6ne \u00e7\u0131kan \u015fahsiyetler ve T\u00fcrk halk biliminin de\u011fi\u015fim-d\u00f6n\u00fc\u015f\u00fcm s\u00fcre\u00e7leri ele al\u0131nmaktad\u0131r. \u201cK\u00fclt\u00fcr De\u011fi\u015fmeleri: Dijital D\u00fcnyada \u0130nsan-Toplum ve Mill\u00ee K\u00fclt\u00fcr\u201d ba\u015fl\u0131kl\u0131 ikinci b\u00f6l\u00fcmde ise medya ve dijitalle\u015fme s\u00fcrecinin e\u011fitim-\u00f6\u011fretim hayat\u0131yla T\u00fcrk k\u00fclt\u00fcr ve siyasetine etkilerini ortaya koymay\u0131 ama\u00e7layan de\u011ferlendirmeler yap\u0131lm\u0131\u015ft\u0131r.Prof. Dr. Ruhi Ersoy&#8217;un bu eseri, Cumhuriyet&#8217;imizin 100. y\u0131l\u0131n\u0131 idrak etti\u011fimiz bir d\u00f6nemde -T\u00fcrk k\u00fclt\u00fcr ve medeniyetinin d\u00fcnden devrald\u0131klar\u0131n\u0131 yar\u0131na ta\u015f\u0131yabilmek ad\u0131na- onun imk\u00e2n ve kabiliyetlerine dair tespit, inceleme ve de\u011ferlendirmeleri i\u00e7ermektedir.<\/p>\n","protected":false},"excerpt":{"rendered":"<p>Bat\u0131&#8217;da, ula\u015f\u0131m ve ileti\u015fim teknolojilerinin geli\u015fmesi, medya ara\u00e7 ve ortamlar\u0131n\u0131n da d\u00fcnya g\u00fcndemine h\u0131zla girmesini beraberinde getirmi\u015ftir. 20 ve 21. y\u00fczy\u0131lda bu medya ara\u00e7lar\u0131n\u0131n internet teknolojileri<span class=\"excerpt-hellip\"> [\u2026]<\/span><\/p>\n","protected":false},"featured_media":0,"template":"","meta":{"_monsterinsights_skip_tracking":false,"_monsterinsights_sitenote_active":false,"_monsterinsights_sitenote_note":"","_monsterinsights_sitenote_category":0},"product_brand":[],"product_cat":[12370,12304],"product_tag":[],"class_list":{"0":"post-755766","1":"product","2":"type-product","3":"status-publish","5":"product_cat-arastirma-inceleme","6":"product_cat-tarih","7":"pa_cilt-ciltsiz","8":"pa_tur-kitap","9":"pa_yayinevi-otuken-nesriyat","10":"pa_yazar-ruhi-ersoy","12":"first","13":"instock","14":"sale","15":"shipping-taxable","16":"purchasable","17":"product-type-simple"},"_links":{"self":[{"href":"https:\/\/roveyayinevi.com.tr\/index.php\/wp-json\/wp\/v2\/product\/755766","targetHints":{"allow":["GET"]}}],"collection":[{"href":"https:\/\/roveyayinevi.com.tr\/index.php\/wp-json\/wp\/v2\/product"}],"about":[{"href":"https:\/\/roveyayinevi.com.tr\/index.php\/wp-json\/wp\/v2\/types\/product"}],"wp:attachment":[{"href":"https:\/\/roveyayinevi.com.tr\/index.php\/wp-json\/wp\/v2\/media?parent=755766"}],"wp:term":[{"taxonomy":"product_brand","embeddable":true,"href":"https:\/\/roveyayinevi.com.tr\/index.php\/wp-json\/wp\/v2\/product_brand?post=755766"},{"taxonomy":"product_cat","embeddable":true,"href":"https:\/\/roveyayinevi.com.tr\/index.php\/wp-json\/wp\/v2\/product_cat?post=755766"},{"taxonomy":"product_tag","embeddable":true,"href":"https:\/\/roveyayinevi.com.tr\/index.php\/wp-json\/wp\/v2\/product_tag?post=755766"}],"curies":[{"name":"wp","href":"https:\/\/api.w.org\/{rel}","templated":true}]}}