{"id":755737,"date":"2025-08-28T06:47:37","date_gmt":"2025-08-28T03:47:37","guid":{"rendered":"https:\/\/roveyayinevi.com.tr\/index.php\/urun\/kapitalizm-ve-demokrasi\/"},"modified":"2026-03-02T03:20:18","modified_gmt":"2026-03-02T00:20:18","slug":"kapitalizm-ve-demokrasi","status":"publish","type":"product","link":"https:\/\/roveyayinevi.com.tr\/index.php\/urun\/kapitalizm-ve-demokrasi\/","title":{"rendered":"Kapitalizm ve Demokrasi"},"content":{"rendered":"<p>Bu kitap, on dokuzuncu y\u00fczy\u0131lda Marx\u2019\u0131n yazd\u0131klar\u0131ndan ba\u015flayarak yirminci y\u00fczy\u0131ldan g\u00fcn\u00fcm\u00fcze uzanan geni\u015f bir zaman dilimi i\u00e7erisinde kapitalizm ve demokrasi aras\u0131ndaki ili\u015fkiyi bir z\u0131tl\u0131k olarak yorumlam\u0131\u015f toplam on bir d\u00fc\u015f\u00fcn\u00fcr\u00fcn \u00e7\u00f6z\u00fcmlemelerini inceliyor. Her b\u00f6l\u00fcm bir d\u00fc\u015f\u00fcn\u00fcre odaklan\u0131yor. Ba\u015fka bir ifadeyle, okurlar kitab\u0131n her b\u00f6l\u00fcm\u00fcnde kapitalizm ve demokrasi aras\u0131ndaki z\u0131tl\u0131\u011fa dair farkl\u0131 bir \u00e7er\u00e7eve, farkl\u0131 bir yorum bulacaklar. Sons\u00f6z\u2019de ise, kapitalizm ve demokrasi ili\u015fkisi hakk\u0131nda, mevcut k\u00fcresel ekonomik konjonkt\u00fcr \u00fczerinden bir ufuk turu kar\u015f\u0131m\u0131za \u00e7\u0131k\u0131yor.   Bu kitab\u0131 derlemekteki ana amac\u0131m\u0131z, en u\u00e7 bi\u00e7imlerinde kapitalizm ile demokrasiyi \u00f6zde\u015f g\u00f6steren h\u00e2kim k\u00fcresel ideolojinin bir ele\u015ftirisini sunmak. Dolay\u0131s\u0131yla kitab\u0131n, kapitalizm ile demokrasinin tarihsel ve kavramsal olarak nas\u0131l ili\u015fkilendi\u011fine dair bir d\u00f6k\u00fcm sunarken, \u00f6zde\u015flik bir yana kar\u015f\u0131m\u0131zda birbirini d\u0131\u015flayan iki sosyal ger\u00e7eklik oldu\u011funu g\u00f6stermeye y\u00f6nelik \u00e7abalara da katk\u0131 sa\u011flamas\u0131n\u0131 umuyoruz.                                                                                                                                  \u2013\u2013 Can Cemgil ve \u00d6mer Turan <\/p>\n","protected":false},"excerpt":{"rendered":"<p>Bu kitap, on dokuzuncu y\u00fczy\u0131lda Marx\u2019\u0131n yazd\u0131klar\u0131ndan ba\u015flayarak yirminci y\u00fczy\u0131ldan g\u00fcn\u00fcm\u00fcze uzanan geni\u015f bir zaman dilimi i\u00e7erisinde kapitalizm ve demokrasi aras\u0131ndaki ili\u015fkiyi bir z\u0131tl\u0131k olarak yorumlam\u0131\u015f<span class=\"excerpt-hellip\"> [\u2026]<\/span><\/p>\n","protected":false},"featured_media":0,"template":"","meta":{"_monsterinsights_skip_tracking":false,"_monsterinsights_sitenote_active":false,"_monsterinsights_sitenote_note":"","_monsterinsights_sitenote_category":0},"product_brand":[],"product_cat":[12337,14706],"product_tag":[],"class_list":{"0":"post-755737","1":"product","2":"type-product","3":"status-publish","5":"product_cat-politika-siyaset","6":"product_cat-siyaset-bilimi","7":"pa_cilt-ciltsiz","8":"pa_tur-kitap","9":"pa_yayinevi-metis-yayinlari","10":"pa_yazar-kolektif","12":"first","13":"instock","14":"sale","15":"shipping-taxable","16":"purchasable","17":"product-type-simple"},"_links":{"self":[{"href":"https:\/\/roveyayinevi.com.tr\/index.php\/wp-json\/wp\/v2\/product\/755737","targetHints":{"allow":["GET"]}}],"collection":[{"href":"https:\/\/roveyayinevi.com.tr\/index.php\/wp-json\/wp\/v2\/product"}],"about":[{"href":"https:\/\/roveyayinevi.com.tr\/index.php\/wp-json\/wp\/v2\/types\/product"}],"wp:attachment":[{"href":"https:\/\/roveyayinevi.com.tr\/index.php\/wp-json\/wp\/v2\/media?parent=755737"}],"wp:term":[{"taxonomy":"product_brand","embeddable":true,"href":"https:\/\/roveyayinevi.com.tr\/index.php\/wp-json\/wp\/v2\/product_brand?post=755737"},{"taxonomy":"product_cat","embeddable":true,"href":"https:\/\/roveyayinevi.com.tr\/index.php\/wp-json\/wp\/v2\/product_cat?post=755737"},{"taxonomy":"product_tag","embeddable":true,"href":"https:\/\/roveyayinevi.com.tr\/index.php\/wp-json\/wp\/v2\/product_tag?post=755737"}],"curies":[{"name":"wp","href":"https:\/\/api.w.org\/{rel}","templated":true}]}}