{"id":755717,"date":"2025-08-28T06:47:01","date_gmt":"2025-08-28T03:47:01","guid":{"rendered":"https:\/\/roveyayinevi.com.tr\/index.php\/urun\/cebimdeki-taslar-2\/"},"modified":"2026-04-16T03:08:51","modified_gmt":"2026-04-16T00:08:51","slug":"cebimdeki-taslar-2","status":"publish","type":"product","link":"https:\/\/roveyayinevi.com.tr\/index.php\/urun\/cebimdeki-taslar-2\/","title":{"rendered":"Cebimdeki Ta\u015flar"},"content":{"rendered":"<p>Hangimizin hayat\u0131nda kutup y\u0131ld\u0131z\u0131m\u0131z olan bir \u00f6\u011fretmen olmam\u0131\u015ft\u0131r&#8230; Hangimiz bir \u00f6\u011fretmenin \u0131\u015f\u0131\u011f\u0131yla yolumuzu ayd\u0131nlatmam\u0131\u015f\u0131zd\u0131r&#8230; \u00d6\u011fretmen&#8230; Rehber&#8230; Toplumsal d\u00f6n\u00fc\u015ft\u00fcr\u00fcc\u00fc&#8230; Bilgi \u0131\u015f\u0131\u011f\u0131n\u0131n ta\u015f\u0131y\u0131c\u0131s\u0131&#8230;. Necla \u00d6ng\u00fc\u00e7, Cebimdeki Tailar adl\u0131 \u00f6yk\u00fc kitab\u0131nda \u00f6\u011fretmenlerin d\u00fcnyas\u0131n\u0131 anlat\u0131rken, okuyucular\u0131n\u0131n kendi okul y\u0131llar\u0131na gitmesini sa\u011fl\u0131yor. Bu kitapta, co\u015fkulu bayram kutlamalar\u0131n\u0131n arka plan\u0131n\u0131, en zor anlarda bir can simidi gibi aranan \u00f6\u011fretmenleri, y\u0131llar sonra; ama &#8220;y\u00fcre\u011fi s\u0131zlatarak&#8221;; ama &#8220;iyi ki&#8221; dedirterek hat\u0131rlanan \u00f6\u011fretmenleri, \u00f6\u011frencisi okula gelmedi\u011finde \u015fehrin kenar mahallelerinde onun izini s\u00fcrenleri, KPSS duvar\u0131n\u0131 a\u015famad\u0131\u011f\u0131ndan i\u00e7lerindeki \u00f6\u011fretmenlik tutkusuyla ba\u015fka i\u015flerde \u00e7al\u0131\u015fanlar\u0131, kendi hayalinin pe\u015finden gidebilenleri ve daha nicelerini bulacaks\u0131n\u0131z. Kendisi de bir \u00f6\u011fretmen olan Necla \u00d6ng\u00fc\u00e7&#8217;\u00fcn \u00f6yk\u00fclerinde, fedak\u00e2rca g\u00f6revlerini yapan, \u00f6\u011frencilerine \u0131\u015f\u0131k olmaya \u00e7al\u0131\u015fan o \u00f6zel insanlar\u0131n derin d\u00fcnyas\u0131nda dola\u015facaks\u0131n\u0131z.<\/p>\n","protected":false},"excerpt":{"rendered":"<p>Hangimizin hayat\u0131nda kutup y\u0131ld\u0131z\u0131m\u0131z olan bir \u00f6\u011fretmen olmam\u0131\u015ft\u0131r&#8230; Hangimiz bir \u00f6\u011fretmenin \u0131\u015f\u0131\u011f\u0131yla yolumuzu ayd\u0131nlatmam\u0131\u015f\u0131zd\u0131r&#8230; \u00d6\u011fretmen&#8230; Rehber&#8230; Toplumsal d\u00f6n\u00fc\u015ft\u00fcr\u00fcc\u00fc&#8230; Bilgi \u0131\u015f\u0131\u011f\u0131n\u0131n ta\u015f\u0131y\u0131c\u0131s\u0131&#8230;. Necla \u00d6ng\u00fc\u00e7, Cebimdeki Tailar adl\u0131<span class=\"excerpt-hellip\"> [\u2026]<\/span><\/p>\n","protected":false},"featured_media":0,"template":"","meta":{"_monsterinsights_skip_tracking":false,"_monsterinsights_sitenote_active":false,"_monsterinsights_sitenote_note":"","_monsterinsights_sitenote_category":0},"product_brand":[],"product_cat":[12291,18202],"product_tag":[],"class_list":{"0":"post-755717","1":"product","2":"type-product","3":"status-publish","5":"product_cat-edebiyat","6":"product_cat-hikaye","7":"pa_cilt-ciltsiz","8":"pa_tur-kitap","9":"pa_yayinevi-mavi-nefes-yayinlari","10":"pa_yazar-necla-onguc","12":"first","13":"instock","14":"sale","15":"shipping-taxable","16":"purchasable","17":"product-type-simple"},"_links":{"self":[{"href":"https:\/\/roveyayinevi.com.tr\/index.php\/wp-json\/wp\/v2\/product\/755717","targetHints":{"allow":["GET"]}}],"collection":[{"href":"https:\/\/roveyayinevi.com.tr\/index.php\/wp-json\/wp\/v2\/product"}],"about":[{"href":"https:\/\/roveyayinevi.com.tr\/index.php\/wp-json\/wp\/v2\/types\/product"}],"wp:attachment":[{"href":"https:\/\/roveyayinevi.com.tr\/index.php\/wp-json\/wp\/v2\/media?parent=755717"}],"wp:term":[{"taxonomy":"product_brand","embeddable":true,"href":"https:\/\/roveyayinevi.com.tr\/index.php\/wp-json\/wp\/v2\/product_brand?post=755717"},{"taxonomy":"product_cat","embeddable":true,"href":"https:\/\/roveyayinevi.com.tr\/index.php\/wp-json\/wp\/v2\/product_cat?post=755717"},{"taxonomy":"product_tag","embeddable":true,"href":"https:\/\/roveyayinevi.com.tr\/index.php\/wp-json\/wp\/v2\/product_tag?post=755717"}],"curies":[{"name":"wp","href":"https:\/\/api.w.org\/{rel}","templated":true}]}}