{"id":755654,"date":"2025-08-28T06:45:24","date_gmt":"2025-08-28T03:45:24","guid":{"rendered":"https:\/\/roveyayinevi.com.tr\/index.php\/urun\/felsefi-dusun-sayi21-cumhuriyet-ve-felsefe\/"},"modified":"2026-04-16T03:08:50","modified_gmt":"2026-04-16T00:08:50","slug":"felsefi-dusun-sayi21-cumhuriyet-ve-felsefe","status":"publish","type":"product","link":"https:\/\/roveyayinevi.com.tr\/index.php\/urun\/felsefi-dusun-sayi21-cumhuriyet-ve-felsefe\/","title":{"rendered":"Felsefi D\u00fc\u015f\u00fcn Say\u0131:21 Cumhuriyet ve Felsefe"},"content":{"rendered":"<p>Cumhuriyetimizin 100. Y\u0131l\u0131 i\u00e7in akademik alanda say\u0131s\u0131z \u00e7al\u0131\u015fmaya imza at\u0131ld\u0131. Dergiler, cumhuriyet temal\u0131 say\u0131lar \u00e7\u0131kard\u0131. Seminerler, toplant\u0131lar, kongreler organize edildi. Akademik d\u00fcnyam\u0131z, Cumhuriyetimizin ilk y\u00fczy\u0131l\u0131n\u0131 co\u015fkuyla ve \u00e7al\u0131\u015fkanl\u0131kla kar\u015f\u0131lad\u0131, bu en b\u00fcy\u00fck erdemimizi onurland\u0131rmaya, elinden geldi\u011fince ta\u00e7land\u0131rmaya \u00e7al\u0131\u015ft\u0131. Felsefi D\u00fc\u015f\u00fcn\u2019\u00fcn 21. Say\u0131s\u0131nda biz de bu muhte\u015fem kadroya dahil olduk ve Cumhuriyet \u00f6zel say\u0131m\u0131z\u0131 haz\u0131rlad\u0131k. Bu say\u0131 ayn\u0131 zamanda Felsefi D\u00fc\u015f\u00fcn\u2019\u00fcn de 21. Say\u0131s\u0131yla birlikte 10. yay\u0131n y\u0131l\u0131n\u0131 kutlad\u0131\u011f\u0131m\u0131z g\u00fczel bir tesad\u00fcfe denk geldi. B\u00f6ylece bu muhte\u015fem y\u00fcz y\u0131l\u0131n son on y\u0131l\u0131na dergimiz arac\u0131l\u0131\u011f\u0131yla zengin ve kapsay\u0131c\u0131 tan\u0131kl\u0131klarda bulundu\u011fumuz i\u00e7in ayr\u0131ca mutlu ve gururluyuz. Bu say\u0131da yer alan birbirinden de\u011ferli \u00e7al\u0131\u015fmalar, bir ideal olarak cumhuriyet fikrini, demokrasiyle, modernle\u015fmeyle, ideolojiyle ve dinle kar\u015f\u0131l\u0131kl\u0131 ili\u015fkisi ba\u011flam\u0131nda hem felsefi hem de tarihsel olarak \u00e7\u00f6z\u00fcmlemeye giri\u015fiyor. Eylem YOLSAL MURTEZA SUNU\u015e MAKALELER M. Ertan KARDE\u015e Cumhuriyet Teorileri Kar\u015f\u0131s\u0131nda Carl Schmitt&#8217;in Konumu * I\u015f\u0131l \u00c7E\u015eMEL\u0130 Montesquieu&#8217;de Bir Y\u00f6netim \u015eekli Olarak Erdemli Cumhuriyet Yerine Il\u0131ml\u0131 Monar\u015fi * Zeynep SAVA\u015e\u00c7IN \u00c7a\u011fda\u015f Demokrasi Teorilerinden Cumhuriyete Bakmak: \u00c7at\u0131\u015fma ve Uzla\u015fma Geriliminde Kamusall\u0131k * Zeki AKTA\u015e Machiavelli&#8217;nin &#8216;Cumhuriyet&#8217;inde Din * Rabia CAN PAMUK Jean-Jacques Rousseau&#8217;nun Siyaset Teorisinin Cumhuriyet Modernle\u015fme S\u00fcrecine Etkisi * Abdullah BA\u015eARAN T\u00fcrk\u00e7e Felsefede \u2018Mek\u00e2n\u2019 Kavram\u0131n\u0131n Yerini Belirlemek * Aysel DEM\u0130R Kemalizmin Yap\u0131land\u0131r\u0131lmas\u0131 \u00dczerine K\u0131sa Bir De\u011ferlendirme * Tu\u011fba G\u00f6k\u00e7e BALCI \u00c7in&#8217;de \u0130mparatorluktan Cumhuriyete Ge\u00e7i\u015fte Sun Yatsen ve Devrim D\u00fc\u015f\u00fcncesi <\/p>\n","protected":false},"excerpt":{"rendered":"<p>Cumhuriyetimizin 100. Y\u0131l\u0131 i\u00e7in akademik alanda say\u0131s\u0131z \u00e7al\u0131\u015fmaya imza at\u0131ld\u0131. Dergiler, cumhuriyet temal\u0131 say\u0131lar \u00e7\u0131kard\u0131. Seminerler, toplant\u0131lar, kongreler organize edildi. Akademik d\u00fcnyam\u0131z, Cumhuriyetimizin ilk y\u00fczy\u0131l\u0131n\u0131 co\u015fkuyla<span class=\"excerpt-hellip\"> [\u2026]<\/span><\/p>\n","protected":false},"featured_media":0,"template":"","meta":{"_monsterinsights_skip_tracking":false,"_monsterinsights_sitenote_active":false,"_monsterinsights_sitenote_note":"","_monsterinsights_sitenote_category":0},"product_brand":[],"product_cat":[13527],"product_tag":[],"class_list":{"0":"post-755654","1":"product","2":"type-product","3":"status-publish","5":"product_cat-sureli-yayinlar","6":"pa_cilt-ciltsiz","7":"pa_tur-dergi","8":"pa_yayinevi-pinhan-yayincilik","9":"pa_yazar-kolektif","11":"first","12":"instock","13":"sale","14":"shipping-taxable","15":"purchasable","16":"product-type-simple"},"_links":{"self":[{"href":"https:\/\/roveyayinevi.com.tr\/index.php\/wp-json\/wp\/v2\/product\/755654","targetHints":{"allow":["GET"]}}],"collection":[{"href":"https:\/\/roveyayinevi.com.tr\/index.php\/wp-json\/wp\/v2\/product"}],"about":[{"href":"https:\/\/roveyayinevi.com.tr\/index.php\/wp-json\/wp\/v2\/types\/product"}],"wp:attachment":[{"href":"https:\/\/roveyayinevi.com.tr\/index.php\/wp-json\/wp\/v2\/media?parent=755654"}],"wp:term":[{"taxonomy":"product_brand","embeddable":true,"href":"https:\/\/roveyayinevi.com.tr\/index.php\/wp-json\/wp\/v2\/product_brand?post=755654"},{"taxonomy":"product_cat","embeddable":true,"href":"https:\/\/roveyayinevi.com.tr\/index.php\/wp-json\/wp\/v2\/product_cat?post=755654"},{"taxonomy":"product_tag","embeddable":true,"href":"https:\/\/roveyayinevi.com.tr\/index.php\/wp-json\/wp\/v2\/product_tag?post=755654"}],"curies":[{"name":"wp","href":"https:\/\/api.w.org\/{rel}","templated":true}]}}