{"id":755639,"date":"2025-08-28T06:44:59","date_gmt":"2025-08-28T03:44:59","guid":{"rendered":"https:\/\/roveyayinevi.com.tr\/index.php\/urun\/sivil-kadin-turkiyede-kadin-ve-sivil-toplum\/"},"modified":"2026-04-16T03:08:49","modified_gmt":"2026-04-16T00:08:49","slug":"sivil-kadin-turkiyede-kadin-ve-sivil-toplum","status":"publish","type":"product","link":"https:\/\/roveyayinevi.com.tr\/index.php\/urun\/sivil-kadin-turkiyede-kadin-ve-sivil-toplum\/","title":{"rendered":"Sivil Kad\u0131n T\u00fcrkiye\u2019de Kad\u0131n ve Sivil Toplum"},"content":{"rendered":"<p>Prof. Dr.\u00d6mer \u00c7aha\u2019n\u0131n otuz y\u0131la yak\u0131n bir \u00e7al\u0131\u015fman\u0131n ve eme\u011fin sonucunda ortaya koydu\u011fu Sivil Kad\u0131n, Bat\u0131\u2019daki kad\u0131n hareketinin yan\u0131 s\u0131ra, Osmanl\u0131\u2019dan g\u00fcn\u00fcm\u00fcze kadar geli\u015fen kad\u0131n hareketlerini analiz ediyor. Bu \u00e7al\u0131\u015fma, 1996 y\u0131l\u0131nda yay\u0131nlanan Sivil Kad\u0131n: T\u00fcrkiye\u2019de Sivil Toplum ve Kad\u0131n adl\u0131 \u00e7al\u0131\u015fmam\u0131n son yirmi be\u015f y\u0131ldaki geli\u015fmeleri de i\u00e7eren yeni bir versiyonudur. 2023 y\u0131l\u0131nda \u00e7al\u0131\u015fman\u0131n be\u015finci bask\u0131s\u0131 \u00f6nceki bask\u0131lara g\u00f6re, geni\u015fletilmi\u015f ve geli\u015ftirilmi\u015ftir. Sivil Kad\u0131n\u2019\u0131n eski bask\u0131lar\u0131nda yer alan b\u00f6l\u00fcmler \u00f6nemli \u00f6l\u00e7\u00fcde yeniden ele al\u0131nm\u0131\u015f ve bu revizyonu yap\u0131l\u0131rken, \u00e7al\u0131\u015fman\u0131n \u00fczerinden ge\u00e7en 30 y\u0131l\u0131 a\u015fk\u0131n s\u00fcre i\u00e7indeki geli\u015fmeler dikkate al\u0131nm\u0131\u015ft\u0131r. Eser, kapsad\u0131\u011f\u0131 konular ve tezler itibariyle kad\u0131n hareketlerinin bug\u00fcnk\u00fc resmini b\u00fcy\u00fck \u00f6l\u00e7\u00fcde yans\u0131tmaktad\u0131r. Kitap, kad\u0131n hareketleri \u00fczerinden, T\u00fcrkiye\u2019deki tek-tiple\u015ftirici ve homojen kamusal alan\u0131n d\u00f6n\u00fc\u015ferek \u201csivil\u201d ve \u201c\u00e7o\u011fulcu\u201d bir karakter kazand\u0131\u011f\u0131n\u0131 \u00e7arp\u0131c\u0131 bi\u00e7imde g\u00f6zler \u00f6n\u00fcne seriyor. Sivil Kad\u0131n, ayr\u0131ca kad\u0131n hareketlerinin gerek T\u00fcrkiye\u2019de gerekse Bat\u0131\u2019da \u201ceril\u201d sivil toplum anlay\u0131\u015f\u0131na nas\u0131l \u201cfeminen\u201d bir karakter kazand\u0131rd\u0131klar\u0131n\u0131 resmediyor. Kad\u0131nlar, e\u015fitlik, farkl\u0131l\u0131k, otonomi ve kamusal alana a\u00e7\u0131lma siyasetleri \u00fczerinden demokrasiyi sivil bir kamusal alana do\u011fru d\u00f6n\u00fc\u015ft\u00fcrd\u00fcler. Sivil Kad\u0131n, kad\u0131nlar\u0131n, T\u00fcrkiye\u2019de k\u00fclt\u00fcrel de\u011ferler alan\u0131ndaki kodlarda meydana getirdi\u011fi de\u011fi\u015fimle \u201cpembe devrime\u201d \u00f6nc\u00fcl\u00fck ettiklerinin hik\u00e2yesini anlat\u0131yor bir yandan da. Sivil Kad\u0131n kitab\u0131, Women and Civil Society in Turkey: Women\u2019s Move-ments in a Muslim Society ba\u015fl\u0131\u011f\u0131yla \u0130ngilizce olarak da yay\u0131nland\u0131. \u0130ngilizce bask\u0131s\u0131n\u0131n, takip edebildi\u011fim kadar\u0131yla on civar\u0131nda sayg\u0131n uluslararas\u0131 dergilerde tan\u0131t\u0131m\u0131 ve analizi yap\u0131ld\u0131. Bu da kitab\u0131n bir M\u00fcsl\u00fcman toplumdaki kad\u0131n hareketleriyle ilgili olarak uluslararas\u0131 camiada ilgi uyand\u0131rd\u0131\u011f\u0131n\u0131 g\u00f6steriyor.<\/p>\n","protected":false},"excerpt":{"rendered":"<p>Prof. Dr.\u00d6mer \u00c7aha\u2019n\u0131n otuz y\u0131la yak\u0131n bir \u00e7al\u0131\u015fman\u0131n ve eme\u011fin sonucunda ortaya koydu\u011fu Sivil Kad\u0131n, Bat\u0131\u2019daki kad\u0131n hareketinin yan\u0131 s\u0131ra, Osmanl\u0131\u2019dan g\u00fcn\u00fcm\u00fcze kadar geli\u015fen kad\u0131n hareketlerini<span class=\"excerpt-hellip\"> [\u2026]<\/span><\/p>\n","protected":false},"featured_media":0,"template":"","meta":{"_monsterinsights_skip_tracking":false,"_monsterinsights_sitenote_active":false,"_monsterinsights_sitenote_note":"","_monsterinsights_sitenote_category":0},"product_brand":[],"product_cat":[13252,12324],"product_tag":[],"class_list":{"0":"post-755639","1":"product","2":"type-product","3":"status-publish","5":"product_cat-kadin-calismalari","6":"product_cat-sosyoloji","7":"pa_cilt-ciltsiz","8":"pa_tur-kitap","9":"pa_yayinevi-sayda-yayincilik","10":"pa_yazar-omer-caha","12":"first","13":"instock","14":"sale","15":"shipping-taxable","16":"purchasable","17":"product-type-simple"},"_links":{"self":[{"href":"https:\/\/roveyayinevi.com.tr\/index.php\/wp-json\/wp\/v2\/product\/755639","targetHints":{"allow":["GET"]}}],"collection":[{"href":"https:\/\/roveyayinevi.com.tr\/index.php\/wp-json\/wp\/v2\/product"}],"about":[{"href":"https:\/\/roveyayinevi.com.tr\/index.php\/wp-json\/wp\/v2\/types\/product"}],"wp:attachment":[{"href":"https:\/\/roveyayinevi.com.tr\/index.php\/wp-json\/wp\/v2\/media?parent=755639"}],"wp:term":[{"taxonomy":"product_brand","embeddable":true,"href":"https:\/\/roveyayinevi.com.tr\/index.php\/wp-json\/wp\/v2\/product_brand?post=755639"},{"taxonomy":"product_cat","embeddable":true,"href":"https:\/\/roveyayinevi.com.tr\/index.php\/wp-json\/wp\/v2\/product_cat?post=755639"},{"taxonomy":"product_tag","embeddable":true,"href":"https:\/\/roveyayinevi.com.tr\/index.php\/wp-json\/wp\/v2\/product_tag?post=755639"}],"curies":[{"name":"wp","href":"https:\/\/api.w.org\/{rel}","templated":true}]}}