{"id":755580,"date":"2025-08-28T06:43:18","date_gmt":"2025-08-28T03:43:18","guid":{"rendered":"https:\/\/roveyayinevi.com.tr\/index.php\/urun\/angoradan-ankaraya\/"},"modified":"2026-04-16T03:08:48","modified_gmt":"2026-04-16T00:08:48","slug":"angoradan-ankaraya","status":"publish","type":"product","link":"https:\/\/roveyayinevi.com.tr\/index.php\/urun\/angoradan-ankaraya\/","title":{"rendered":"Angora&#8217;dan Ankara&#8217;ya"},"content":{"rendered":"<p>Angora\u2019dan Ankara\u2019ya, kendi i\u00e7inde uzanan bir yolculuk\u2026 Hem zaman hem mek\u00e2n bak\u0131m\u0131ndan ba\u015fkentin hik\u00e2yesi bir b\u00fct\u00fcnl\u00fck ve tutarl\u0131l\u0131k te\u015fkil ediyor. Ankara\u2019n\u0131n in\u015fas\u0131, imar\u0131 ve \u015fehirle\u015fme s\u00fcreci y\u00fcz\u00fcnc\u00fc y\u0131l\u0131n\u0131 geride b\u0131rakm\u0131\u015f bir \u00fclkeye dair \u00e7ok fazla \u015fey s\u00f6yl\u00fcyor. Ankara\u2019y\u0131 okumak, onun ba\u015flang\u0131\u00e7 ve olu\u015fumuna n\u00fcfuz etmek bir bak\u0131ma T\u00fcrkiye\u2019yi somut ko\u015fullar\u0131 i\u00e7inde anlamak demektir. \u015eehir tarihi a\u00e7\u0131s\u0131ndan Ankara ile ilgili ideolojik tespitler, birtak\u0131m genelge\u00e7er k\u0131yaslama ve betimlemeler son derece k\u0131s\u0131tlay\u0131c\u0131 kalmaktad\u0131r. Oysa kitab\u0131n yazar\u0131 Jean-Fran\u00e7ois P\u00e9rouse burada zor olan\u0131 ba\u015far\u0131yor, ger\u00e7ekli\u011fin y\u00fck\u00fcn\u00fc \u00fcstlenerek tek kelime ile bir \u015fehrin envanterini tutuyor. Yerle\u015fim yerlerini, yap\u0131lar\u0131, meydanlar\u0131, sokak ve caddeleri, il\u00e7eleri ad\u0131m ad\u0131m tespit etme ve tan\u0131mlama \u00e7abas\u0131n\u0131 \u00fcstleniyor. P\u00e9rouse, ele ald\u0131\u011f\u0131 d\u00f6nem i\u00e7inde, ba\u015fkent olmaya giden bir s\u00fcreci neredeyse g\u00fcn g\u00fcn takip ediyor. \u0130ncelenen zaman dilimi i\u00e7inde olup biten olaylar yaln\u0131zca siyasal bir kadronun ufkuna hapsedilmiyor, kurucu isimlerle birlikte t\u00fcm toplumsal ili\u015fkiler, \u00e7\u0131kar a\u011flar\u0131, her t\u00fcrl\u00fc imk\u00e2n ve yoksunluklar, ya\u015fam tarzlar\u0131, idealler, n\u00fcfus, konut ve bar\u0131nma ihtiyac\u0131 gibi g\u00fcndelik ihtiya\u00e7lar\u0131n bir \u015fehre nas\u0131l kimlik kazand\u0131rd\u0131\u011f\u0131 g\u00f6steriliyor, t\u00fcm bu olu\u015fumlar bir toplumun zihniyetini de yans\u0131t\u0131yor. P\u00e9rouse, imparatorluk bakiyesi bir \u00fclkenin ba\u015fkenti olma yolunda, \u00f6zellikle imar ve \u015fehirle\u015fme s\u00fcrecine odaklan\u0131yor. Bu ko\u015fullar\u0131 yaratan t\u00fcm karar vericilerin, y\u00f6neticilerin \u015fehir planlamac\u0131lar\u0131n ve mimarlar\u0131n yan\u0131s\u0131ra planlar, haritalar, b\u00fct\u00e7eler, kronolojiler, en zengin verileriyle birlikte, Ankara\u2019y\u0131, bir ulusun ba\u015fkentini anlaml\u0131 bir \u00e7er\u00e7eveye yerle\u015ftiriyor.   Angora\u2019dan Ankara\u2019ya ayn\u0131 zamanda Ankara\u2019y\u0131 \u00e7eyrek y\u00fczy\u0131l mesken edinmi\u015f bir yay\u0131nevinin Cumhuriyet\u2019in y\u00fcz\u00fcnc\u00fc y\u0131l\u0131na arma\u011fan\u0131 olarak okuruyla bulu\u015fmaktad\u0131r. <\/p>\n","protected":false},"excerpt":{"rendered":"<p>Angora\u2019dan Ankara\u2019ya, kendi i\u00e7inde uzanan bir yolculuk\u2026 Hem zaman hem mek\u00e2n bak\u0131m\u0131ndan ba\u015fkentin hik\u00e2yesi bir b\u00fct\u00fcnl\u00fck ve tutarl\u0131l\u0131k te\u015fkil ediyor. Ankara\u2019n\u0131n in\u015fas\u0131, imar\u0131 ve \u015fehirle\u015fme s\u00fcreci<span class=\"excerpt-hellip\"> [\u2026]<\/span><\/p>\n","protected":false},"featured_media":0,"template":"","meta":{"_monsterinsights_skip_tracking":false,"_monsterinsights_sitenote_active":false,"_monsterinsights_sitenote_note":"","_monsterinsights_sitenote_category":0},"product_brand":[],"product_cat":[12304],"product_tag":[],"class_list":{"0":"post-755580","1":"product","2":"type-product","3":"status-publish","5":"product_cat-tarih","6":"pa_cilt-ciltsiz","7":"pa_tur-kitap","8":"pa_yayinevi-dogu-bati-yayinlari","9":"pa_yazar-jean-francois-perouse","11":"first","12":"instock","13":"sale","14":"shipping-taxable","15":"purchasable","16":"product-type-simple"},"_links":{"self":[{"href":"https:\/\/roveyayinevi.com.tr\/index.php\/wp-json\/wp\/v2\/product\/755580","targetHints":{"allow":["GET"]}}],"collection":[{"href":"https:\/\/roveyayinevi.com.tr\/index.php\/wp-json\/wp\/v2\/product"}],"about":[{"href":"https:\/\/roveyayinevi.com.tr\/index.php\/wp-json\/wp\/v2\/types\/product"}],"wp:attachment":[{"href":"https:\/\/roveyayinevi.com.tr\/index.php\/wp-json\/wp\/v2\/media?parent=755580"}],"wp:term":[{"taxonomy":"product_brand","embeddable":true,"href":"https:\/\/roveyayinevi.com.tr\/index.php\/wp-json\/wp\/v2\/product_brand?post=755580"},{"taxonomy":"product_cat","embeddable":true,"href":"https:\/\/roveyayinevi.com.tr\/index.php\/wp-json\/wp\/v2\/product_cat?post=755580"},{"taxonomy":"product_tag","embeddable":true,"href":"https:\/\/roveyayinevi.com.tr\/index.php\/wp-json\/wp\/v2\/product_tag?post=755580"}],"curies":[{"name":"wp","href":"https:\/\/api.w.org\/{rel}","templated":true}]}}