{"id":755573,"date":"2025-08-28T06:43:08","date_gmt":"2025-08-28T03:43:08","guid":{"rendered":"https:\/\/roveyayinevi.com.tr\/index.php\/urun\/natonun-gecmis-ve-geleceginde-turkiye\/"},"modified":"2025-12-30T11:16:16","modified_gmt":"2025-12-30T08:16:16","slug":"natonun-gecmis-ve-geleceginde-turkiye","status":"publish","type":"product","link":"https:\/\/roveyayinevi.com.tr\/index.php\/urun\/natonun-gecmis-ve-geleceginde-turkiye\/","title":{"rendered":"NATO\u2019nun Ge\u00e7mi\u015f Ve Gelece\u011finde T\u00fcrkiye"},"content":{"rendered":"<p>\u0130\u00e7indekiler     \u00b7         \u00d6NS\u00d6Z \u00b7         T\u00dcRK\u0130YE\u2019N\u0130N NATO\u2019YA KATILIM BA\u015eVURUSUNUN ARKA PLANI \u00b7         SO\u011eUK SAVA\u015e\u2019TA T\u00dcRK\u0130YE\u2019N\u0130N NATO\u2019DAK\u0130 KONUMU \u00b7         SO\u011eUK SAVA\u015e D\u00d6NEM\u0130 NATO STRATEJ\u0130LER\u0130N\u0130N T\u00dcRK\u0130YE\u2019YE ETK\u0130LER\u0130 \u00b7         SO\u011eUK SAVA\u015e ERTES\u0130 D\u00d6NEMDE T\u00dcRK\u0130YE\u2019N\u0130N DURUMU VE NATO\/1990-2000 D\u00d6NEM\u0130 \u00b7         TEK KUTUPLU D\u00dcZENE GE\u00c7\u0130\u015eTE T\u00dcRK\u0130YE \u00b7         \u00c7OK KUTUPLULU\u011eA EVR\u0130LEN K\u00dcRESEL D\u00dcZENDE T\u00dcRK\u0130YE\u2019N\u0130N NATO POL\u0130T\u0130KASI T\u00dcRK\u0130YE\u2019DE NATO\u2019YA BAKI\u015e \u00b7         SON S\u00d6Z \u00b7         KAYNAK\u00c7A <\/p>\n","protected":false},"excerpt":{"rendered":"<p>\u0130\u00e7indekiler \u00b7 \u00d6NS\u00d6Z \u00b7 T\u00dcRK\u0130YE\u2019N\u0130N NATO\u2019YA KATILIM BA\u015eVURUSUNUN ARKA PLANI \u00b7 SO\u011eUK SAVA\u015e\u2019TA T\u00dcRK\u0130YE\u2019N\u0130N NATO\u2019DAK\u0130 KONUMU \u00b7 SO\u011eUK SAVA\u015e D\u00d6NEM\u0130 NATO STRATEJ\u0130LER\u0130N\u0130N T\u00dcRK\u0130YE\u2019YE ETK\u0130LER\u0130 \u00b7 SO\u011eUK<span class=\"excerpt-hellip\"> [\u2026]<\/span><\/p>\n","protected":false},"featured_media":0,"template":"","meta":{"_monsterinsights_skip_tracking":false,"_monsterinsights_sitenote_active":false,"_monsterinsights_sitenote_note":"","_monsterinsights_sitenote_category":0},"product_brand":[],"product_cat":[12337,14706],"product_tag":[],"class_list":{"0":"post-755573","1":"product","2":"type-product","3":"status-publish","5":"product_cat-politika-siyaset","6":"product_cat-siyaset-bilimi","7":"pa_cilt-ciltsiz","8":"pa_tur-kitap","9":"pa_yayinevi-gazi-kitabevi","10":"pa_yazar-m-fatih-ceylan","12":"first","13":"instock","14":"sale","15":"shipping-taxable","16":"purchasable","17":"product-type-simple"},"_links":{"self":[{"href":"https:\/\/roveyayinevi.com.tr\/index.php\/wp-json\/wp\/v2\/product\/755573","targetHints":{"allow":["GET"]}}],"collection":[{"href":"https:\/\/roveyayinevi.com.tr\/index.php\/wp-json\/wp\/v2\/product"}],"about":[{"href":"https:\/\/roveyayinevi.com.tr\/index.php\/wp-json\/wp\/v2\/types\/product"}],"wp:attachment":[{"href":"https:\/\/roveyayinevi.com.tr\/index.php\/wp-json\/wp\/v2\/media?parent=755573"}],"wp:term":[{"taxonomy":"product_brand","embeddable":true,"href":"https:\/\/roveyayinevi.com.tr\/index.php\/wp-json\/wp\/v2\/product_brand?post=755573"},{"taxonomy":"product_cat","embeddable":true,"href":"https:\/\/roveyayinevi.com.tr\/index.php\/wp-json\/wp\/v2\/product_cat?post=755573"},{"taxonomy":"product_tag","embeddable":true,"href":"https:\/\/roveyayinevi.com.tr\/index.php\/wp-json\/wp\/v2\/product_tag?post=755573"}],"curies":[{"name":"wp","href":"https:\/\/api.w.org\/{rel}","templated":true}]}}