{"id":755532,"date":"2025-08-28T06:42:05","date_gmt":"2025-08-28T03:42:05","guid":{"rendered":"https:\/\/roveyayinevi.com.tr\/index.php\/urun\/adalet-ve-farklilik-politikasi\/"},"modified":"2026-04-16T03:08:47","modified_gmt":"2026-04-16T00:08:47","slug":"adalet-ve-farklilik-politikasi","status":"publish","type":"product","link":"https:\/\/roveyayinevi.com.tr\/index.php\/urun\/adalet-ve-farklilik-politikasi\/","title":{"rendered":"Adalet ve Farkl\u0131l\u0131k Politikas\u0131"},"content":{"rendered":"<p>Iris Young\u2019\u0131n Adalet ve Farkl\u0131l\u0131k Politikas\u0131\u2019ndaki arg\u00fcman\u0131, bu kitab\u0131n ilk kez bas\u0131ld\u0131\u011f\u0131 zamanlarda da anla\u015f\u0131ld\u0131\u011f\u0131 \u00fczere, felsefi a\u00e7\u0131dan zengin olmas\u0131n\u0131n yan\u0131 s\u0131ra ileri g\u00f6r\u00fc\u015fl\u00fc olarak da nitelenebilir. Danielle Allen Adalet, farkl\u0131l\u0131klar\u0131 desteklemeli mi yoksa tek d\u00fcze insan yaratmaya m\u0131 \u00e7al\u0131\u015fmal\u0131? \u00b7         Farkl\u0131l\u0131klar\u0131 destekleyen bir adalet t\u00fcm vatanda\u015flar\u0131na e\u015fitli\u011fi nas\u0131l getirmeli? \u00b7         Feminizm, Siyah \u00f6zg\u00fcrle\u015fmesi, Amerikan Yerlileri hareketi ve gey ve lezbiyen \u00f6zg\u00fcrle\u015fmesi gibi sol siyasetle ili\u015fkili yeni grup temelli toplumsal hareketlerin iddialar\u0131n\u0131n adalet ve siyaset felsefesi a\u00e7\u0131s\u0131ndan sonu\u00e7lar\u0131 neler olmal\u0131d\u0131r? \u00b7         Postmodern felsefenin Bat\u0131l\u0131 adalet sistemine meydan okumas\u0131n\u0131n adalet ve siyaset felsefesi \u00fczerindeki etkileri nelerdir? \u00b7         E\u015fitlik ve demokrasiye y\u00f6nelik geleneksel sosyalist \u00e7a\u011fr\u0131lar adalet sistemine nas\u0131l eklenebilir? \u00b7         Yeni toplumsal hareketler dolayl\u0131 olarak hangi sosyal adalet anlay\u0131\u015flar\u0131na hitap eder ve geleneksel adalet anlay\u0131\u015flar\u0131yla nas\u0131l y\u00fczle\u015fir veya onlar\u0131 nas\u0131l de\u011fi\u015ftirir? \u0130\u015fte bu kitap daha \u00f6nceki adalet teorilerinde ele al\u0131nmayan ancak g\u00fcn\u00fcm\u00fczde eksikli\u011fi hissedilen bu yeni soru ve sorunlara cevap ar\u0131yor.  <\/p>\n","protected":false},"excerpt":{"rendered":"<p>Iris Young\u2019\u0131n Adalet ve Farkl\u0131l\u0131k Politikas\u0131\u2019ndaki arg\u00fcman\u0131, bu kitab\u0131n ilk kez bas\u0131ld\u0131\u011f\u0131 zamanlarda da anla\u015f\u0131ld\u0131\u011f\u0131 \u00fczere, felsefi a\u00e7\u0131dan zengin olmas\u0131n\u0131n yan\u0131 s\u0131ra ileri g\u00f6r\u00fc\u015fl\u00fc olarak da<span class=\"excerpt-hellip\"> [\u2026]<\/span><\/p>\n","protected":false},"featured_media":0,"template":"","meta":{"_monsterinsights_skip_tracking":false,"_monsterinsights_sitenote_active":false,"_monsterinsights_sitenote_note":"","_monsterinsights_sitenote_category":0},"product_brand":[],"product_cat":[20351,12388],"product_tag":[],"class_list":{"0":"post-755532","1":"product","2":"type-product","3":"status-publish","5":"product_cat-dusunce","6":"product_cat-felsefe","7":"pa_cilt-ciltsiz","8":"pa_tur-kitap","9":"pa_yayinevi-fol-kitap","10":"pa_yazar-iris-marion-young","12":"first","13":"instock","14":"sale","15":"shipping-taxable","16":"purchasable","17":"product-type-simple"},"_links":{"self":[{"href":"https:\/\/roveyayinevi.com.tr\/index.php\/wp-json\/wp\/v2\/product\/755532","targetHints":{"allow":["GET"]}}],"collection":[{"href":"https:\/\/roveyayinevi.com.tr\/index.php\/wp-json\/wp\/v2\/product"}],"about":[{"href":"https:\/\/roveyayinevi.com.tr\/index.php\/wp-json\/wp\/v2\/types\/product"}],"wp:attachment":[{"href":"https:\/\/roveyayinevi.com.tr\/index.php\/wp-json\/wp\/v2\/media?parent=755532"}],"wp:term":[{"taxonomy":"product_brand","embeddable":true,"href":"https:\/\/roveyayinevi.com.tr\/index.php\/wp-json\/wp\/v2\/product_brand?post=755532"},{"taxonomy":"product_cat","embeddable":true,"href":"https:\/\/roveyayinevi.com.tr\/index.php\/wp-json\/wp\/v2\/product_cat?post=755532"},{"taxonomy":"product_tag","embeddable":true,"href":"https:\/\/roveyayinevi.com.tr\/index.php\/wp-json\/wp\/v2\/product_tag?post=755532"}],"curies":[{"name":"wp","href":"https:\/\/api.w.org\/{rel}","templated":true}]}}