{"id":755447,"date":"2025-08-28T06:39:55","date_gmt":"2025-08-28T03:39:55","guid":{"rendered":"https:\/\/roveyayinevi.com.tr\/index.php\/urun\/devrimci-bir-kurmay-subay\/"},"modified":"2026-04-16T03:08:45","modified_gmt":"2026-04-16T00:08:45","slug":"devrimci-bir-kurmay-subay","status":"publish","type":"product","link":"https:\/\/roveyayinevi.com.tr\/index.php\/urun\/devrimci-bir-kurmay-subay\/","title":{"rendered":"Devrimci Bir Kurmay Subay"},"content":{"rendered":"<p>\u201cAskerler aras\u0131nda \u201cemir komuta zinciri\u201d de tabudur. 27 May\u0131s Devrimi\u2019nin bu zincirin kurallar\u0131na uygun olarak yap\u0131lmamas\u0131, Milli Birlik Komitesi\u2019nde y\u00fczba\u015f\u0131, dahas\u0131 \u00fcste\u011fmen r\u00fctbesindekilerle general r\u00fctbesindekilerin e\u015fit oya sahip olmas\u0131, Silahl\u0131 Kuvvetler taraf\u0131ndan hi\u00e7 affedilmemi\u015fti, bunun ac\u0131s\u0131 on y\u0131l sonra 12 Mart fa\u015fizmi d\u00f6neminde eski Milli Birlik Komitesi\u2019nin iki gen\u00e7 \u00fcyesinin bir bahaneyle s\u0131k\u0131y\u00f6netimce i\u00e7eri al\u0131narak falakaya \u00e7ekilmesiyle \u00e7\u0131kar\u0131lm\u0131\u015ft\u0131r. Emekli Kurmay Yarbay Talat Turhan da o d\u00f6nemde i\u015fkence g\u00f6rm\u00fc\u015ft\u00fcr. \u00dcst r\u00fctbeliler emir ve komuta zincirini bozanlara kar\u015f\u0131 \u00e7ok ac\u0131mas\u0131zd\u0131r. \u00c7\u00fcnk\u00fc bu zincir onlar i\u00e7in \u2018Tabu\u2019dur\u2026\u201d H\u0131fz\u0131 Veldet Velidedeo\u011fluCumhuriyet, 2 Aral\u0131k 1990 \u201cSevgili Talat Turhan, karanl\u0131k ve kirli bir d\u00f6neme \u0131\u015f\u0131k tutup o d\u00f6nemin \u00e7irkin y\u00fcz\u00fcn\u00fc g\u00f6zler \u00f6n\u00fcne seren savunman\u0131z\u0131 yararlanarak, \u00f6\u011frenerek okudum. Sa\u011folun! Ellerinize sa\u011fl\u0131k\u2026 Dostlukla.\u201d Aziz Nesin18 \u015eubat 1978 \u201c\u2026 Bir g\u00fcn \u00e7irkin oyunlar\u0131n sis perdeleri aralanarak, ger\u00e7ek su\u00e7lulardan hesap sorulmaya ba\u015flan\u0131rsa, bu hesapla\u015fmada Talat Turhan\u2019\u0131n yap\u0131t\u0131, en g\u00fc\u00e7l\u00fc tan\u0131klardan biri olacakt\u0131r\u2026\u201d Faik Ak\u00e7ay<\/p>\n","protected":false},"excerpt":{"rendered":"<p>\u201cAskerler aras\u0131nda \u201cemir komuta zinciri\u201d de tabudur. 27 May\u0131s Devrimi\u2019nin bu zincirin kurallar\u0131na uygun olarak yap\u0131lmamas\u0131, Milli Birlik Komitesi\u2019nde y\u00fczba\u015f\u0131, dahas\u0131 \u00fcste\u011fmen r\u00fctbesindekilerle general r\u00fctbesindekilerin e\u015fit<span class=\"excerpt-hellip\"> [\u2026]<\/span><\/p>\n","protected":false},"featured_media":0,"template":"","meta":{"_monsterinsights_skip_tracking":false,"_monsterinsights_sitenote_active":false,"_monsterinsights_sitenote_note":"","_monsterinsights_sitenote_category":0},"product_brand":[],"product_cat":[12370,12304],"product_tag":[],"class_list":{"0":"post-755447","1":"product","2":"type-product","3":"status-publish","5":"product_cat-arastirma-inceleme","6":"product_cat-tarih","7":"pa_cilt-ciltsiz","8":"pa_tur-kitap","9":"pa_yayinevi-nergiz-yayinlari","10":"pa_yazar-talat-turhan","12":"first","13":"instock","14":"sale","15":"shipping-taxable","16":"purchasable","17":"product-type-simple"},"_links":{"self":[{"href":"https:\/\/roveyayinevi.com.tr\/index.php\/wp-json\/wp\/v2\/product\/755447","targetHints":{"allow":["GET"]}}],"collection":[{"href":"https:\/\/roveyayinevi.com.tr\/index.php\/wp-json\/wp\/v2\/product"}],"about":[{"href":"https:\/\/roveyayinevi.com.tr\/index.php\/wp-json\/wp\/v2\/types\/product"}],"wp:attachment":[{"href":"https:\/\/roveyayinevi.com.tr\/index.php\/wp-json\/wp\/v2\/media?parent=755447"}],"wp:term":[{"taxonomy":"product_brand","embeddable":true,"href":"https:\/\/roveyayinevi.com.tr\/index.php\/wp-json\/wp\/v2\/product_brand?post=755447"},{"taxonomy":"product_cat","embeddable":true,"href":"https:\/\/roveyayinevi.com.tr\/index.php\/wp-json\/wp\/v2\/product_cat?post=755447"},{"taxonomy":"product_tag","embeddable":true,"href":"https:\/\/roveyayinevi.com.tr\/index.php\/wp-json\/wp\/v2\/product_tag?post=755447"}],"curies":[{"name":"wp","href":"https:\/\/api.w.org\/{rel}","templated":true}]}}