{"id":755408,"date":"2025-08-28T06:38:44","date_gmt":"2025-08-28T03:38:44","guid":{"rendered":"https:\/\/roveyayinevi.com.tr\/index.php\/urun\/cengiz-han-4\/"},"modified":"2026-04-16T03:08:29","modified_gmt":"2026-04-16T00:08:29","slug":"cengiz-han-4","status":"publish","type":"product","link":"https:\/\/roveyayinevi.com.tr\/index.php\/urun\/cengiz-han-4\/","title":{"rendered":"Cengiz Han"},"content":{"rendered":"<p>T\u00fcrk Devrimi\u2019nin \u00f6nde gelen d\u00fc\u015f\u00fcn\u00fcr ve eylemcilerinden Yusuf Ak\u00e7ura&#8217;n\u0131n 1911 y\u0131l\u0131nda vermi\u015f oldu\u011fu &#8220;Cengiz Han&#8221; konulu konferans\u0131yla birlikte &#8220;T\u00fcrk ve Tatarlar Birdir, T\u00fcrkler Medeniyete Hizmet Etmi\u015ftir&#8221; ba\u015fl\u0131kl\u0131 konferans\u0131 ve yazar\u0131n Ahmed Zeki Vel\u00eed\u00ee&#8217;nin T\u00fcrk ve Tatar Tarihi kitab\u0131 \u00fczerine ele\u015ftirisi bir araya getirildi: \u201cTarih\u00e7i Leon Cahun ve Muallim Barthold\u2019a G\u00f6re Cengiz Han\u201d.   \u201cOsmanl\u0131 Devleti&#8217;ne pek \u00e7ok zarar\u0131 dokunmu\u015f Napolyon&#8217;a, en ziyade \u015f\u00f6hretini Osmanl\u0131 T\u00fcrklerine galebeleriyle kazanm\u0131\u015f Katerina&#8217;ya, tarihlerimizde, hi\u00e7 \u00e7ekinmeden, hi\u00e7 s\u0131k\u0131lmadan \u2018B\u00fcy\u00fck\u2019 diyoruz da, Timur&#8217;dan, Cengiz&#8217;den bahsedecek olunca, isimlerini a\u015fa\u011f\u0131lay\u0131c\u0131 bir s\u0131fatla \u00e7iftle\u015ftirmeden bir t\u00fcrl\u00fc telaffuz edemiyoruz!.. Cengiz&#8217;e Farslar\u0131n takt\u0131\u011f\u0131 \u2018fitne-eng\u00eez\u2019 [fitne koparan], Timur&#8217;a bilmem kimlerin uydurdu\u011fu \u2018p\u00fcr-\u015f\u00fbr\u2019 [\u00e7ok kavgac\u0131] vas\u0131flar\u0131, lisan\u0131m\u0131zda, o b\u00fcy\u00fck isimlerin tamamlay\u0131c\u0131s\u0131 gibi gelir!.. Cengiz&#8217;in kopard\u0131\u011f\u0131 fitne, mesela \u0130skender-i \u2018Keb\u00eer\u2019inkinden daha ziyade midir? Timur&#8217;un d\u00f6kt\u00fc\u011f\u00fc kan, faraza \u2018B\u00fcy\u00fck\u2019 Ramses&#8217;inkinden daha fazla m\u0131d\u0131r? \u00d6teden beri \u2018b\u00fcy\u00fck\u2019, \u2018keb\u00eer\u2019 \u00f6v\u00fcn\u00e7l\u00fc unvanlar\u0131n\u0131 kazanan fatihlerin ay\u0131r\u0131c\u0131 karakterleri geni\u015f \u00fclkeler zapt etmek ve bunun i\u00e7in de \u00e7ok muharebeler edip \u00e7ok kan d\u00f6kmek oldu\u011fu halde, Cengiz ve Timur&#8217;a b\u00fcy\u00fckl\u00fck isnat ettirtmeyen, onlar\u0131 devaml\u0131 kendi milletta\u015flar\u0131n\u0131n hakaretlerine maruz k\u0131lan illet acaba nedir?.. Kendi b\u00fcy\u00fcklerimizi devaml\u0131 tahkir ve tel&#8217;\u00een edegelmemizin sebebi, onlar\u0131n hakikaten tahkir ve tel&#8217;\u00eene m\u00fcstahak olmalar\u0131ndan de\u011fil, asla de\u011fil, ancak onlar\u0131 ba\u015fkalar\u0131n\u0131n g\u00f6z\u00fcyle g\u00f6rmemizden, ba\u015fkalar\u0131n\u0131n beyniyle anlamam\u0131zdand\u0131r. Biz kendimize, kavmimize, \u0131rk\u0131m\u0131za, yabanc\u0131lar\u0131n g\u00f6z\u00fcm\u00fcze takt\u0131\u011f\u0131 g\u00f6zl\u00fckle bak\u0131yoruz. E\u011fer T\u00fcrkleri, T\u00fcrklerin mazisini oldu\u011fu gibi g\u00f6rmek istersek, yabanc\u0131lar\u0131n takt\u0131\u011f\u0131 g\u00f6zl\u00fc\u011f\u00fc k\u0131r\u0131p atarak, vakalara \u00f6z T\u00fcrk g\u00f6z\u00fcm\u00fczle bakmal\u0131y\u0131z; yani babalar\u0131m\u0131z\u0131n b\u0131rakt\u0131\u011f\u0131 eser ve vesikalar\u0131 bizzat inceleyerek ona g\u00f6re bir h\u00fck\u00fcm vermeye \u00e7al\u0131\u015fmal\u0131y\u0131z.\u201d <\/p>\n","protected":false},"excerpt":{"rendered":"<p>T\u00fcrk Devrimi\u2019nin \u00f6nde gelen d\u00fc\u015f\u00fcn\u00fcr ve eylemcilerinden Yusuf Ak\u00e7ura&#8217;n\u0131n 1911 y\u0131l\u0131nda vermi\u015f oldu\u011fu &#8220;Cengiz Han&#8221; konulu konferans\u0131yla birlikte &#8220;T\u00fcrk ve Tatarlar Birdir, T\u00fcrkler Medeniyete Hizmet Etmi\u015ftir&#8221;<span class=\"excerpt-hellip\"> [\u2026]<\/span><\/p>\n","protected":false},"featured_media":0,"template":"","meta":{"_monsterinsights_skip_tracking":false,"_monsterinsights_sitenote_active":false,"_monsterinsights_sitenote_note":"","_monsterinsights_sitenote_category":0},"product_brand":[],"product_cat":[13946,12304],"product_tag":[],"class_list":{"0":"post-755408","1":"product","2":"type-product","3":"status-publish","5":"product_cat-biyografi-otobiyografi","6":"product_cat-tarih","7":"pa_cilt-ciltsiz","8":"pa_tur-kitap","9":"pa_yayinevi-kaynak-yayinlari","10":"pa_yazar-yusuf-akcura","12":"first","13":"instock","14":"sale","15":"shipping-taxable","16":"purchasable","17":"product-type-simple"},"_links":{"self":[{"href":"https:\/\/roveyayinevi.com.tr\/index.php\/wp-json\/wp\/v2\/product\/755408","targetHints":{"allow":["GET"]}}],"collection":[{"href":"https:\/\/roveyayinevi.com.tr\/index.php\/wp-json\/wp\/v2\/product"}],"about":[{"href":"https:\/\/roveyayinevi.com.tr\/index.php\/wp-json\/wp\/v2\/types\/product"}],"wp:attachment":[{"href":"https:\/\/roveyayinevi.com.tr\/index.php\/wp-json\/wp\/v2\/media?parent=755408"}],"wp:term":[{"taxonomy":"product_brand","embeddable":true,"href":"https:\/\/roveyayinevi.com.tr\/index.php\/wp-json\/wp\/v2\/product_brand?post=755408"},{"taxonomy":"product_cat","embeddable":true,"href":"https:\/\/roveyayinevi.com.tr\/index.php\/wp-json\/wp\/v2\/product_cat?post=755408"},{"taxonomy":"product_tag","embeddable":true,"href":"https:\/\/roveyayinevi.com.tr\/index.php\/wp-json\/wp\/v2\/product_tag?post=755408"}],"curies":[{"name":"wp","href":"https:\/\/api.w.org\/{rel}","templated":true}]}}