{"id":755337,"date":"2025-08-28T06:36:53","date_gmt":"2025-08-28T03:36:53","guid":{"rendered":"https:\/\/roveyayinevi.com.tr\/index.php\/urun\/cagdas-fransiz-edebiyatinda-bellek\/"},"modified":"2026-04-16T03:08:27","modified_gmt":"2026-04-16T00:08:27","slug":"cagdas-fransiz-edebiyatinda-bellek","status":"publish","type":"product","link":"https:\/\/roveyayinevi.com.tr\/index.php\/urun\/cagdas-fransiz-edebiyatinda-bellek\/","title":{"rendered":"\u00c7a\u011fda\u015f Frans\u0131z Edebiyat\u0131nda Bellek"},"content":{"rendered":"<p>Bellek nedir? Edebiyat ve bellek aras\u0131nda nas\u0131l bir ba\u011f vard\u0131r? T\u00fcm bu sorular insanl\u0131\u011f\u0131n zihnini y\u00fczy\u0131llard\u0131r me\u015fgul etmekle birlikte g\u00fcn\u00fcm\u00fczde bellek; kimli\u011fin olu\u015fumu ve d\u00fcnyan\u0131n kavran\u0131\u015f\u0131yla ilgili bir dizi ba\u015fka sorular\u0131 da g\u00fcndeme getirmi\u015ftir. Bellek, \u00e7a\u011fda\u015f Frans\u0131z edebiyat\u0131nda \u00f6zellikle \u00f6zya\u015fam\u00f6yk\u00fcleri ve \u00f6zkurmaca anlat\u0131larda g\u00fc\u00e7l\u00fc bir etkiye sahiptir. Belle\u011fe ili\u015fkin bu anlat\u0131lar bireyin d\u00fcnyas\u0131n\u0131 bi\u00e7imlendirirken ayn\u0131 zamanda ki\u015fili\u011fini, kimli\u011fini ve i\u00e7 d\u00fcnyas\u0131n\u0131 anlamland\u0131rmada da \u00f6nemli bir i\u015flev \u00fcstlenir. \u00c7a\u011fda\u015f Frans\u0131z edebiyat\u0131nda bellek izle\u011fini irdeledi\u011fimiz bu kitapta; edebiyat\u0131n d\u00fc\u015f\u00fcnme bi\u00e7imi ve s\u00f6ylem olu\u015fumunda belle\u011fin nas\u0131l ayr\u0131cal\u0131kl\u0131 bir i\u015fleve sahip oldu\u011fu g\u00f6sterilmeye \u00e7al\u0131\u015f\u0131lm\u0131\u015f ve Frans\u0131z an\u0131 edebiyat\u0131ndan \u00e7e\u015fitli \u00f6rnekler sunulmu\u015ftur.<\/p>\n","protected":false},"excerpt":{"rendered":"<p>Bellek nedir? Edebiyat ve bellek aras\u0131nda nas\u0131l bir ba\u011f vard\u0131r? T\u00fcm bu sorular insanl\u0131\u011f\u0131n zihnini y\u00fczy\u0131llard\u0131r me\u015fgul etmekle birlikte g\u00fcn\u00fcm\u00fczde bellek; kimli\u011fin olu\u015fumu ve d\u00fcnyan\u0131n kavran\u0131\u015f\u0131yla<span class=\"excerpt-hellip\"> [\u2026]<\/span><\/p>\n","protected":false},"featured_media":0,"template":"","meta":{"_monsterinsights_skip_tracking":false,"_monsterinsights_sitenote_active":false,"_monsterinsights_sitenote_note":"","_monsterinsights_sitenote_category":0},"product_brand":[],"product_cat":[12291],"product_tag":[],"class_list":{"0":"post-755337","1":"product","2":"type-product","3":"status-publish","5":"product_cat-edebiyat","6":"pa_cilt-ciltsiz","7":"pa_tur-kitap","8":"pa_yayinevi-bilgin-kultur-sanat","9":"pa_yazar-tulin-kartal-gungor","11":"first","12":"instock","13":"sale","14":"shipping-taxable","15":"purchasable","16":"product-type-simple"},"_links":{"self":[{"href":"https:\/\/roveyayinevi.com.tr\/index.php\/wp-json\/wp\/v2\/product\/755337","targetHints":{"allow":["GET"]}}],"collection":[{"href":"https:\/\/roveyayinevi.com.tr\/index.php\/wp-json\/wp\/v2\/product"}],"about":[{"href":"https:\/\/roveyayinevi.com.tr\/index.php\/wp-json\/wp\/v2\/types\/product"}],"wp:attachment":[{"href":"https:\/\/roveyayinevi.com.tr\/index.php\/wp-json\/wp\/v2\/media?parent=755337"}],"wp:term":[{"taxonomy":"product_brand","embeddable":true,"href":"https:\/\/roveyayinevi.com.tr\/index.php\/wp-json\/wp\/v2\/product_brand?post=755337"},{"taxonomy":"product_cat","embeddable":true,"href":"https:\/\/roveyayinevi.com.tr\/index.php\/wp-json\/wp\/v2\/product_cat?post=755337"},{"taxonomy":"product_tag","embeddable":true,"href":"https:\/\/roveyayinevi.com.tr\/index.php\/wp-json\/wp\/v2\/product_tag?post=755337"}],"curies":[{"name":"wp","href":"https:\/\/api.w.org\/{rel}","templated":true}]}}