{"id":755316,"date":"2025-08-28T06:36:14","date_gmt":"2025-08-28T03:36:14","guid":{"rendered":"https:\/\/roveyayinevi.com.tr\/index.php\/urun\/ataturkun-hatira-mulakatlari\/"},"modified":"2026-04-16T03:08:26","modified_gmt":"2026-04-16T00:08:26","slug":"ataturkun-hatira-mulakatlari","status":"publish","type":"product","link":"https:\/\/roveyayinevi.com.tr\/index.php\/urun\/ataturkun-hatira-mulakatlari\/","title":{"rendered":"Atat\u00fcrk&#8217;\u00fcn Hat\u0131ra M\u00fclakatlar\u0131"},"content":{"rendered":"<p>\u201cAsr\u0131m\u0131z\u0131n b\u00fcy\u00fck adam\u0131 T\u00fcrk\u2019t\u00fcr; ve bu T\u00fcrk de Mustafa Kemal Pa\u015fa\u2019d\u0131r\u2026\u201d \u0130talyan \u015fair, devlet adam\u0131, gazeteci, oyun yazar\u0131 Gabriele D&#8217;Annunzio\u2019nun s\u00f6zleri bunlar.  Atat\u00fcrk\u2019\u00fcn Hayat\u0131\u2019n\u0131 Cumhuriyet tarihimiz ile birlikte okumak esasen yads\u0131namaz bir zorunluluk olarak de\u011ferlendirilebilir. Onun hayat\u0131na ili\u015fkin ana kaynaklardan biri ise \u015f\u00fcphesiz kendi anlatt\u0131klar\u0131 ve yazd\u0131klar\u0131d\u0131r. Ru\u015fen E\u015fref\u2019in (\u00dcnayd\u0131n) ,  1918 y\u0131l\u0131nda, hen\u00fcz gen\u00e7 bir gazeteci iken, Atat\u00fcrk ile \u00c7anakkale Sava\u015flar\u0131 hakk\u0131nda yapm\u0131\u015f oldu\u011fu m\u00fclakat ve 1926 y\u0131l\u0131nda, Siirt Mebusu Mahmut ve Falih R\u0131fk\u0131\u2019n\u0131n (Atay), Ankara&#8217;da \u00e7\u0131kan &#8220;H\u00e2kimiyeti Milliye&#8221; ile \u0130stanbul&#8217;daki &#8220;Milliyet&#8221; gazeteleri i\u00e7in Atat\u00fcrk\u2019\u00fcn hat\u0131ralar\u0131 ile ilgili yapm\u0131\u015f olduklar\u0131 m\u00fclakat da bu niteliktedir \u015f\u00fcphesiz. 1918 y\u0131l\u0131nda, Ru\u015fen E\u015fref\u2019in Atat\u00fcrk ile yapt\u0131\u011f\u0131 m\u00fclakat, Yeni Mecmua\u2019n\u0131n \u00c7anakkale \u00d6zel Say\u0131s\u0131\u2019nda \u201cAnafartalar Kumandan\u0131 Mustafa Kemal ile M\u00fclakat\u201d ad\u0131 ile yay\u0131mlanm\u0131\u015ft\u0131r. Bu m\u00fclakat daha sonra,  \u201cAnafartalar Kumandan\u0131 Mustafa Kemal ile M\u00fclakat\u201d ad\u0131yla, \u0130stanbul Hamit Matbaas\u0131 taraf\u0131ndan 1930 y\u0131l\u0131nda yay\u0131mlanm\u0131\u015f olup, m\u00fcteakiben \u00e7e\u015fitli bask\u0131lar\u0131 da yap\u0131lm\u0131\u015ft\u0131r. 1926&#8217;da, Siirt Mebusu Mahmut ve Falih R\u0131fk\u0131\u2019n\u0131n, Ankara&#8217;da \u00e7\u0131kan &#8220;H\u00e2kimiyeti Milliye&#8221; ile \u0130stanbul&#8217;daki &#8220;Milliyet&#8221; gazetesi i\u00e7in yapt\u0131klar\u0131 m\u00fclakat\u0131n  ilk b\u00f6l\u00fcm\u00fc 13 Mart 1926\u2019da yay\u0131nlanm\u0131\u015ft\u0131r. Daha sonra, Falih R\u0131fk\u0131, 19 May\u0131s\u2019\u0131n 25. Y\u0131ld\u00f6n\u00fcm\u00fc olan 1944 y\u0131l\u0131nda bu m\u00fclakat\u0131n bir b\u00f6l\u00fcm\u00fcn\u00fc \u201c19 May\u0131s\u201d ad\u0131 alt\u0131nda kitap olarak yay\u0131nlam\u0131\u015f olup, sonraki y\u0131llarda \u00e7e\u015fitli adlar alt\u0131nda tekrar bask\u0131lar\u0131 yap\u0131lm\u0131\u015ft\u0131r bu hat\u0131ralar\u0131n: \u201cAtat\u00fcrk\u2019\u00fcn Bana Anlatt\u0131klar\u0131\u201d,\u201dMustafa Kemal\u2019in M\u00fctareke Defteri\u201d, \u201cAtat\u00fcrk\u2019\u00fcn Bana Anlatt\u0131klar\u0131\u201d, \u201cMustafa Kemal\u2019in A\u011fz\u0131ndan Vahdettin\u201d, \u201cAtat\u00fcrk\u2019\u00fcn Hat\u0131ralar\u0131\u201d. \u0130\u015fte bu iki \u00f6nemli m\u00fclakat\u0131n ilk kez bir arada yer ald\u0131\u011f\u0131 bu kitab\u0131m\u0131zda da, gerek Atat\u00fcrk\u2019\u00fcn hayat\u0131na ve gerekse Kurtulu\u015f\u2019a ve Cumhuriyet\u2019e giden s\u00fcrece ili\u015fkin ili\u015fkin \u00f6nemli detaylar ve bilgiler yine Atat\u00fcrk\u2019\u00fcn anlat\u0131m\u0131yla okuyucunun istifadesine sunuluyor. Daha \u00f6nce yay\u0131nevimiz taraf\u0131ndan, \u201cMatru\u015fka Kitaplar: Bir Kitap \u0130ki Eser\u201d serisinin ilk kitab\u0131 olarak yay\u0131mlanan, \u201cAtat\u00fcrk\u2019\u00fcn Hat\u0131ra Defterleri-Birinci D\u00fcnya Sava\u015f\u0131\u2019ndaki Hat\u0131ra Defteri-Karlsbad Hat\u0131ralar\u0131\u201d ile bu konudaki kaynaklara okuyucunun bir arada ve daha kolay ula\u015fmas\u0131 i\u00e7in ilk ad\u0131m\u0131 atm\u0131\u015ft\u0131k. Cumhuriyetimiz\u2019in 100.Y\u0131l\u0131\u2019n\u0131 co\u015fkuyla kutlad\u0131\u011f\u0131m\u0131z bu g\u00fcnlerde, yine ayn\u0131 serinin \u00fc\u00e7\u00fcnc\u00fc kitab\u0131 olarak yay\u0131mlad\u0131\u011f\u0131m\u0131z bu kitap ile de okuyucu i\u00e7in iki kayna\u011f\u0131 daha kolay eri\u015filir k\u0131l\u0131yoruz. \u201cAtat\u00fcrk\u2019\u00fcn Hat\u0131ra M\u00fclakatlar\u0131-\u00c7anakkale Sava\u015f\u0131 Hat\u0131ralar\u0131-19 May\u0131s\u2019a Do\u011fru\u201d ad\u0131n\u0131 verdi\u011fimiz bu kitap ile do\u011fru rotada yeni ufuklara, okuyucular\u0131m\u0131zla birlikte \u00e7\u0131kt\u0131\u011f\u0131m\u0131z  yolculu\u011fumuz,  devam ediyor.. <\/p>\n","protected":false},"excerpt":{"rendered":"<p>\u201cAsr\u0131m\u0131z\u0131n b\u00fcy\u00fck adam\u0131 T\u00fcrk\u2019t\u00fcr; ve bu T\u00fcrk de Mustafa Kemal Pa\u015fa\u2019d\u0131r\u2026\u201d \u0130talyan \u015fair, devlet adam\u0131, gazeteci, oyun yazar\u0131 Gabriele D&#8217;Annunzio\u2019nun s\u00f6zleri bunlar. Atat\u00fcrk\u2019\u00fcn Hayat\u0131\u2019n\u0131 Cumhuriyet tarihimiz<span class=\"excerpt-hellip\"> [\u2026]<\/span><\/p>\n","protected":false},"featured_media":0,"template":"","meta":{"_monsterinsights_skip_tracking":false,"_monsterinsights_sitenote_active":false,"_monsterinsights_sitenote_note":"","_monsterinsights_sitenote_category":0},"product_brand":[],"product_cat":[12530,12304],"product_tag":[],"class_list":{"0":"post-755316","1":"product","2":"type-product","3":"status-publish","5":"product_cat-mustafa-kemal-ataturk","6":"product_cat-tarih","7":"pa_cilt-ciltsiz","8":"pa_tur-kitap","9":"pa_yayinevi-kaptan-kitap","10":"pa_yazar-mustafa-kemal-ataturk","12":"first","13":"instock","14":"sale","15":"shipping-taxable","16":"purchasable","17":"product-type-simple"},"_links":{"self":[{"href":"https:\/\/roveyayinevi.com.tr\/index.php\/wp-json\/wp\/v2\/product\/755316","targetHints":{"allow":["GET"]}}],"collection":[{"href":"https:\/\/roveyayinevi.com.tr\/index.php\/wp-json\/wp\/v2\/product"}],"about":[{"href":"https:\/\/roveyayinevi.com.tr\/index.php\/wp-json\/wp\/v2\/types\/product"}],"wp:attachment":[{"href":"https:\/\/roveyayinevi.com.tr\/index.php\/wp-json\/wp\/v2\/media?parent=755316"}],"wp:term":[{"taxonomy":"product_brand","embeddable":true,"href":"https:\/\/roveyayinevi.com.tr\/index.php\/wp-json\/wp\/v2\/product_brand?post=755316"},{"taxonomy":"product_cat","embeddable":true,"href":"https:\/\/roveyayinevi.com.tr\/index.php\/wp-json\/wp\/v2\/product_cat?post=755316"},{"taxonomy":"product_tag","embeddable":true,"href":"https:\/\/roveyayinevi.com.tr\/index.php\/wp-json\/wp\/v2\/product_tag?post=755316"}],"curies":[{"name":"wp","href":"https:\/\/api.w.org\/{rel}","templated":true}]}}