{"id":755313,"date":"2025-08-28T06:36:09","date_gmt":"2025-08-28T03:36:09","guid":{"rendered":"https:\/\/roveyayinevi.com.tr\/index.php\/urun\/sakir-pasa-ailesi\/"},"modified":"2026-04-16T03:08:26","modified_gmt":"2026-04-16T00:08:26","slug":"sakir-pasa-ailesi","status":"publish","type":"product","link":"https:\/\/roveyayinevi.com.tr\/index.php\/urun\/sakir-pasa-ailesi\/","title":{"rendered":"\u015eakir Pa\u015fa Ailesi"},"content":{"rendered":"<p>Fahr\u00fcnnisa Zeyd, F\u00fcreya Koral, Aliye Berger, Nejad Devrim gibi tan\u0131nm\u0131\u015f sanat\u00e7\u0131lar, Halikarnas Bal\u0131k\u00e7\u0131s\u0131-Cevat \u015eakir gibi \u0130zzet Melih Devrim gibi yazarlar, Suat \u015eakir ve \u015eirin Devrim gibi tiyatrocular&#8230;Hepsi de tek bir ailenin fertleri. II. Abd\u00fclhamid d\u00f6neminde \u00f6nemli g\u00f6revlerde bulunmu\u015f \u015eakir Pa\u015fa\u2019n\u0131n \u00e7ocuklar\u0131, akrabalar\u0131.    T\u00fcrkiye tarihinin belki de en ilgin\u00e7 ailelerinden biri olan \u015eakir Pa\u015fa ailesinin hik\u00e2yesini bizzat i\u00e7lerinden biri, \u015eirin Devrim anlat\u0131yor. B\u00fcy\u00fckada\u2019daki k\u00f6\u015fkte ge\u00e7en \u00e7ocuklu\u011fu Osmanl\u0131\u2019n\u0131n y\u0131k\u0131ld\u0131\u011f\u0131, Kurtulu\u015f Sava\u015f\u0131\u2019n\u0131n ya\u015fand\u0131\u011f\u0131 ve Cumhuriyet\u2019in kuruldu\u011fu g\u00fcnleri kaps\u0131yor. \u015eirin Devrim \u2018\u015fahane \u00e7\u0131lg\u0131nlar\u2019 diye hat\u0131rlad\u0131\u011f\u0131 aile bireylerinin hik\u00e2yelerini yak\u0131n tan\u0131klardan biri olarak anlat\u0131yor bize. Annesi Fahr\u00fcnissa Zeyd, day\u0131s\u0131 Cevat \u015eakir, karde\u015fi Melih Devrim\u2026 \u00c7anakkale kahraman\u0131 Osmanl\u0131 subaylar\u0131, zaman\u0131n\u0131n tan\u0131nm\u0131\u015f gazetecileri g\u00fcn\u00fcm\u00fcz\u00fcn unutulmayan sanat\u00e7\u0131lar\u0131. Onlar \u015eirin Devrim\u2019in an\u0131lar\u0131nda babacan aile b\u00fcy\u00fckleri, tutkular\u0131n\u0131n pe\u015finde bir anne, ba\u015f\u0131na buyruk bir karde\u015f olarak kar\u015f\u0131m\u0131za \u00e7\u0131k\u0131yor.  <\/p>\n","protected":false},"excerpt":{"rendered":"<p>Fahr\u00fcnnisa Zeyd, F\u00fcreya Koral, Aliye Berger, Nejad Devrim gibi tan\u0131nm\u0131\u015f sanat\u00e7\u0131lar, Halikarnas Bal\u0131k\u00e7\u0131s\u0131-Cevat \u015eakir gibi \u0130zzet Melih Devrim gibi yazarlar, Suat \u015eakir ve \u015eirin Devrim gibi<span class=\"excerpt-hellip\"> [\u2026]<\/span><\/p>\n","protected":false},"featured_media":0,"template":"","meta":{"_monsterinsights_skip_tracking":false,"_monsterinsights_sitenote_active":false,"_monsterinsights_sitenote_note":"","_monsterinsights_sitenote_category":0},"product_brand":[],"product_cat":[14009,12291],"product_tag":[],"class_list":{"0":"post-755313","1":"product","2":"type-product","3":"status-publish","5":"product_cat-biyografi-otobiyografi-edebiyat","6":"product_cat-edebiyat","7":"pa_cilt-ciltsiz","8":"pa_tur-kitap","9":"pa_yayinevi-dogan-kitap","10":"pa_yazar-sirin-devrim","12":"first","13":"instock","14":"sale","15":"shipping-taxable","16":"purchasable","17":"product-type-simple"},"_links":{"self":[{"href":"https:\/\/roveyayinevi.com.tr\/index.php\/wp-json\/wp\/v2\/product\/755313","targetHints":{"allow":["GET"]}}],"collection":[{"href":"https:\/\/roveyayinevi.com.tr\/index.php\/wp-json\/wp\/v2\/product"}],"about":[{"href":"https:\/\/roveyayinevi.com.tr\/index.php\/wp-json\/wp\/v2\/types\/product"}],"wp:attachment":[{"href":"https:\/\/roveyayinevi.com.tr\/index.php\/wp-json\/wp\/v2\/media?parent=755313"}],"wp:term":[{"taxonomy":"product_brand","embeddable":true,"href":"https:\/\/roveyayinevi.com.tr\/index.php\/wp-json\/wp\/v2\/product_brand?post=755313"},{"taxonomy":"product_cat","embeddable":true,"href":"https:\/\/roveyayinevi.com.tr\/index.php\/wp-json\/wp\/v2\/product_cat?post=755313"},{"taxonomy":"product_tag","embeddable":true,"href":"https:\/\/roveyayinevi.com.tr\/index.php\/wp-json\/wp\/v2\/product_tag?post=755313"}],"curies":[{"name":"wp","href":"https:\/\/api.w.org\/{rel}","templated":true}]}}