{"id":755309,"date":"2025-08-28T06:36:04","date_gmt":"2025-08-28T03:36:04","guid":{"rendered":"https:\/\/roveyayinevi.com.tr\/index.php\/urun\/turkun-turkle-savasi\/"},"modified":"2026-04-16T03:08:26","modified_gmt":"2026-04-16T00:08:26","slug":"turkun-turkle-savasi","status":"publish","type":"product","link":"https:\/\/roveyayinevi.com.tr\/index.php\/urun\/turkun-turkle-savasi\/","title":{"rendered":"T\u00fcrk\u2019\u00fcn T\u00fcrk\u2019le Sava\u015f\u0131"},"content":{"rendered":"<p>T\u00dcRKLER\u0130N KEND\u0130 SOYDA\u015eLARIYLAASIRLIK M\u00dcCADELELER\u0130 Prof. Dr. Ahmet Ta\u015fa\u011f\u0131l, Prof. Dr. Abdullah G\u00fcndo\u011fdu, Prof. Dr. Saadettin Ya\u011fmur G\u00f6me\u00e7, Do\u00e7. Dr. Hayrettin \u0130hsan Erko\u00e7, Dr. Ba\u015fak Kuzak\u00e7\u0131, Prof. Dr. Osman Karatay, Prof. Dr. Muall\u00e2 Uydu Y\u00fccel, Prof. Dr. Ergin Ayan, Prof. Dr. Erkan G\u00f6ksu, Prof. Dr. Altay Tayfun \u00d6zcan, Prof. Dr. Hayrunnisa Alan, Prof. Dr. Feridun M. Emecen, Prof. Dr. \u0130lyas Kemalo\u011flu, Prof. Dr. Mehmet Alpargu, Prof. Dr. Sadullah G\u00fclten, Prof. Dr. M. Bilal \u00c7elik Tarih boyunca pek \u00e7ok T\u00fcrk devletlerini kuran ve y\u0131kan akt\u00f6r, yine bir ba\u015fka T\u00fcrk unsurudur. G\u00f6kt\u00fcrklerin y\u0131k\u0131l\u0131p Uygur Ka\u011fanl\u0131\u011f\u0131\u2019n\u0131n kurulmas\u0131, B\u00fcy\u00fck Sel\u00e7uklu Devleti\u2019ni y\u0131k\u0131l\u0131\u015fa g\u00f6t\u00fcren O\u011fuz \u0130syan\u0131, Osmanl\u0131y\u0131 derinden sarsan Timur istilas\u0131 ve di\u011fer pek \u00e7ok \u00f6rnekte kurucu g\u00fc\u00e7 ile y\u0131k\u0131c\u0131 g\u00fcc\u00fcn ayn\u0131 oldu\u011fu g\u00f6r\u00fcl\u00fcr. T\u00fcrkler; konar-g\u00f6\u00e7er, \u00f6zg\u00fcrl\u00fck\u00e7\u00fc ve te\u015fkilat\u00e7\u0131 \u00f6zelliklerine sahip \u00e7\u0131karak devletler kurmu\u015flar, bu devletler yine ayn\u0131 \u00f6zellikler nedeniyle y\u0131k\u0131lm\u0131\u015flard\u0131r. B\u00f6ylece ortaya tarih\u00e7iler ve ara\u015ft\u0131rmac\u0131lar a\u00e7\u0131s\u0131ndan pe\u015fine d\u00fc\u015f\u00fclmesi gereken son derece zengin konular \u00e7\u0131kmaktad\u0131r.T\u00fcrkler, yay\u0131ld\u0131klar\u0131 geni\u015f alanlarda nas\u0131l h\u00e2kimiyet kuruyorlard\u0131? T\u00fcrk tarihinde ilk b\u00f6l\u00fcnme nas\u0131l ger\u00e7ekle\u015fti? T\u00fcrk iktidarlar\u0131nda hep benzer m\u00fccadeleler mi g\u00f6r\u00fcl\u00fcyordu? I. K\u0131l\u0131\u00e7arslan ile Dani\u015fmend Gazi, Y\u0131ld\u0131r\u0131m Bayezid ile Emir Timur, \u015eah \u0130smail ile Sultan Selim aras\u0131ndaki m\u00fccadeleler nas\u0131l de\u011ferlendirilmeli? Osmanl\u0131lar\u0131n fetret d\u00f6nemindeki taht yar\u0131\u015f\u0131ndan nas\u0131l dersler \u00e7\u0131kar\u0131labilir? Her biri kendi alan\u0131nda uzman olan tarih\u00e7ileri bir araya getiren T\u00fcrk\u2019\u00fcn T\u00fcrk\u2019le Sava\u015f\u0131, T\u00fcrklerin uzun as\u0131rlara yay\u0131lan kendi soyda\u015flar\u0131 ile m\u00fccadelelerini incelemesi a\u00e7\u0131s\u0131ndan bir ilk \u00f6zelli\u011fi ta\u015f\u0131yor. Mevcut tarih \u00e7al\u0131\u015fmalar\u0131ndan y\u00f6ntem ve i\u00e7erik y\u00f6n\u00fcyle ayr\u0131lan bu \u00e7al\u0131\u015fma, T\u00fcrk tarihinin b\u00fct\u00fcnl\u00fc\u011f\u00fc i\u00e7erisindeki ayr\u0131\u015fmalar\u0131, yol ayr\u0131mlar\u0131n\u0131 ve yeniden do\u011fu\u015flar\u0131 tarihsel hakikat \u00e7er\u00e7evesinde ortaya \u00e7\u0131kar\u0131yor. <\/p>\n","protected":false},"excerpt":{"rendered":"<p>T\u00dcRKLER\u0130N KEND\u0130 SOYDA\u015eLARIYLAASIRLIK M\u00dcCADELELER\u0130 Prof. Dr. Ahmet Ta\u015fa\u011f\u0131l, Prof. Dr. Abdullah G\u00fcndo\u011fdu, Prof. Dr. Saadettin Ya\u011fmur G\u00f6me\u00e7, Do\u00e7. Dr. Hayrettin \u0130hsan Erko\u00e7, Dr. Ba\u015fak Kuzak\u00e7\u0131, Prof.<span class=\"excerpt-hellip\"> [\u2026]<\/span><\/p>\n","protected":false},"featured_media":0,"template":"","meta":{"_monsterinsights_skip_tracking":false,"_monsterinsights_sitenote_active":false,"_monsterinsights_sitenote_note":"","_monsterinsights_sitenote_category":0},"product_brand":[],"product_cat":[12305,12304],"product_tag":[],"class_list":{"0":"post-755309","1":"product","2":"type-product","3":"status-publish","5":"product_cat-dunya-tarihi","6":"product_cat-tarih","7":"pa_cilt-ciltsiz","8":"pa_tur-kitap","9":"pa_yayinevi-kronik-kitap","10":"pa_yazar-murat-ozkan-mesut-karakulak","12":"first","13":"instock","14":"sale","15":"shipping-taxable","16":"purchasable","17":"product-type-simple"},"_links":{"self":[{"href":"https:\/\/roveyayinevi.com.tr\/index.php\/wp-json\/wp\/v2\/product\/755309","targetHints":{"allow":["GET"]}}],"collection":[{"href":"https:\/\/roveyayinevi.com.tr\/index.php\/wp-json\/wp\/v2\/product"}],"about":[{"href":"https:\/\/roveyayinevi.com.tr\/index.php\/wp-json\/wp\/v2\/types\/product"}],"wp:attachment":[{"href":"https:\/\/roveyayinevi.com.tr\/index.php\/wp-json\/wp\/v2\/media?parent=755309"}],"wp:term":[{"taxonomy":"product_brand","embeddable":true,"href":"https:\/\/roveyayinevi.com.tr\/index.php\/wp-json\/wp\/v2\/product_brand?post=755309"},{"taxonomy":"product_cat","embeddable":true,"href":"https:\/\/roveyayinevi.com.tr\/index.php\/wp-json\/wp\/v2\/product_cat?post=755309"},{"taxonomy":"product_tag","embeddable":true,"href":"https:\/\/roveyayinevi.com.tr\/index.php\/wp-json\/wp\/v2\/product_tag?post=755309"}],"curies":[{"name":"wp","href":"https:\/\/api.w.org\/{rel}","templated":true}]}}