{"id":755272,"date":"2025-08-28T06:35:03","date_gmt":"2025-08-28T03:35:03","guid":{"rendered":"https:\/\/roveyayinevi.com.tr\/index.php\/urun\/mustafa-kemal-ataturku-tanimak-ve-anlamak\/"},"modified":"2026-04-16T03:08:25","modified_gmt":"2026-04-16T00:08:25","slug":"mustafa-kemal-ataturku-tanimak-ve-anlamak","status":"publish","type":"product","link":"https:\/\/roveyayinevi.com.tr\/index.php\/urun\/mustafa-kemal-ataturku-tanimak-ve-anlamak\/","title":{"rendered":"Mustafa Kemal Atat\u00fcrk\u2019\u00fc Tan\u0131mak ve Anlamak"},"content":{"rendered":"<p>\u201c\u2026Beni g\u00f6rmek demek mutlaka y\u00fcz\u00fcm\u00fc g\u00f6rmek de\u011fildir. Benim fikirlerimi, benim duygular\u0131m\u0131 anl\u0131yorsan\u0131z ve hissediyorsan\u0131z bu k\u00e2fidir\u2026\u201d                                                                                      Mustafa Kemal ATAT\u00dcRK               Cumhuriyetimizin kurucusu, b\u00fcy\u00fck \u00f6nder Gazi Mustafa Kemal Atat\u00fcrk\u2019\u00fc tan\u0131mak ve anlamak i\u00e7in bir ba\u015fucu eseri\u2026                 Gazi Mustafa Kemal Atat\u00fcrk, vatanseverli\u011fi, ba\u011f\u0131ms\u0131z karakteri ve devrimleri ile sonsuza kadar yolumuzu ayd\u0131nlatmaya devam edecek.                 Cumhuriyetimizin kurulu\u015funun 100\u2019\u00fcnc\u00fc y\u0131l\u0131nda bu kaynak eser arma\u011fan olsun. <\/p>\n","protected":false},"excerpt":{"rendered":"<p>\u201c\u2026Beni g\u00f6rmek demek mutlaka y\u00fcz\u00fcm\u00fc g\u00f6rmek de\u011fildir. Benim fikirlerimi, benim duygular\u0131m\u0131 anl\u0131yorsan\u0131z ve hissediyorsan\u0131z bu k\u00e2fidir\u2026\u201d Mustafa Kemal ATAT\u00dcRK Cumhuriyetimizin kurucusu, b\u00fcy\u00fck \u00f6nder Gazi Mustafa Kemal<span class=\"excerpt-hellip\"> [\u2026]<\/span><\/p>\n","protected":false},"featured_media":0,"template":"","meta":{"_monsterinsights_skip_tracking":false,"_monsterinsights_sitenote_active":false,"_monsterinsights_sitenote_note":"","_monsterinsights_sitenote_category":0},"product_brand":[],"product_cat":[12530,12304],"product_tag":[],"class_list":{"0":"post-755272","1":"product","2":"type-product","3":"status-publish","5":"product_cat-mustafa-kemal-ataturk","6":"product_cat-tarih","7":"pa_cilt-ciltsiz","8":"pa_tur-kitap","9":"pa_yayinevi-galeati-yayincilik","10":"pa_yazar-cengiz-tatar","12":"first","13":"instock","14":"sale","15":"shipping-taxable","16":"purchasable","17":"product-type-simple"},"_links":{"self":[{"href":"https:\/\/roveyayinevi.com.tr\/index.php\/wp-json\/wp\/v2\/product\/755272","targetHints":{"allow":["GET"]}}],"collection":[{"href":"https:\/\/roveyayinevi.com.tr\/index.php\/wp-json\/wp\/v2\/product"}],"about":[{"href":"https:\/\/roveyayinevi.com.tr\/index.php\/wp-json\/wp\/v2\/types\/product"}],"wp:attachment":[{"href":"https:\/\/roveyayinevi.com.tr\/index.php\/wp-json\/wp\/v2\/media?parent=755272"}],"wp:term":[{"taxonomy":"product_brand","embeddable":true,"href":"https:\/\/roveyayinevi.com.tr\/index.php\/wp-json\/wp\/v2\/product_brand?post=755272"},{"taxonomy":"product_cat","embeddable":true,"href":"https:\/\/roveyayinevi.com.tr\/index.php\/wp-json\/wp\/v2\/product_cat?post=755272"},{"taxonomy":"product_tag","embeddable":true,"href":"https:\/\/roveyayinevi.com.tr\/index.php\/wp-json\/wp\/v2\/product_tag?post=755272"}],"curies":[{"name":"wp","href":"https:\/\/api.w.org\/{rel}","templated":true}]}}