{"id":755264,"date":"2025-08-28T06:34:52","date_gmt":"2025-08-28T03:34:52","guid":{"rendered":"https:\/\/roveyayinevi.com.tr\/index.php\/urun\/cogito-111-112-sokrates\/"},"modified":"2026-04-16T03:08:25","modified_gmt":"2026-04-16T00:08:25","slug":"cogito-111-112-sokrates","status":"publish","type":"product","link":"https:\/\/roveyayinevi.com.tr\/index.php\/urun\/cogito-111-112-sokrates\/","title":{"rendered":"Cogito 111-112 : Sokrates"},"content":{"rendered":"<p>Nazile Kalayc\u0131 ve Hakan Y\u00fccefer\u2019in haz\u0131rlad\u0131\u011f\u0131 Sokrates \u00d6zel Say\u0131s\u0131, tarihsel \u201cSokrates problemi\u201dni, Sokrates\u2019in felsefesini ve felsefe y\u00f6ntemini, Sokrates\u2019in felsefe tarihi boyunca al\u0131mlan\u0131\u015f\u0131n\u0131 ara\u015ft\u0131ran ve tart\u0131\u015fan \u00f6zg\u00fcn makaleler, \u00e7eviri metinler ve modern Sokrates okumalar\u0131yla, felsefe tarihinin en ilgin\u00e7 simas\u0131 Sokrates\u2019le ilgili T\u00fcrk\u00e7e felsefe literat\u00fcr\u00fcndeki \u00f6nemli bir eksikli\u011fin giderilmesine katk\u0131 sa\u011flayacak, kapsaml\u0131 ve ku\u015fat\u0131c\u0131 bir dosya.   \u201cSokrates\u2019in geride yaz\u0131l\u0131 eserler b\u0131rakmam\u0131\u015f bir filozof olmas\u0131 \u2018tarihsel Sokrates\u2019e ula\u015fmay\u0131 zorla\u015ft\u0131rm\u0131\u015ft\u0131r muhakkak, fakat b\u00f6ylelikle Sokrates her \u00e7a\u011fda felsefe merakl\u0131lar\u0131n\u0131 s\u0131namaya devam edebilmi\u015f, onun taraf\u0131ndan ba\u015flat\u0131lan diyalog g\u00fcn\u00fcm\u00fcze kadar \u2018canl\u0131 bir \u015fekilde s\u00fcrebilmi\u015ftir. Sonu\u00e7 ise olduk\u00e7a zengin Sokrates portreleridir. Elbette bu durumun tek nedeni Sokrates\u2019in yazmay\u0131\u015f\u0131 de\u011fildir; Sokrates d\u00fc\u015f\u00fcncelerinden dolay\u0131 \u00f6l\u00fcme g\u00f6nderilirken ge\u00e7mi\u015fine ihanet etmedi\u011fi, ya\u015fam\u0131 boyunca in\u015fa etmi\u015f oldu\u011fu kimli\u011fini b\u00fct\u00fcn etkiler ve sars\u0131nt\u0131lar kar\u015f\u0131s\u0131nda korumay\u0131 ba\u015fard\u0131\u011f\u0131, hatta felsefe ile polis aras\u0131ndaki paradoksal ili\u015fkinin canl\u0131 temsili oldu\u011fu i\u00e7in de her d\u00f6nemde b\u00fcy\u00fck bir sayg\u0131yla an\u0131lmay\u0131 hak etmi\u015ftir.\u201d   \u0130\u00e7indekiler: Nazile Kalayc\u0131-Hakan Y\u00fccefer \u2022 Sunu\u015f \u0130oanna Ku\u00e7uradi \u2022 Sokrates\u2019in Felsef\u00ee Ara\u015ft\u0131rma ve Felsef\u00ee E\u011fitim Metodu Friedrich Schleiermacher \u2022 Sokrates\u2019in Bir Filozof Olarak De\u011feri \u00dczerine Andreas Arndt \u2022 Schleiermacher ve Sokrates Erman G\u00f6ren \u2022 Aristophanes\u2019in G\u00f6z\u00fcnden Sokrates: Bir \u201cM\u00fctegafil\u201din (Eiro &#8211; n) Portresi Ksenophon \u2022 [J\u00fcriye Kar\u015f\u0131] Sokrates\u2019in Savunmas\u0131  \u1f08\u03c0\u03bf\u03bb\u03bf\u03b3\u03af\u03b1 \u03a3\u03c9\u03ba\u03c1\u03ac\u03c4\u03bf\u03c5\u03c2 [\u03c0\u03c1\u1f78\u03c2 \u03c4\u03bf\u1f7a\u03c2 \u0394\u03b9\u03ba\u03b1\u03c3\u03c4\u03ac\u03c2] Leo Strauss \u2022 J\u00fcriye Kar\u015f\u0131 Sokrates\u2019in Savunmas\u0131 \u00d6mer Ayg\u00fcn \u2022 Platon\u2019suz Sokrates Noburu Notomi \u2022 Sokrates ve Sofistler: Sofistlere Y\u00f6nelik Ele\u015ftirilerin Tarihini Yeniden D\u00fc\u015f\u00fcnmek Hakan Y\u00fccefer \u2022 Bir Ya\u015fam \u00c7\u00fcr\u00fct\u00fclebilir mi? \u0130kiye B\u00f6l\u00fcnen Sokrates Problemi Richard Kraut \u2022 Sorgulanm\u0131\u015f Hayat Refik G\u00fcremen \u2022 Sokrates\u00e7i Bir Tan\u0131m Nedir? Nazile Kalayc\u0131 \u2022 Sokrates\u2019in Son S\u00f6z\u00fc Hikmet \u00dcnl\u00fc \u2022 Formlar\u0131 Ay\u0131rmayan Sokrates \u2022 Sokrates\u2019ten Mektuplar-Socratis Quae Feruntur Epistolae Melike Molac\u0131 \u2022 Zenon\u2019un Sokratesler Korosu Kerem Eksen \u2022 Nietzsche ve Sokrates \u201cVakas\u0131\u201d Devrim Sezer \u2022 Arendt\u2019in Sokratesleri Emre \u015ean \u2022 Pragl\u0131 Sokrates: Avrupa\u2019n\u0131n Krizi ve Ruhun Bak\u0131m\u0131 Sorusu Melike Molac\u0131 \u2022 O Halde Sokrates \u00d6l\u00fcml\u00fc m\u00fcd\u00fcr? A\u00e7\u0131k U\u00e7lu Bir Sokrates Zamandizini <\/p>\n","protected":false},"excerpt":{"rendered":"<p>Nazile Kalayc\u0131 ve Hakan Y\u00fccefer\u2019in haz\u0131rlad\u0131\u011f\u0131 Sokrates \u00d6zel Say\u0131s\u0131, tarihsel \u201cSokrates problemi\u201dni, Sokrates\u2019in felsefesini ve felsefe y\u00f6ntemini, Sokrates\u2019in felsefe tarihi boyunca al\u0131mlan\u0131\u015f\u0131n\u0131 ara\u015ft\u0131ran ve tart\u0131\u015fan \u00f6zg\u00fcn<span class=\"excerpt-hellip\"> [\u2026]<\/span><\/p>\n","protected":false},"featured_media":0,"template":"","meta":{"_monsterinsights_skip_tracking":false,"_monsterinsights_sitenote_active":false,"_monsterinsights_sitenote_note":"","_monsterinsights_sitenote_category":0},"product_brand":[],"product_cat":[30023,13527],"product_tag":[],"class_list":{"0":"post-755264","1":"product","2":"type-product","3":"status-publish","5":"product_cat-edebiyat-sureli-yayinlar","6":"product_cat-sureli-yayinlar","7":"pa_cilt-ciltsiz","8":"pa_tur-dergi","9":"pa_yayinevi-yapi-kredi-yayinlari-dergi","10":"pa_yazar-kolektif","12":"first","13":"instock","14":"sale","15":"shipping-taxable","16":"purchasable","17":"product-type-simple"},"_links":{"self":[{"href":"https:\/\/roveyayinevi.com.tr\/index.php\/wp-json\/wp\/v2\/product\/755264","targetHints":{"allow":["GET"]}}],"collection":[{"href":"https:\/\/roveyayinevi.com.tr\/index.php\/wp-json\/wp\/v2\/product"}],"about":[{"href":"https:\/\/roveyayinevi.com.tr\/index.php\/wp-json\/wp\/v2\/types\/product"}],"wp:attachment":[{"href":"https:\/\/roveyayinevi.com.tr\/index.php\/wp-json\/wp\/v2\/media?parent=755264"}],"wp:term":[{"taxonomy":"product_brand","embeddable":true,"href":"https:\/\/roveyayinevi.com.tr\/index.php\/wp-json\/wp\/v2\/product_brand?post=755264"},{"taxonomy":"product_cat","embeddable":true,"href":"https:\/\/roveyayinevi.com.tr\/index.php\/wp-json\/wp\/v2\/product_cat?post=755264"},{"taxonomy":"product_tag","embeddable":true,"href":"https:\/\/roveyayinevi.com.tr\/index.php\/wp-json\/wp\/v2\/product_tag?post=755264"}],"curies":[{"name":"wp","href":"https:\/\/api.w.org\/{rel}","templated":true}]}}