{"id":755186,"date":"2025-08-28T06:32:44","date_gmt":"2025-08-28T03:32:44","guid":{"rendered":"https:\/\/roveyayinevi.com.tr\/index.php\/urun\/felsefenin-kokeni-ve-gelecegi\/"},"modified":"2026-04-16T03:08:23","modified_gmt":"2026-04-16T00:08:23","slug":"felsefenin-kokeni-ve-gelecegi","status":"publish","type":"product","link":"https:\/\/roveyayinevi.com.tr\/index.php\/urun\/felsefenin-kokeni-ve-gelecegi\/","title":{"rendered":"Felsefenin K\u00f6keni ve Gelece\u011fi"},"content":{"rendered":"<p>\u201cG\u00fcn\u00fcm\u00fcz bireyi, ilk etapta felsefeyi, toplum i\u00e7inde kamusal bir kullan\u0131m ve kurum olarak, dolay\u0131s\u0131yla da her muayyen bireyin d\u0131\u015f\u0131nda bulur. Onu gayri\u015fahsi toplumun i\u00e7inde bulur. Ne var ki toplum, oldu\u011fu haliyle felsefeyle me\u015fgul olmazd\u0131; \u015fayet onu kendi d\u0131\u015f\u0131nda, belli ba\u015fl\u0131 bireyler i\u00e7inde zaten mamul vaziyette bulmam\u0131\u015f olsayd\u0131, mekanik bir bi\u00e7imde ayakta tutmazd\u0131. Onu yapanlar, onu yaratanlar bu bireylerdir. Onu yaratm\u0131\u015flard\u0131r, \u00e7\u00fcnk\u00fc her biri kendi hesab\u0131na ona gereksinim duymu\u015ftur. Felsefe yapmak ad\u0131na yarat\u0131c\u0131 bireyin duydu\u011fu bu gereksinim \u00f6zg\u00fcn ve orijinaldir.  Felsefenin k\u00f6keni ve onun \u00f6zg\u00fcnl\u00fc\u011f\u00fc yahut esasl\u0131 ger\u00e7ekli\u011fi, toplumda de\u011fil bu yarat\u0131c\u0131 bireyin i\u00e7indedir.\u201dGe\u00e7ti\u011fimiz y\u00fczy\u0131l\u0131n en b\u00fcy\u00fck d\u00fc\u015f\u00fcn\u00fcrlerinden Jos\u00e9 Ortega y Gasset, bir di\u011fer b\u00fcy\u00fck \u0130spanyol felsefeci Juli\u00e1n Mar\u00edas\u2019\u0131n felsefe tarihi i\u00e7in bir \u00f6ns\u00f6z kaleme alm\u0131\u015ft\u0131. Bu felsefi \u00e7aba giderek geni\u015fledi, \u00f6ns\u00f6z metninin s\u0131n\u0131rlar\u0131n\u0131 a\u015ft\u0131 ve size sundu\u011fumuz bu m\u00fcstakil kitaba d\u00f6n\u00fc\u015ft\u00fc. Felsefenin K\u00f6keni ve Gelece\u011fi, felsefe tarihinin ve ge\u00e7mi\u015f felsefelerin al\u0131mlanma bi\u00e7imini sorgularken g\u00fcn\u00fcm\u00fczde felsefe yapman\u0131n ne anlama geldi\u011fi-ne de \u0131\u015f\u0131k tutuyor. Gelece\u011fin felsefesinin nas\u0131l kurulaca\u011f\u0131n\u0131n ipu\u00e7lar\u0131n\u0131 veriyor.<\/p>\n","protected":false},"excerpt":{"rendered":"<p>\u201cG\u00fcn\u00fcm\u00fcz bireyi, ilk etapta felsefeyi, toplum i\u00e7inde kamusal bir kullan\u0131m ve kurum olarak, dolay\u0131s\u0131yla da her muayyen bireyin d\u0131\u015f\u0131nda bulur. Onu gayri\u015fahsi toplumun i\u00e7inde bulur. Ne<span class=\"excerpt-hellip\"> [\u2026]<\/span><\/p>\n","protected":false},"featured_media":0,"template":"","meta":{"_monsterinsights_skip_tracking":false,"_monsterinsights_sitenote_active":false,"_monsterinsights_sitenote_note":"","_monsterinsights_sitenote_category":0},"product_brand":[],"product_cat":[12388,14717],"product_tag":[],"class_list":{"0":"post-755186","1":"product","2":"type-product","3":"status-publish","5":"product_cat-felsefe","6":"product_cat-felsefe-tarihi","7":"pa_cilt-ciltsiz","8":"pa_tur-kitap","9":"pa_yayinevi-babil-kitap","10":"pa_yazar-jose-ortega-y-gasset","12":"first","13":"instock","14":"sale","15":"shipping-taxable","16":"purchasable","17":"product-type-simple"},"_links":{"self":[{"href":"https:\/\/roveyayinevi.com.tr\/index.php\/wp-json\/wp\/v2\/product\/755186","targetHints":{"allow":["GET"]}}],"collection":[{"href":"https:\/\/roveyayinevi.com.tr\/index.php\/wp-json\/wp\/v2\/product"}],"about":[{"href":"https:\/\/roveyayinevi.com.tr\/index.php\/wp-json\/wp\/v2\/types\/product"}],"wp:attachment":[{"href":"https:\/\/roveyayinevi.com.tr\/index.php\/wp-json\/wp\/v2\/media?parent=755186"}],"wp:term":[{"taxonomy":"product_brand","embeddable":true,"href":"https:\/\/roveyayinevi.com.tr\/index.php\/wp-json\/wp\/v2\/product_brand?post=755186"},{"taxonomy":"product_cat","embeddable":true,"href":"https:\/\/roveyayinevi.com.tr\/index.php\/wp-json\/wp\/v2\/product_cat?post=755186"},{"taxonomy":"product_tag","embeddable":true,"href":"https:\/\/roveyayinevi.com.tr\/index.php\/wp-json\/wp\/v2\/product_tag?post=755186"}],"curies":[{"name":"wp","href":"https:\/\/api.w.org\/{rel}","templated":true}]}}